{"id":1037,"date":"2024-07-17T10:06:13","date_gmt":"2024-07-17T10:06:13","guid":{"rendered":"https:\/\/sandalio.org\/sw\/?page_id=1037"},"modified":"2024-07-17T10:08:06","modified_gmt":"2024-07-17T10:08:06","slug":"blog","status":"publish","type":"page","link":"https:\/\/sandalio.org\/sw\/blog\/","title":{"rendered":"Blog"},"content":{"rendered":"\t\t<div data-elementor-type=\"wp-page\" data-elementor-id=\"1037\" class=\"elementor elementor-1037\" data-elementor-post-type=\"page\">\n\t\t\t\t\t\t<section class=\"elementor-section elementor-top-section elementor-element elementor-element-272b31d elementor-section-boxed elementor-section-height-default elementor-section-height-default\" data-id=\"272b31d\" data-element_type=\"section\" data-e-type=\"section\">\n\t\t\t\t\t\t<div class=\"elementor-container elementor-column-gap-default\">\n\t\t\t\t\t<div class=\"elementor-column elementor-col-100 elementor-top-column elementor-element elementor-element-269ae60\" data-id=\"269ae60\" data-element_type=\"column\" data-e-type=\"column\">\n\t\t\t<div class=\"elementor-widget-wrap\">\n\t\t\t\t\t\t\t<\/div>\n\t\t<\/div>\n\t\t\t\t\t<\/div>\n\t\t<\/section>\n\t\t\t\t<section class=\"elementor-section elementor-top-section elementor-element elementor-element-ef9e4a2 elementor-section-boxed elementor-section-height-default elementor-section-height-default\" data-id=\"ef9e4a2\" data-element_type=\"section\" data-e-type=\"section\">\n\t\t\t\t\t\t<div class=\"elementor-container elementor-column-gap-default\">\n\t\t\t\t\t<div class=\"elementor-column elementor-col-100 elementor-top-column elementor-element elementor-element-9d22989\" data-id=\"9d22989\" data-element_type=\"column\" data-e-type=\"column\">\n\t\t\t<div class=\"elementor-widget-wrap elementor-element-populated\">\n\t\t\t\t\t\t<div class=\"elementor-element elementor-element-50e3364 elementor-grid-3 elementor-grid-tablet-2 elementor-grid-mobile-1 elementor-posts--thumbnail-top elementor-card-shadow-yes elementor-posts__hover-gradient elementor-widget elementor-widget-posts\" data-id=\"50e3364\" data-element_type=\"widget\" data-e-type=\"widget\" data-settings=\"{&quot;pagination_type&quot;:&quot;numbers_and_prev_next&quot;,&quot;cards_columns&quot;:&quot;3&quot;,&quot;cards_columns_tablet&quot;:&quot;2&quot;,&quot;cards_columns_mobile&quot;:&quot;1&quot;,&quot;cards_row_gap&quot;:{&quot;unit&quot;:&quot;px&quot;,&quot;size&quot;:35,&quot;sizes&quot;:[]},&quot;cards_row_gap_tablet&quot;:{&quot;unit&quot;:&quot;px&quot;,&quot;size&quot;:&quot;&quot;,&quot;sizes&quot;:[]},&quot;cards_row_gap_mobile&quot;:{&quot;unit&quot;:&quot;px&quot;,&quot;size&quot;:&quot;&quot;,&quot;sizes&quot;:[]}}\" data-widget_type=\"posts.cards\">\n\t\t\t\t<div class=\"elementor-widget-container\">\n\t\t\t\t\t\t\t<div class=\"elementor-posts-container elementor-posts elementor-posts--skin-cards elementor-grid\" role=\"list\">\n\t\t\t\t<article class=\"elementor-post elementor-grid-item post-981 post type-post status-publish format-standard has-post-thumbnail hentry category-anuncio\" role=\"listitem\">\n\t\t\t<div class=\"elementor-post__card\">\n\t\t\t\t<a class=\"elementor-post__thumbnail__link\" href=\"https:\/\/sandalio.org\/sw\/2024\/03\/04\/una-tarde-con-sandalio-libros-que-trazan-rutas-de-vida\/\" tabindex=\"-1\" ><div class=\"elementor-post__thumbnail\"><img fetchpriority=\"high\" decoding=\"async\" data-attachment-id=\"992\" data-permalink=\"https:\/\/sandalio.org\/sw\/2024\/03\/04\/una-tarde-con-sandalio-libros-que-trazan-rutas-de-vida\/presentacion-2\/\" data-orig-file=\"https:\/\/i0.wp.com\/sandalio.org\/sw\/wp-content\/uploads\/2024\/03\/presentacion-1-e1709591032274.png?fit=625%2C292&amp;ssl=1\" data-orig-size=\"625,292\" data-comments-opened=\"1\" data-image-meta=\"{&quot;aperture&quot;:&quot;0&quot;,&quot;credit&quot;:&quot;&quot;,&quot;camera&quot;:&quot;&quot;,&quot;caption&quot;:&quot;&quot;,&quot;created_timestamp&quot;:&quot;0&quot;,&quot;copyright&quot;:&quot;&quot;,&quot;focal_length&quot;:&quot;0&quot;,&quot;iso&quot;:&quot;0&quot;,&quot;shutter_speed&quot;:&quot;0&quot;,&quot;title&quot;:&quot;&quot;,&quot;orientation&quot;:&quot;0&quot;}\" data-image-title=\"presentacion\" data-image-description=\"\" data-image-caption=\"\" data-large-file=\"https:\/\/i0.wp.com\/sandalio.org\/sw\/wp-content\/uploads\/2024\/03\/presentacion-1-e1709591032274.png?fit=625%2C292&amp;ssl=1\" width=\"625\" height=\"292\" src=\"https:\/\/i0.wp.com\/sandalio.org\/sw\/wp-content\/uploads\/2024\/03\/presentacion-1-e1709591032274.png?fit=625%2C292&amp;ssl=1\" class=\"attachment-medium_large size-medium_large wp-image-992\" alt=\"\" srcset=\"https:\/\/i0.wp.com\/sandalio.org\/sw\/wp-content\/uploads\/2024\/03\/presentacion-1-e1709591032274.png?w=625&amp;ssl=1 625w, https:\/\/i0.wp.com\/sandalio.org\/sw\/wp-content\/uploads\/2024\/03\/presentacion-1-e1709591032274.png?resize=300%2C140&amp;ssl=1 300w\" sizes=\"(max-width: 625px) 100vw, 625px\" data-attachment-id=\"992\" data-permalink=\"https:\/\/sandalio.org\/sw\/2024\/03\/04\/una-tarde-con-sandalio-libros-que-trazan-rutas-de-vida\/presentacion-2\/\" data-orig-file=\"https:\/\/i0.wp.com\/sandalio.org\/sw\/wp-content\/uploads\/2024\/03\/presentacion-1-e1709591032274.png?fit=625%2C292&amp;ssl=1\" data-orig-size=\"625,292\" data-comments-opened=\"1\" data-image-meta=\"{&quot;aperture&quot;:&quot;0&quot;,&quot;credit&quot;:&quot;&quot;,&quot;camera&quot;:&quot;&quot;,&quot;caption&quot;:&quot;&quot;,&quot;created_timestamp&quot;:&quot;0&quot;,&quot;copyright&quot;:&quot;&quot;,&quot;focal_length&quot;:&quot;0&quot;,&quot;iso&quot;:&quot;0&quot;,&quot;shutter_speed&quot;:&quot;0&quot;,&quot;title&quot;:&quot;&quot;,&quot;orientation&quot;:&quot;0&quot;}\" data-image-title=\"presentacion\" data-image-description=\"\" data-image-caption=\"\" data-large-file=\"https:\/\/i0.wp.com\/sandalio.org\/sw\/wp-content\/uploads\/2024\/03\/presentacion-1-e1709591032274.png?fit=625%2C292&amp;ssl=1\" \/><\/div><\/a>\n\t\t\t\t<div class=\"elementor-post__badge\">ANUNCIO<\/div>\n\t\t\t\t<div class=\"elementor-post__text\">\n\t\t\t\t<h3 class=\"elementor-post__title\">\n\t\t\t<a href=\"https:\/\/sandalio.org\/sw\/2024\/03\/04\/una-tarde-con-sandalio-libros-que-trazan-rutas-de-vida\/\" >\n\t\t\t\tUna tarde con Sandalio: Libros que trazan rutas de vida\t\t\t<\/a>\n\t\t<\/h3>\n\t\t\t\t<div class=\"elementor-post__excerpt\">\n\t\t\t<p>\ud83d\udcda\u2728 Luis Campuzano, m\u00e1s conocido como Sandalio, nos invita a un viaje literario en la Casa de Cultura Hermilio Alcalde del R\u00edo. Descubre los caminos<\/p>\n\t\t<\/div>\n\t\t\n\t\t<a class=\"elementor-post__read-more\" href=\"https:\/\/sandalio.org\/sw\/2024\/03\/04\/una-tarde-con-sandalio-libros-que-trazan-rutas-de-vida\/\" aria-label=\"M\u00e1s informaci\u00f3n sobre Una tarde con Sandalio: Libros que trazan rutas de vida\" tabindex=\"-1\" >\n\t\t\tLeer m\u00e1s \u00bb\t\t<\/a>\n\n\t\t\t\t<\/div>\n\t\t\t\t<div class=\"elementor-post__meta-data\">\n\t\t\t\t\t<span class=\"elementor-post-date\">\n\t\t\t4 marzo, 2024\t\t<\/span>\n\t\t\t\t<span class=\"elementor-post-avatar\">\n\t\t\tNo hay comentarios\t\t<\/span>\n\t\t\t\t<\/div>\n\t\t\t\t\t<\/div>\n\t\t<\/article>\n\t\t\t\t<article class=\"elementor-post elementor-grid-item post-974 post type-post status-publish format-standard has-post-thumbnail hentry category-blog\" role=\"listitem\">\n\t\t\t<div class=\"elementor-post__card\">\n\t\t\t\t<a class=\"elementor-post__thumbnail__link\" href=\"https:\/\/sandalio.org\/sw\/2024\/03\/04\/voces-por-gaza-un-grito-contra-el-silencio-y-la-complicidad\/\" tabindex=\"-1\" ><div class=\"elementor-post__thumbnail\"><img decoding=\"async\" data-attachment-id=\"975\" data-permalink=\"https:\/\/sandalio.org\/sw\/2024\/03\/04\/voces-por-gaza-un-grito-contra-el-silencio-y-la-complicidad\/gaza_1\/\" data-orig-file=\"https:\/\/i0.wp.com\/sandalio.org\/sw\/wp-content\/uploads\/2024\/03\/Gaza_1-scaled.jpg?fit=2560%2C1920&amp;ssl=1\" data-orig-size=\"2560,1920\" data-comments-opened=\"1\" data-image-meta=\"{&quot;aperture&quot;:&quot;3.2&quot;,&quot;credit&quot;:&quot;&quot;,&quot;camera&quot;:&quot;COOLPIX S2900&quot;,&quot;caption&quot;:&quot;&quot;,&quot;created_timestamp&quot;:&quot;1708787462&quot;,&quot;copyright&quot;:&quot;&quot;,&quot;focal_length&quot;:&quot;4.6&quot;,&quot;iso&quot;:&quot;80&quot;,&quot;shutter_speed&quot;:&quot;0.0025&quot;,&quot;title&quot;:&quot;&quot;,&quot;orientation&quot;:&quot;1&quot;}\" data-image-title=\"Gaza_1\" data-image-description=\"\" data-image-caption=\"\" data-large-file=\"https:\/\/i0.wp.com\/sandalio.org\/sw\/wp-content\/uploads\/2024\/03\/Gaza_1-scaled.jpg?fit=800%2C600&amp;ssl=1\" width=\"768\" height=\"576\" src=\"https:\/\/i0.wp.com\/sandalio.org\/sw\/wp-content\/uploads\/2024\/03\/Gaza_1-scaled.jpg?fit=768%2C576&amp;ssl=1\" class=\"attachment-medium_large size-medium_large wp-image-975\" alt=\"Un Grito Contra el Silencio\" srcset=\"https:\/\/i0.wp.com\/sandalio.org\/sw\/wp-content\/uploads\/2024\/03\/Gaza_1-scaled.jpg?w=2560&amp;ssl=1 2560w, https:\/\/i0.wp.com\/sandalio.org\/sw\/wp-content\/uploads\/2024\/03\/Gaza_1-scaled.jpg?resize=300%2C225&amp;ssl=1 300w, https:\/\/i0.wp.com\/sandalio.org\/sw\/wp-content\/uploads\/2024\/03\/Gaza_1-scaled.jpg?resize=1024%2C768&amp;ssl=1 1024w, https:\/\/i0.wp.com\/sandalio.org\/sw\/wp-content\/uploads\/2024\/03\/Gaza_1-scaled.jpg?resize=768%2C576&amp;ssl=1 768w, https:\/\/i0.wp.com\/sandalio.org\/sw\/wp-content\/uploads\/2024\/03\/Gaza_1-scaled.jpg?resize=1536%2C1152&amp;ssl=1 1536w, https:\/\/i0.wp.com\/sandalio.org\/sw\/wp-content\/uploads\/2024\/03\/Gaza_1-scaled.jpg?resize=2048%2C1536&amp;ssl=1 2048w, https:\/\/i0.wp.com\/sandalio.org\/sw\/wp-content\/uploads\/2024\/03\/Gaza_1-scaled.jpg?w=1600&amp;ssl=1 1600w, https:\/\/i0.wp.com\/sandalio.org\/sw\/wp-content\/uploads\/2024\/03\/Gaza_1-scaled.jpg?w=2400&amp;ssl=1 2400w\" sizes=\"(max-width: 768px) 100vw, 768px\" data-attachment-id=\"975\" data-permalink=\"https:\/\/sandalio.org\/sw\/2024\/03\/04\/voces-por-gaza-un-grito-contra-el-silencio-y-la-complicidad\/gaza_1\/\" data-orig-file=\"https:\/\/i0.wp.com\/sandalio.org\/sw\/wp-content\/uploads\/2024\/03\/Gaza_1-scaled.jpg?fit=2560%2C1920&amp;ssl=1\" data-orig-size=\"2560,1920\" data-comments-opened=\"1\" data-image-meta=\"{&quot;aperture&quot;:&quot;3.2&quot;,&quot;credit&quot;:&quot;&quot;,&quot;camera&quot;:&quot;COOLPIX S2900&quot;,&quot;caption&quot;:&quot;&quot;,&quot;created_timestamp&quot;:&quot;1708787462&quot;,&quot;copyright&quot;:&quot;&quot;,&quot;focal_length&quot;:&quot;4.6&quot;,&quot;iso&quot;:&quot;80&quot;,&quot;shutter_speed&quot;:&quot;0.0025&quot;,&quot;title&quot;:&quot;&quot;,&quot;orientation&quot;:&quot;1&quot;}\" data-image-title=\"Gaza_1\" data-image-description=\"\" data-image-caption=\"\" data-large-file=\"https:\/\/i0.wp.com\/sandalio.org\/sw\/wp-content\/uploads\/2024\/03\/Gaza_1-scaled.jpg?fit=800%2C600&amp;ssl=1\" \/><\/div><\/a>\n\t\t\t\t<div class=\"elementor-post__badge\">Blog<\/div>\n\t\t\t\t<div class=\"elementor-post__text\">\n\t\t\t\t<h3 class=\"elementor-post__title\">\n\t\t\t<a href=\"https:\/\/sandalio.org\/sw\/2024\/03\/04\/voces-por-gaza-un-grito-contra-el-silencio-y-la-complicidad\/\" >\n\t\t\t\tVoces por Gaza: Un Grito Contra el Silencio y la Complicidad\t\t\t<\/a>\n\t\t<\/h3>\n\t\t\t\t<div class=\"elementor-post__excerpt\">\n\t\t\t<p>En un mundo a menudo oscurecido por titulares y ret\u00f3rica pol\u00edtica, las calles se convierten en un lienzo para aquellos sin voz. La reciente manifestaci\u00f3n<\/p>\n\t\t<\/div>\n\t\t\n\t\t<a class=\"elementor-post__read-more\" href=\"https:\/\/sandalio.org\/sw\/2024\/03\/04\/voces-por-gaza-un-grito-contra-el-silencio-y-la-complicidad\/\" aria-label=\"M\u00e1s informaci\u00f3n sobre Voces por Gaza: Un Grito Contra el Silencio y la Complicidad\" tabindex=\"-1\" >\n\t\t\tLeer m\u00e1s \u00bb\t\t<\/a>\n\n\t\t\t\t<\/div>\n\t\t\t\t<div class=\"elementor-post__meta-data\">\n\t\t\t\t\t<span class=\"elementor-post-date\">\n\t\t\t4 marzo, 2024\t\t<\/span>\n\t\t\t\t<span class=\"elementor-post-avatar\">\n\t\t\tNo hay comentarios\t\t<\/span>\n\t\t\t\t<\/div>\n\t\t\t\t\t<\/div>\n\t\t<\/article>\n\t\t\t\t<article class=\"elementor-post elementor-grid-item post-894 post type-post status-publish format-standard has-post-thumbnail hentry category-espiritualidad\" role=\"listitem\">\n\t\t\t<div class=\"elementor-post__card\">\n\t\t\t\t<a class=\"elementor-post__thumbnail__link\" href=\"https:\/\/sandalio.org\/sw\/2022\/05\/09\/en-el-camino-de-la-vida\/\" tabindex=\"-1\" ><div class=\"elementor-post__thumbnail\"><img decoding=\"async\" data-attachment-id=\"895\" data-permalink=\"https:\/\/sandalio.org\/sw\/2022\/05\/09\/en-el-camino-de-la-vida\/sandalio_encuentro_1\/\" data-orig-file=\"https:\/\/i0.wp.com\/sandalio.org\/sw\/wp-content\/uploads\/2022\/05\/SANDALIO_ENCUENTRO_1.png?fit=3751%2C2084&amp;ssl=1\" data-orig-size=\"3751,2084\" data-comments-opened=\"1\" data-image-meta=\"{&quot;aperture&quot;:&quot;0&quot;,&quot;credit&quot;:&quot;&quot;,&quot;camera&quot;:&quot;&quot;,&quot;caption&quot;:&quot;&quot;,&quot;created_timestamp&quot;:&quot;0&quot;,&quot;copyright&quot;:&quot;&quot;,&quot;focal_length&quot;:&quot;0&quot;,&quot;iso&quot;:&quot;0&quot;,&quot;shutter_speed&quot;:&quot;0&quot;,&quot;title&quot;:&quot;&quot;,&quot;orientation&quot;:&quot;0&quot;}\" data-image-title=\"SANDALIO_ENCUENTRO_1\" data-image-description=\"\" data-image-caption=\"\" data-large-file=\"https:\/\/i0.wp.com\/sandalio.org\/sw\/wp-content\/uploads\/2022\/05\/SANDALIO_ENCUENTRO_1.png?fit=800%2C445&amp;ssl=1\" width=\"768\" height=\"427\" src=\"https:\/\/i0.wp.com\/sandalio.org\/sw\/wp-content\/uploads\/2022\/05\/SANDALIO_ENCUENTRO_1.png?fit=768%2C427&amp;ssl=1\" class=\"attachment-medium_large size-medium_large wp-image-895\" alt=\"\" srcset=\"https:\/\/i0.wp.com\/sandalio.org\/sw\/wp-content\/uploads\/2022\/05\/SANDALIO_ENCUENTRO_1.png?w=3751&amp;ssl=1 3751w, https:\/\/i0.wp.com\/sandalio.org\/sw\/wp-content\/uploads\/2022\/05\/SANDALIO_ENCUENTRO_1.png?resize=300%2C167&amp;ssl=1 300w, https:\/\/i0.wp.com\/sandalio.org\/sw\/wp-content\/uploads\/2022\/05\/SANDALIO_ENCUENTRO_1.png?resize=1024%2C569&amp;ssl=1 1024w, https:\/\/i0.wp.com\/sandalio.org\/sw\/wp-content\/uploads\/2022\/05\/SANDALIO_ENCUENTRO_1.png?resize=768%2C427&amp;ssl=1 768w, https:\/\/i0.wp.com\/sandalio.org\/sw\/wp-content\/uploads\/2022\/05\/SANDALIO_ENCUENTRO_1.png?resize=1536%2C853&amp;ssl=1 1536w, https:\/\/i0.wp.com\/sandalio.org\/sw\/wp-content\/uploads\/2022\/05\/SANDALIO_ENCUENTRO_1.png?resize=2048%2C1138&amp;ssl=1 2048w, https:\/\/i0.wp.com\/sandalio.org\/sw\/wp-content\/uploads\/2022\/05\/SANDALIO_ENCUENTRO_1.png?w=1600&amp;ssl=1 1600w, https:\/\/i0.wp.com\/sandalio.org\/sw\/wp-content\/uploads\/2022\/05\/SANDALIO_ENCUENTRO_1.png?w=2400&amp;ssl=1 2400w\" sizes=\"(max-width: 768px) 100vw, 768px\" data-attachment-id=\"895\" data-permalink=\"https:\/\/sandalio.org\/sw\/2022\/05\/09\/en-el-camino-de-la-vida\/sandalio_encuentro_1\/\" data-orig-file=\"https:\/\/i0.wp.com\/sandalio.org\/sw\/wp-content\/uploads\/2022\/05\/SANDALIO_ENCUENTRO_1.png?fit=3751%2C2084&amp;ssl=1\" data-orig-size=\"3751,2084\" data-comments-opened=\"1\" data-image-meta=\"{&quot;aperture&quot;:&quot;0&quot;,&quot;credit&quot;:&quot;&quot;,&quot;camera&quot;:&quot;&quot;,&quot;caption&quot;:&quot;&quot;,&quot;created_timestamp&quot;:&quot;0&quot;,&quot;copyright&quot;:&quot;&quot;,&quot;focal_length&quot;:&quot;0&quot;,&quot;iso&quot;:&quot;0&quot;,&quot;shutter_speed&quot;:&quot;0&quot;,&quot;title&quot;:&quot;&quot;,&quot;orientation&quot;:&quot;0&quot;}\" data-image-title=\"SANDALIO_ENCUENTRO_1\" data-image-description=\"\" data-image-caption=\"\" data-large-file=\"https:\/\/i0.wp.com\/sandalio.org\/sw\/wp-content\/uploads\/2022\/05\/SANDALIO_ENCUENTRO_1.png?fit=800%2C445&amp;ssl=1\" \/><\/div><\/a>\n\t\t\t\t<div class=\"elementor-post__badge\">Escuela de Espiritualidad<\/div>\n\t\t\t\t<div class=\"elementor-post__text\">\n\t\t\t\t<h3 class=\"elementor-post__title\">\n\t\t\t<a href=\"https:\/\/sandalio.org\/sw\/2022\/05\/09\/en-el-camino-de-la-vida\/\" >\n\t\t\t\tEN EL CAMINO DE LA VIDA\t\t\t<\/a>\n\t\t<\/h3>\n\t\t\t\t<div class=\"elementor-post__excerpt\">\n\t\t\t<p>ENCUENTROS PARA ESTE VERANO Hola amig@s, desde nuestra casa de Lloreda, y confiando en que el virus nos va a permitir ya reencontrarnos con la<\/p>\n\t\t<\/div>\n\t\t\n\t\t<a class=\"elementor-post__read-more\" href=\"https:\/\/sandalio.org\/sw\/2022\/05\/09\/en-el-camino-de-la-vida\/\" aria-label=\"M\u00e1s informaci\u00f3n sobre EN EL CAMINO DE LA VIDA\" tabindex=\"-1\" >\n\t\t\tLeer m\u00e1s \u00bb\t\t<\/a>\n\n\t\t\t\t<\/div>\n\t\t\t\t<div class=\"elementor-post__meta-data\">\n\t\t\t\t\t<span class=\"elementor-post-date\">\n\t\t\t9 mayo, 2022\t\t<\/span>\n\t\t\t\t<span class=\"elementor-post-avatar\">\n\t\t\tNo hay comentarios\t\t<\/span>\n\t\t\t\t<\/div>\n\t\t\t\t\t<\/div>\n\t\t<\/article>\n\t\t\t\t<article class=\"elementor-post elementor-grid-item post-820 post type-post status-publish format-standard has-post-thumbnail hentry category-blog tag-amor tag-basta tag-guerra tag-paz tag-ucrania\" role=\"listitem\">\n\t\t\t<div class=\"elementor-post__card\">\n\t\t\t\t<a class=\"elementor-post__thumbnail__link\" href=\"https:\/\/sandalio.org\/sw\/2022\/03\/12\/bulo-ya-estamos-muy-cerca-de-la-paz\/\" tabindex=\"-1\" ><div class=\"elementor-post__thumbnail\"><img loading=\"lazy\" decoding=\"async\" data-attachment-id=\"821\" data-permalink=\"https:\/\/sandalio.org\/sw\/2022\/03\/12\/bulo-ya-estamos-muy-cerca-de-la-paz\/d29bd9ac-8839-4e1d-acd1-164d31fcc60d\/\" data-orig-file=\"https:\/\/i0.wp.com\/sandalio.org\/sw\/wp-content\/uploads\/2022\/03\/D29BD9AC-8839-4E1D-ACD1-164D31FCC60D.jpeg?fit=462%2C537&amp;ssl=1\" data-orig-size=\"462,537\" data-comments-opened=\"1\" data-image-meta=\"{&quot;aperture&quot;:&quot;0&quot;,&quot;credit&quot;:&quot;&quot;,&quot;camera&quot;:&quot;&quot;,&quot;caption&quot;:&quot;&quot;,&quot;created_timestamp&quot;:&quot;0&quot;,&quot;copyright&quot;:&quot;&quot;,&quot;focal_length&quot;:&quot;0&quot;,&quot;iso&quot;:&quot;0&quot;,&quot;shutter_speed&quot;:&quot;0&quot;,&quot;title&quot;:&quot;&quot;,&quot;orientation&quot;:&quot;1&quot;}\" data-image-title=\"D29BD9AC-8839-4E1D-ACD1-164D31FCC60D\" data-image-description=\"\" data-image-caption=\"\" data-large-file=\"https:\/\/i0.wp.com\/sandalio.org\/sw\/wp-content\/uploads\/2022\/03\/D29BD9AC-8839-4E1D-ACD1-164D31FCC60D.jpeg?fit=462%2C537&amp;ssl=1\" width=\"462\" height=\"537\" src=\"https:\/\/i0.wp.com\/sandalio.org\/sw\/wp-content\/uploads\/2022\/03\/D29BD9AC-8839-4E1D-ACD1-164D31FCC60D.jpeg?fit=462%2C537&amp;ssl=1\" class=\"attachment-medium_large size-medium_large wp-image-821\" alt=\"\" srcset=\"https:\/\/i0.wp.com\/sandalio.org\/sw\/wp-content\/uploads\/2022\/03\/D29BD9AC-8839-4E1D-ACD1-164D31FCC60D.jpeg?w=462&amp;ssl=1 462w, https:\/\/i0.wp.com\/sandalio.org\/sw\/wp-content\/uploads\/2022\/03\/D29BD9AC-8839-4E1D-ACD1-164D31FCC60D.jpeg?resize=258%2C300&amp;ssl=1 258w\" sizes=\"(max-width: 462px) 100vw, 462px\" data-attachment-id=\"821\" data-permalink=\"https:\/\/sandalio.org\/sw\/2022\/03\/12\/bulo-ya-estamos-muy-cerca-de-la-paz\/d29bd9ac-8839-4e1d-acd1-164d31fcc60d\/\" data-orig-file=\"https:\/\/i0.wp.com\/sandalio.org\/sw\/wp-content\/uploads\/2022\/03\/D29BD9AC-8839-4E1D-ACD1-164D31FCC60D.jpeg?fit=462%2C537&amp;ssl=1\" data-orig-size=\"462,537\" data-comments-opened=\"1\" data-image-meta=\"{&quot;aperture&quot;:&quot;0&quot;,&quot;credit&quot;:&quot;&quot;,&quot;camera&quot;:&quot;&quot;,&quot;caption&quot;:&quot;&quot;,&quot;created_timestamp&quot;:&quot;0&quot;,&quot;copyright&quot;:&quot;&quot;,&quot;focal_length&quot;:&quot;0&quot;,&quot;iso&quot;:&quot;0&quot;,&quot;shutter_speed&quot;:&quot;0&quot;,&quot;title&quot;:&quot;&quot;,&quot;orientation&quot;:&quot;1&quot;}\" data-image-title=\"D29BD9AC-8839-4E1D-ACD1-164D31FCC60D\" data-image-description=\"\" data-image-caption=\"\" data-large-file=\"https:\/\/i0.wp.com\/sandalio.org\/sw\/wp-content\/uploads\/2022\/03\/D29BD9AC-8839-4E1D-ACD1-164D31FCC60D.jpeg?fit=462%2C537&amp;ssl=1\" \/><\/div><\/a>\n\t\t\t\t<div class=\"elementor-post__badge\">Blog<\/div>\n\t\t\t\t<div class=\"elementor-post__text\">\n\t\t\t\t<h3 class=\"elementor-post__title\">\n\t\t\t<a href=\"https:\/\/sandalio.org\/sw\/2022\/03\/12\/bulo-ya-estamos-muy-cerca-de-la-paz\/\" >\n\t\t\t\tBULO: YA ESTAMOS MUY CERCA DE LA PAZ.\t\t\t<\/a>\n\t\t<\/h3>\n\t\t\t\t<div class=\"elementor-post__excerpt\">\n\t\t\t<p>Las \u00faltimas y sorprendentes noticias que nos llegan de Norteam\u00e9rica y de Bruselas\u00a0 nos confirman nuestros deseos m\u00e1s \u00edntimos, esos que no siempre estamos dispuestos<\/p>\n\t\t<\/div>\n\t\t\n\t\t<a class=\"elementor-post__read-more\" href=\"https:\/\/sandalio.org\/sw\/2022\/03\/12\/bulo-ya-estamos-muy-cerca-de-la-paz\/\" aria-label=\"M\u00e1s informaci\u00f3n sobre BULO: YA ESTAMOS MUY CERCA DE LA PAZ.\" tabindex=\"-1\" >\n\t\t\tLeer m\u00e1s \u00bb\t\t<\/a>\n\n\t\t\t\t<\/div>\n\t\t\t\t<div class=\"elementor-post__meta-data\">\n\t\t\t\t\t<span class=\"elementor-post-date\">\n\t\t\t12 marzo, 2022\t\t<\/span>\n\t\t\t\t<span class=\"elementor-post-avatar\">\n\t\t\tNo hay comentarios\t\t<\/span>\n\t\t\t\t<\/div>\n\t\t\t\t\t<\/div>\n\t\t<\/article>\n\t\t\t\t<article class=\"elementor-post elementor-grid-item post-265 post type-post status-publish format-standard has-post-thumbnail hentry category-hospitalidad\" role=\"listitem\">\n\t\t\t<div class=\"elementor-post__card\">\n\t\t\t\t<a class=\"elementor-post__thumbnail__link\" href=\"https:\/\/sandalio.org\/sw\/2020\/08\/25\/inauguracion-de-la-casa-de-todos-2013\/\" tabindex=\"-1\" ><div class=\"elementor-post__thumbnail\"><img loading=\"lazy\" decoding=\"async\" data-attachment-id=\"266\" data-permalink=\"https:\/\/sandalio.org\/sw\/2020\/08\/25\/inauguracion-de-la-casa-de-todos-2013\/video\/\" data-orig-file=\"https:\/\/i0.wp.com\/sandalio.org\/sw\/wp-content\/uploads\/2020\/08\/video.png?fit=1794%2C932&amp;ssl=1\" data-orig-size=\"1794,932\" data-comments-opened=\"1\" data-image-meta=\"{&quot;aperture&quot;:&quot;0&quot;,&quot;credit&quot;:&quot;&quot;,&quot;camera&quot;:&quot;&quot;,&quot;caption&quot;:&quot;&quot;,&quot;created_timestamp&quot;:&quot;0&quot;,&quot;copyright&quot;:&quot;&quot;,&quot;focal_length&quot;:&quot;0&quot;,&quot;iso&quot;:&quot;0&quot;,&quot;shutter_speed&quot;:&quot;0&quot;,&quot;title&quot;:&quot;&quot;,&quot;orientation&quot;:&quot;0&quot;}\" data-image-title=\"video\" data-image-description=\"\" data-image-caption=\"\" data-large-file=\"https:\/\/i0.wp.com\/sandalio.org\/sw\/wp-content\/uploads\/2020\/08\/video.png?fit=800%2C416&amp;ssl=1\" width=\"768\" height=\"399\" src=\"https:\/\/i0.wp.com\/sandalio.org\/sw\/wp-content\/uploads\/2020\/08\/video.png?fit=768%2C399&amp;ssl=1\" class=\"attachment-medium_large size-medium_large wp-image-266\" alt=\"\" srcset=\"https:\/\/i0.wp.com\/sandalio.org\/sw\/wp-content\/uploads\/2020\/08\/video.png?w=1794&amp;ssl=1 1794w, https:\/\/i0.wp.com\/sandalio.org\/sw\/wp-content\/uploads\/2020\/08\/video.png?resize=300%2C156&amp;ssl=1 300w, https:\/\/i0.wp.com\/sandalio.org\/sw\/wp-content\/uploads\/2020\/08\/video.png?resize=1024%2C532&amp;ssl=1 1024w, https:\/\/i0.wp.com\/sandalio.org\/sw\/wp-content\/uploads\/2020\/08\/video.png?resize=768%2C399&amp;ssl=1 768w, https:\/\/i0.wp.com\/sandalio.org\/sw\/wp-content\/uploads\/2020\/08\/video.png?resize=1536%2C798&amp;ssl=1 1536w, https:\/\/i0.wp.com\/sandalio.org\/sw\/wp-content\/uploads\/2020\/08\/video.png?w=1600&amp;ssl=1 1600w\" sizes=\"(max-width: 768px) 100vw, 768px\" data-attachment-id=\"266\" data-permalink=\"https:\/\/sandalio.org\/sw\/2020\/08\/25\/inauguracion-de-la-casa-de-todos-2013\/video\/\" data-orig-file=\"https:\/\/i0.wp.com\/sandalio.org\/sw\/wp-content\/uploads\/2020\/08\/video.png?fit=1794%2C932&amp;ssl=1\" data-orig-size=\"1794,932\" data-comments-opened=\"1\" data-image-meta=\"{&quot;aperture&quot;:&quot;0&quot;,&quot;credit&quot;:&quot;&quot;,&quot;camera&quot;:&quot;&quot;,&quot;caption&quot;:&quot;&quot;,&quot;created_timestamp&quot;:&quot;0&quot;,&quot;copyright&quot;:&quot;&quot;,&quot;focal_length&quot;:&quot;0&quot;,&quot;iso&quot;:&quot;0&quot;,&quot;shutter_speed&quot;:&quot;0&quot;,&quot;title&quot;:&quot;&quot;,&quot;orientation&quot;:&quot;0&quot;}\" data-image-title=\"video\" data-image-description=\"\" data-image-caption=\"\" data-large-file=\"https:\/\/i0.wp.com\/sandalio.org\/sw\/wp-content\/uploads\/2020\/08\/video.png?fit=800%2C416&amp;ssl=1\" \/><\/div><\/a>\n\t\t\t\t<div class=\"elementor-post__badge\">Escuela de Hospitalidad<\/div>\n\t\t\t\t<div class=\"elementor-post__text\">\n\t\t\t\t<h3 class=\"elementor-post__title\">\n\t\t\t<a href=\"https:\/\/sandalio.org\/sw\/2020\/08\/25\/inauguracion-de-la-casa-de-todos-2013\/\" >\n\t\t\t\tINAUGURACI\u00d3N DE \u00abLA CASA DE TODOS\u00bb. 2013\t\t\t<\/a>\n\t\t<\/h3>\n\t\t\t\t<div class=\"elementor-post__excerpt\">\n\t\t\t<p>Inauguraci\u00f3n del 22 del agosto de 2013 de \u00abLA CASA DE TODOS\u00bb de la Asociaci\u00f3n Camino de Fe y Esperanza. Arquitecto: Miguel \u00c1ngel Montes. Desarrollador:<\/p>\n\t\t<\/div>\n\t\t\n\t\t<a class=\"elementor-post__read-more\" href=\"https:\/\/sandalio.org\/sw\/2020\/08\/25\/inauguracion-de-la-casa-de-todos-2013\/\" aria-label=\"M\u00e1s informaci\u00f3n sobre INAUGURACI\u00d3N DE \u00abLA CASA DE TODOS\u00bb. 2013\" tabindex=\"-1\" >\n\t\t\tLeer m\u00e1s \u00bb\t\t<\/a>\n\n\t\t\t\t<\/div>\n\t\t\t\t<div class=\"elementor-post__meta-data\">\n\t\t\t\t\t<span class=\"elementor-post-date\">\n\t\t\t25 agosto, 2020\t\t<\/span>\n\t\t\t\t<span class=\"elementor-post-avatar\">\n\t\t\tNo hay comentarios\t\t<\/span>\n\t\t\t\t<\/div>\n\t\t\t\t\t<\/div>\n\t\t<\/article>\n\t\t\t\t<article class=\"elementor-post elementor-grid-item post-241 post type-post status-publish format-standard has-post-thumbnail hentry category-general tag-presentacion tag-sandalio tag-website\" role=\"listitem\">\n\t\t\t<div class=\"elementor-post__card\">\n\t\t\t\t<a class=\"elementor-post__thumbnail__link\" href=\"https:\/\/sandalio.org\/sw\/2020\/08\/25\/presentacion-de-la-web\/\" tabindex=\"-1\" ><div class=\"elementor-post__thumbnail\"><img loading=\"lazy\" decoding=\"async\" data-attachment-id=\"243\" data-permalink=\"https:\/\/sandalio.org\/sw\/2020\/08\/25\/presentacion-de-la-web\/porsche-005\/\" data-orig-file=\"https:\/\/i0.wp.com\/sandalio.org\/sw\/wp-content\/uploads\/2020\/08\/porsche-005.jpg?fit=2048%2C1536&amp;ssl=1\" data-orig-size=\"2048,1536\" data-comments-opened=\"1\" data-image-meta=\"{&quot;aperture&quot;:&quot;0&quot;,&quot;credit&quot;:&quot;&quot;,&quot;camera&quot;:&quot;&quot;,&quot;caption&quot;:&quot;&quot;,&quot;created_timestamp&quot;:&quot;0&quot;,&quot;copyright&quot;:&quot;&quot;,&quot;focal_length&quot;:&quot;0&quot;,&quot;iso&quot;:&quot;0&quot;,&quot;shutter_speed&quot;:&quot;0&quot;,&quot;title&quot;:&quot;&quot;,&quot;orientation&quot;:&quot;0&quot;}\" data-image-title=\"porsche 005\" data-image-description=\"\" data-image-caption=\"\" data-large-file=\"https:\/\/i0.wp.com\/sandalio.org\/sw\/wp-content\/uploads\/2020\/08\/porsche-005.jpg?fit=800%2C600&amp;ssl=1\" width=\"768\" height=\"576\" src=\"https:\/\/i0.wp.com\/sandalio.org\/sw\/wp-content\/uploads\/2020\/08\/porsche-005.jpg?fit=768%2C576&amp;ssl=1\" class=\"attachment-medium_large size-medium_large wp-image-243\" alt=\"\" srcset=\"https:\/\/i0.wp.com\/sandalio.org\/sw\/wp-content\/uploads\/2020\/08\/porsche-005.jpg?w=2048&amp;ssl=1 2048w, https:\/\/i0.wp.com\/sandalio.org\/sw\/wp-content\/uploads\/2020\/08\/porsche-005.jpg?resize=300%2C225&amp;ssl=1 300w, https:\/\/i0.wp.com\/sandalio.org\/sw\/wp-content\/uploads\/2020\/08\/porsche-005.jpg?resize=1024%2C768&amp;ssl=1 1024w, https:\/\/i0.wp.com\/sandalio.org\/sw\/wp-content\/uploads\/2020\/08\/porsche-005.jpg?resize=768%2C576&amp;ssl=1 768w, https:\/\/i0.wp.com\/sandalio.org\/sw\/wp-content\/uploads\/2020\/08\/porsche-005.jpg?resize=1536%2C1152&amp;ssl=1 1536w, https:\/\/i0.wp.com\/sandalio.org\/sw\/wp-content\/uploads\/2020\/08\/porsche-005.jpg?w=1600&amp;ssl=1 1600w\" sizes=\"(max-width: 768px) 100vw, 768px\" data-attachment-id=\"243\" data-permalink=\"https:\/\/sandalio.org\/sw\/2020\/08\/25\/presentacion-de-la-web\/porsche-005\/\" data-orig-file=\"https:\/\/i0.wp.com\/sandalio.org\/sw\/wp-content\/uploads\/2020\/08\/porsche-005.jpg?fit=2048%2C1536&amp;ssl=1\" data-orig-size=\"2048,1536\" data-comments-opened=\"1\" data-image-meta=\"{&quot;aperture&quot;:&quot;0&quot;,&quot;credit&quot;:&quot;&quot;,&quot;camera&quot;:&quot;&quot;,&quot;caption&quot;:&quot;&quot;,&quot;created_timestamp&quot;:&quot;0&quot;,&quot;copyright&quot;:&quot;&quot;,&quot;focal_length&quot;:&quot;0&quot;,&quot;iso&quot;:&quot;0&quot;,&quot;shutter_speed&quot;:&quot;0&quot;,&quot;title&quot;:&quot;&quot;,&quot;orientation&quot;:&quot;0&quot;}\" data-image-title=\"porsche 005\" data-image-description=\"\" data-image-caption=\"\" data-large-file=\"https:\/\/i0.wp.com\/sandalio.org\/sw\/wp-content\/uploads\/2020\/08\/porsche-005.jpg?fit=800%2C600&amp;ssl=1\" \/><\/div><\/a>\n\t\t\t\t<div class=\"elementor-post__badge\">General<\/div>\n\t\t\t\t<div class=\"elementor-post__text\">\n\t\t\t\t<h3 class=\"elementor-post__title\">\n\t\t\t<a href=\"https:\/\/sandalio.org\/sw\/2020\/08\/25\/presentacion-de-la-web\/\" >\n\t\t\t\tPRESENTACI\u00d3N DE LA WEB\t\t\t<\/a>\n\t\t<\/h3>\n\t\t\t\t<div class=\"elementor-post__excerpt\">\n\t\t\t<p>Este espacio quiere presentar tanto las obras de Sandalio (la elecci\u00f3n del nombre para la web\u00a0no es tanto por protagonismo sino por facilidad para buscarlo<\/p>\n\t\t<\/div>\n\t\t\n\t\t<a class=\"elementor-post__read-more\" href=\"https:\/\/sandalio.org\/sw\/2020\/08\/25\/presentacion-de-la-web\/\" aria-label=\"M\u00e1s informaci\u00f3n sobre PRESENTACI\u00d3N DE LA WEB\" tabindex=\"-1\" >\n\t\t\tLeer m\u00e1s \u00bb\t\t<\/a>\n\n\t\t\t\t<\/div>\n\t\t\t\t<div class=\"elementor-post__meta-data\">\n\t\t\t\t\t<span class=\"elementor-post-date\">\n\t\t\t25 agosto, 2020\t\t<\/span>\n\t\t\t\t<span class=\"elementor-post-avatar\">\n\t\t\tNo hay comentarios\t\t<\/span>\n\t\t\t\t<\/div>\n\t\t\t\t\t<\/div>\n\t\t<\/article>\n\t\t\t\t<\/div>\n\t\t\n\t\t\t\t\t\t<\/div>\n\t\t\t\t<\/div>\n\t\t\t\t\t<\/div>\n\t\t<\/div>\n\t\t\t\t\t<\/div>\n\t\t<\/section>\n\t\t\t\t<\/div>\n\t\t","protected":false},"excerpt":{"rendered":"","protected":false},"author":1,"featured_media":1041,"parent":0,"menu_order":0,"comment_status":"closed","ping_status":"closed","template":"","meta":{"jetpack_post_was_ever_published":false,"footnotes":""},"class_list":["post-1037","page","type-page","status-publish","has-post-thumbnail","hentry"],"yoast_head":"<!-- This site is optimized with the Yoast SEO plugin v27.5 - https:\/\/yoast.com\/product\/yoast-seo-wordpress\/ -->\n<title>Blog - SANDALIO WEBSITE<\/title>\n<meta name=\"robots\" content=\"index, follow, max-snippet:-1, max-image-preview:large, max-video-preview:-1\" \/>\n<link rel=\"canonical\" href=\"https:\/\/sandalio.org\/sw\/blog\/\" \/>\n<meta property=\"og:locale\" content=\"es_ES\" \/>\n<meta property=\"og:type\" content=\"article\" \/>\n<meta property=\"og:title\" content=\"Blog - SANDALIO WEBSITE\" \/>\n<meta property=\"og:url\" content=\"https:\/\/sandalio.org\/sw\/blog\/\" \/>\n<meta property=\"og:site_name\" content=\"SANDALIO WEBSITE\" \/>\n<meta property=\"article:modified_time\" content=\"2024-07-17T10:08:06+00:00\" \/>\n<meta property=\"og:image\" content=\"https:\/\/sandalio.org\/sw\/wp-content\/uploads\/2024\/07\/blog-1.webp\" \/>\n\t<meta property=\"og:image:width\" content=\"1792\" \/>\n\t<meta property=\"og:image:height\" content=\"1024\" \/>\n\t<meta property=\"og:image:type\" content=\"image\/webp\" \/>\n<meta name=\"twitter:card\" content=\"summary_large_image\" \/>\n<meta name=\"twitter:label1\" content=\"Tiempo de lectura\" \/>\n\t<meta name=\"twitter:data1\" content=\"5 minutos\" \/>\n<script type=\"application\/ld+json\" class=\"yoast-schema-graph\">{\"@context\":\"https:\\\/\\\/schema.org\",\"@graph\":[{\"@type\":\"WebPage\",\"@id\":\"https:\\\/\\\/sandalio.org\\\/sw\\\/blog\\\/\",\"url\":\"https:\\\/\\\/sandalio.org\\\/sw\\\/blog\\\/\",\"name\":\"Blog - SANDALIO WEBSITE\",\"isPartOf\":{\"@id\":\"https:\\\/\\\/sandalio.org\\\/sw\\\/#website\"},\"primaryImageOfPage\":{\"@id\":\"https:\\\/\\\/sandalio.org\\\/sw\\\/blog\\\/#primaryimage\"},\"image\":{\"@id\":\"https:\\\/\\\/sandalio.org\\\/sw\\\/blog\\\/#primaryimage\"},\"thumbnailUrl\":\"https:\\\/\\\/i0.wp.com\\\/sandalio.org\\\/sw\\\/wp-content\\\/uploads\\\/2024\\\/07\\\/blog-1.webp?fit=1792%2C1024&ssl=1\",\"datePublished\":\"2024-07-17T10:06:13+00:00\",\"dateModified\":\"2024-07-17T10:08:06+00:00\",\"breadcrumb\":{\"@id\":\"https:\\\/\\\/sandalio.org\\\/sw\\\/blog\\\/#breadcrumb\"},\"inLanguage\":\"es\",\"potentialAction\":[{\"@type\":\"ReadAction\",\"target\":[\"https:\\\/\\\/sandalio.org\\\/sw\\\/blog\\\/\"]}]},{\"@type\":\"ImageObject\",\"inLanguage\":\"es\",\"@id\":\"https:\\\/\\\/sandalio.org\\\/sw\\\/blog\\\/#primaryimage\",\"url\":\"https:\\\/\\\/i0.wp.com\\\/sandalio.org\\\/sw\\\/wp-content\\\/uploads\\\/2024\\\/07\\\/blog-1.webp?fit=1792%2C1024&ssl=1\",\"contentUrl\":\"https:\\\/\\\/i0.wp.com\\\/sandalio.org\\\/sw\\\/wp-content\\\/uploads\\\/2024\\\/07\\\/blog-1.webp?fit=1792%2C1024&ssl=1\",\"width\":1792,\"height\":1024},{\"@type\":\"BreadcrumbList\",\"@id\":\"https:\\\/\\\/sandalio.org\\\/sw\\\/blog\\\/#breadcrumb\",\"itemListElement\":[{\"@type\":\"ListItem\",\"position\":1,\"name\":\"Portada\",\"item\":\"https:\\\/\\\/sandalio.org\\\/sw\\\/\"},{\"@type\":\"ListItem\",\"position\":2,\"name\":\"Blog\"}]},{\"@type\":\"WebSite\",\"@id\":\"https:\\\/\\\/sandalio.org\\\/sw\\\/#website\",\"url\":\"https:\\\/\\\/sandalio.org\\\/sw\\\/\",\"name\":\"SANDALIO WEBSITE\",\"description\":\"SANDALIO - LU\u00cdS CAMPUZANO\",\"publisher\":{\"@id\":\"https:\\\/\\\/sandalio.org\\\/sw\\\/#organization\"},\"potentialAction\":[{\"@type\":\"SearchAction\",\"target\":{\"@type\":\"EntryPoint\",\"urlTemplate\":\"https:\\\/\\\/sandalio.org\\\/sw\\\/?s={search_term_string}\"},\"query-input\":{\"@type\":\"PropertyValueSpecification\",\"valueRequired\":true,\"valueName\":\"search_term_string\"}}],\"inLanguage\":\"es\"},{\"@type\":\"Organization\",\"@id\":\"https:\\\/\\\/sandalio.org\\\/sw\\\/#organization\",\"name\":\"SANDALIO WEBSITE\",\"url\":\"https:\\\/\\\/sandalio.org\\\/sw\\\/\",\"logo\":{\"@type\":\"ImageObject\",\"inLanguage\":\"es\",\"@id\":\"https:\\\/\\\/sandalio.org\\\/sw\\\/#\\\/schema\\\/logo\\\/image\\\/\",\"url\":\"https:\\\/\\\/i0.wp.com\\\/sandalio.org\\\/sw\\\/wp-content\\\/uploads\\\/2019\\\/01\\\/logoasociacion_cdfye_web.png?fit=600%2C597&ssl=1\",\"contentUrl\":\"https:\\\/\\\/i0.wp.com\\\/sandalio.org\\\/sw\\\/wp-content\\\/uploads\\\/2019\\\/01\\\/logoasociacion_cdfye_web.png?fit=600%2C597&ssl=1\",\"width\":600,\"height\":597,\"caption\":\"SANDALIO WEBSITE\"},\"image\":{\"@id\":\"https:\\\/\\\/sandalio.org\\\/sw\\\/#\\\/schema\\\/logo\\\/image\\\/\"}}]}<\/script>\n<!-- \/ Yoast SEO plugin. -->","yoast_head_json":{"title":"Blog - SANDALIO WEBSITE","robots":{"index":"index","follow":"follow","max-snippet":"max-snippet:-1","max-image-preview":"max-image-preview:large","max-video-preview":"max-video-preview:-1"},"canonical":"https:\/\/sandalio.org\/sw\/blog\/","og_locale":"es_ES","og_type":"article","og_title":"Blog - SANDALIO WEBSITE","og_url":"https:\/\/sandalio.org\/sw\/blog\/","og_site_name":"SANDALIO WEBSITE","article_modified_time":"2024-07-17T10:08:06+00:00","og_image":[{"width":1792,"height":1024,"url":"https:\/\/sandalio.org\/sw\/wp-content\/uploads\/2024\/07\/blog-1.webp","type":"image\/webp"}],"twitter_card":"summary_large_image","twitter_misc":{"Tiempo de lectura":"5 minutos"},"schema":{"@context":"https:\/\/schema.org","@graph":[{"@type":"WebPage","@id":"https:\/\/sandalio.org\/sw\/blog\/","url":"https:\/\/sandalio.org\/sw\/blog\/","name":"Blog - SANDALIO WEBSITE","isPartOf":{"@id":"https:\/\/sandalio.org\/sw\/#website"},"primaryImageOfPage":{"@id":"https:\/\/sandalio.org\/sw\/blog\/#primaryimage"},"image":{"@id":"https:\/\/sandalio.org\/sw\/blog\/#primaryimage"},"thumbnailUrl":"https:\/\/i0.wp.com\/sandalio.org\/sw\/wp-content\/uploads\/2024\/07\/blog-1.webp?fit=1792%2C1024&ssl=1","datePublished":"2024-07-17T10:06:13+00:00","dateModified":"2024-07-17T10:08:06+00:00","breadcrumb":{"@id":"https:\/\/sandalio.org\/sw\/blog\/#breadcrumb"},"inLanguage":"es","potentialAction":[{"@type":"ReadAction","target":["https:\/\/sandalio.org\/sw\/blog\/"]}]},{"@type":"ImageObject","inLanguage":"es","@id":"https:\/\/sandalio.org\/sw\/blog\/#primaryimage","url":"https:\/\/i0.wp.com\/sandalio.org\/sw\/wp-content\/uploads\/2024\/07\/blog-1.webp?fit=1792%2C1024&ssl=1","contentUrl":"https:\/\/i0.wp.com\/sandalio.org\/sw\/wp-content\/uploads\/2024\/07\/blog-1.webp?fit=1792%2C1024&ssl=1","width":1792,"height":1024},{"@type":"BreadcrumbList","@id":"https:\/\/sandalio.org\/sw\/blog\/#breadcrumb","itemListElement":[{"@type":"ListItem","position":1,"name":"Portada","item":"https:\/\/sandalio.org\/sw\/"},{"@type":"ListItem","position":2,"name":"Blog"}]},{"@type":"WebSite","@id":"https:\/\/sandalio.org\/sw\/#website","url":"https:\/\/sandalio.org\/sw\/","name":"SANDALIO WEBSITE","description":"SANDALIO - LU\u00cdS CAMPUZANO","publisher":{"@id":"https:\/\/sandalio.org\/sw\/#organization"},"potentialAction":[{"@type":"SearchAction","target":{"@type":"EntryPoint","urlTemplate":"https:\/\/sandalio.org\/sw\/?s={search_term_string}"},"query-input":{"@type":"PropertyValueSpecification","valueRequired":true,"valueName":"search_term_string"}}],"inLanguage":"es"},{"@type":"Organization","@id":"https:\/\/sandalio.org\/sw\/#organization","name":"SANDALIO WEBSITE","url":"https:\/\/sandalio.org\/sw\/","logo":{"@type":"ImageObject","inLanguage":"es","@id":"https:\/\/sandalio.org\/sw\/#\/schema\/logo\/image\/","url":"https:\/\/i0.wp.com\/sandalio.org\/sw\/wp-content\/uploads\/2019\/01\/logoasociacion_cdfye_web.png?fit=600%2C597&ssl=1","contentUrl":"https:\/\/i0.wp.com\/sandalio.org\/sw\/wp-content\/uploads\/2019\/01\/logoasociacion_cdfye_web.png?fit=600%2C597&ssl=1","width":600,"height":597,"caption":"SANDALIO WEBSITE"},"image":{"@id":"https:\/\/sandalio.org\/sw\/#\/schema\/logo\/image\/"}}]}},"jetpack_sharing_enabled":true,"jetpack_shortlink":"https:\/\/wp.me\/PabpdT-gJ","jetpack-related-posts":[{"id":357,"url":"https:\/\/sandalio.org\/sw\/escuela-de-hospitalidad\/","url_meta":{"origin":1037,"position":0},"title":"ESCUELA DE HOSPITALIDAD","author":"kalonso","date":"10 diciembre, 2020","format":false,"excerpt":"AIRE PURO En nuestro mundo occidental hay -en muchas personas- una gran necesidad de recuperar el esp\u00edritu y elevarse hacia las cumbres de la vida, para mirar desde otra perspectiva los acontecimientos que ocurren a nuestro alrededor y en nuestra propia realidad. Leer m\u00e1s... ATENCI\u00d3N A LOS N\u00c1UFRAGOS En nuestro\u2026","rel":"","context":"Entrada similar","block_context":{"text":"Entrada similar","link":""},"img":{"alt_text":"","src":"https:\/\/i0.wp.com\/sandalio.org\/sw\/wp-content\/uploads\/2021\/03\/manos-e1616101290470.jpg?fit=1200%2C189&ssl=1&resize=350%2C200","width":350,"height":200,"srcset":"https:\/\/i0.wp.com\/sandalio.org\/sw\/wp-content\/uploads\/2021\/03\/manos-e1616101290470.jpg?fit=1200%2C189&ssl=1&resize=350%2C200 1x, https:\/\/i0.wp.com\/sandalio.org\/sw\/wp-content\/uploads\/2021\/03\/manos-e1616101290470.jpg?fit=1200%2C189&ssl=1&resize=525%2C300 1.5x, https:\/\/i0.wp.com\/sandalio.org\/sw\/wp-content\/uploads\/2021\/03\/manos-e1616101290470.jpg?fit=1200%2C189&ssl=1&resize=700%2C400 2x, https:\/\/i0.wp.com\/sandalio.org\/sw\/wp-content\/uploads\/2021\/03\/manos-e1616101290470.jpg?fit=1200%2C189&ssl=1&resize=1050%2C600 3x"},"classes":[]},{"id":111,"url":"https:\/\/sandalio.org\/sw\/","url_meta":{"origin":1037,"position":1},"title":"INICIO","author":"kalonso","date":"11 agosto, 2019","format":false,"excerpt":"Anterior Siguiente Bienvenido\/a a p\u00e1gina web de Sandalio.org En esta p\u00e1gina de inicio de Sandalio.org, encontrar\u00e1s un completo recorrido por todas las actividades y proyectos que llevamos a cabo en la Asociaci\u00f3n Camino de Fe y Esperanza. Nuestra asociaci\u00f3n, con sede en Lloreda de Cay\u00f3n, est\u00e1 comprometida con la construcci\u00f3n\u2026","rel":"","context":"Entrada similar","block_context":{"text":"Entrada similar","link":""},"img":{"alt_text":"","src":"https:\/\/i0.wp.com\/sandalio.org\/sw\/wp-content\/uploads\/2019\/01\/DSC9500.jpg?fit=1200%2C797&ssl=1&resize=350%2C200","width":350,"height":200,"srcset":"https:\/\/i0.wp.com\/sandalio.org\/sw\/wp-content\/uploads\/2019\/01\/DSC9500.jpg?fit=1200%2C797&ssl=1&resize=350%2C200 1x, https:\/\/i0.wp.com\/sandalio.org\/sw\/wp-content\/uploads\/2019\/01\/DSC9500.jpg?fit=1200%2C797&ssl=1&resize=525%2C300 1.5x, https:\/\/i0.wp.com\/sandalio.org\/sw\/wp-content\/uploads\/2019\/01\/DSC9500.jpg?fit=1200%2C797&ssl=1&resize=700%2C400 2x, https:\/\/i0.wp.com\/sandalio.org\/sw\/wp-content\/uploads\/2019\/01\/DSC9500.jpg?fit=1200%2C797&ssl=1&resize=1050%2C600 3x"},"classes":[]},{"id":499,"url":"https:\/\/sandalio.org\/sw\/mirando-con-conocimiento\/","url_meta":{"origin":1037,"position":2},"title":"MIRANDO CON CONOCIMIENTO","author":"kalonso","date":"18 febrero, 2021","format":false,"excerpt":"COMPROMISO Nuestro estar en el mundo no s\u00f3lo implica tener una tarea para estar ocupados y forjar una serie de relaciones humanas que nos ayuden a estar engarzados y escapar as\u00ed de la fragilidad individual y del individualismo ego\u00edsta y enfermizo.Nuestro estar en el mundo implica un compromiso: mejorarlo.Es muy\u2026","rel":"","context":"Entrada similar","block_context":{"text":"Entrada similar","link":""},"img":{"alt_text":"","src":"https:\/\/i0.wp.com\/sandalio.org\/sw\/wp-content\/uploads\/2020\/11\/100_0248-scaled.jpg?fit=1200%2C900&ssl=1&resize=350%2C200","width":350,"height":200,"srcset":"https:\/\/i0.wp.com\/sandalio.org\/sw\/wp-content\/uploads\/2020\/11\/100_0248-scaled.jpg?fit=1200%2C900&ssl=1&resize=350%2C200 1x, https:\/\/i0.wp.com\/sandalio.org\/sw\/wp-content\/uploads\/2020\/11\/100_0248-scaled.jpg?fit=1200%2C900&ssl=1&resize=525%2C300 1.5x, https:\/\/i0.wp.com\/sandalio.org\/sw\/wp-content\/uploads\/2020\/11\/100_0248-scaled.jpg?fit=1200%2C900&ssl=1&resize=700%2C400 2x, https:\/\/i0.wp.com\/sandalio.org\/sw\/wp-content\/uploads\/2020\/11\/100_0248-scaled.jpg?fit=1200%2C900&ssl=1&resize=1050%2C600 3x"},"classes":[]},{"id":359,"url":"https:\/\/sandalio.org\/sw\/atencion-a-los-naufragos\/","url_meta":{"origin":1037,"position":3},"title":"ATENCI\u00d3N A LOS NAUFRAGOS","author":"kalonso","date":"10 diciembre, 2020","format":false,"excerpt":"ATENCI\u00d3N A LOS NAUFRAGOS PARA QUE NO NOS DESHUMANICEMOS En nuestro tiempo es muy f\u00e1cil toparnos con la deshumanizaci\u00f3n a la que hemos llegado cuando contemplamos el fen\u00f3meno de la inmigraci\u00f3n y como la Uni\u00f3n Europea aparca todos los Derechos Humanos de los que tanto ha presumido para cerrar las\u2026","rel":"","context":"Entrada similar","block_context":{"text":"Entrada similar","link":""},"img":{"alt_text":"","src":"https:\/\/i0.wp.com\/sandalio.org\/sw\/wp-content\/uploads\/2024\/03\/cruzroja-e1710975235785.webp?fit=1024%2C343&ssl=1&resize=350%2C200","width":350,"height":200,"srcset":"https:\/\/i0.wp.com\/sandalio.org\/sw\/wp-content\/uploads\/2024\/03\/cruzroja-e1710975235785.webp?fit=1024%2C343&ssl=1&resize=350%2C200 1x, https:\/\/i0.wp.com\/sandalio.org\/sw\/wp-content\/uploads\/2024\/03\/cruzroja-e1710975235785.webp?fit=1024%2C343&ssl=1&resize=525%2C300 1.5x, https:\/\/i0.wp.com\/sandalio.org\/sw\/wp-content\/uploads\/2024\/03\/cruzroja-e1710975235785.webp?fit=1024%2C343&ssl=1&resize=700%2C400 2x"},"classes":[]}],"_links":{"self":[{"href":"https:\/\/sandalio.org\/sw\/wp-json\/wp\/v2\/pages\/1037","targetHints":{"allow":["GET"]}}],"collection":[{"href":"https:\/\/sandalio.org\/sw\/wp-json\/wp\/v2\/pages"}],"about":[{"href":"https:\/\/sandalio.org\/sw\/wp-json\/wp\/v2\/types\/page"}],"author":[{"embeddable":true,"href":"https:\/\/sandalio.org\/sw\/wp-json\/wp\/v2\/users\/1"}],"replies":[{"embeddable":true,"href":"https:\/\/sandalio.org\/sw\/wp-json\/wp\/v2\/comments?post=1037"}],"version-history":[{"count":6,"href":"https:\/\/sandalio.org\/sw\/wp-json\/wp\/v2\/pages\/1037\/revisions"}],"predecessor-version":[{"id":1044,"href":"https:\/\/sandalio.org\/sw\/wp-json\/wp\/v2\/pages\/1037\/revisions\/1044"}],"wp:featuredmedia":[{"embeddable":true,"href":"https:\/\/sandalio.org\/sw\/wp-json\/wp\/v2\/media\/1041"}],"wp:attachment":[{"href":"https:\/\/sandalio.org\/sw\/wp-json\/wp\/v2\/media?parent=1037"}],"curies":[{"name":"wp","href":"https:\/\/api.w.org\/{rel}","templated":true}]}}