{"id":35,"date":"2019-01-04T10:11:19","date_gmt":"2019-01-04T10:11:19","guid":{"rendered":"http:\/\/sandalio.org\/sw\/?page_id=35"},"modified":"2024-08-02T11:43:49","modified_gmt":"2024-08-02T11:43:49","slug":"expocarcel","status":"publish","type":"page","link":"https:\/\/sandalio.org\/sw\/expocarcel\/","title":{"rendered":"EXPOC\u00c1RCEL"},"content":{"rendered":"\t\t<div data-elementor-type=\"wp-page\" data-elementor-id=\"35\" class=\"elementor elementor-35\" data-elementor-post-type=\"page\">\n\t\t\t\t\t\t<section class=\"elementor-section elementor-top-section elementor-element elementor-element-649412a4 elementor-section-boxed elementor-section-height-default elementor-section-height-default\" data-id=\"649412a4\" data-element_type=\"section\" data-e-type=\"section\">\n\t\t\t\t\t\t<div class=\"elementor-container elementor-column-gap-default\">\n\t\t\t\t\t<div class=\"elementor-column elementor-col-100 elementor-top-column elementor-element elementor-element-77e58c2b\" data-id=\"77e58c2b\" data-element_type=\"column\" data-e-type=\"column\">\n\t\t\t<div class=\"elementor-widget-wrap elementor-element-populated\">\n\t\t\t\t\t\t<div class=\"elementor-element elementor-element-619a28f1 elementor-widget elementor-widget-text-editor\" data-id=\"619a28f1\" data-element_type=\"widget\" data-e-type=\"widget\" data-widget_type=\"text-editor.default\">\n\t\t\t\t<div class=\"elementor-widget-container\">\n\t\t\t\t\t\t\t\t\t<p><img fetchpriority=\"high\" decoding=\"async\" data-recalc-dims=\"1\" src=\"https:\/\/i0.wp.com\/sandalio.org\/sw\/wp-content\/uploads\/2020\/08\/cartelde-Huelva-1024x768.jpg?resize=800%2C600\" alt=\"\" width=\"800\" height=\"600\" \/><\/p><p>Despu\u00e9s de m\u00e1s de <b>cuarenta a\u00f1os trabajando <\/b>como voluntarios en diversas c\u00e1rceles espa\u00f1olas (hemos visitado y organizado actividades en m\u00e1s de sesenta) queda como testimonio nuestra labor de acompa\u00f1amiento a cientos de presos y liberados y esta EXPOC\u00c1RCEL que actualmente est\u00e1 recogida y almacenada; pero que todav\u00eda puede ponerse en marcha si hay personas entusiastas que comprendan la idea y quieran sumarse y comprometerse con ella.<\/p><p>Sin embargo, como los a\u00f1os no pasan en valde y las actividades en nuestra\u00a0<span style=\"background-color: transparent; font-family: -apple-system, BlinkMacSystemFont, 'Segoe UI', Roboto, 'Helvetica Neue', Arial, 'Noto Sans', sans-serif, 'Apple Color Emoji', 'Segoe UI Emoji', 'Segoe UI Symbol', 'Noto Color Emoji'; font-size: 1rem;\">asociaci\u00f3n han cambiado bastante, si hubiera alguna asociaci\u00f3n relacionada con la\u00a0<\/span><span style=\"background-color: transparent; font-family: -apple-system, BlinkMacSystemFont, 'Segoe UI', Roboto, 'Helvetica Neue', Arial, 'Noto Sans', sans-serif, 'Apple Color Emoji', 'Segoe UI Emoji', 'Segoe UI Symbol', 'Noto Color Emoji'; font-size: 1rem;\">c\u00e1rcel y el sistema penal, que estuviera interesada en hacer algo parecido, podr\u00eda\u00a0<\/span><span style=\"background-color: transparent; font-family: -apple-system, BlinkMacSystemFont, 'Segoe UI', Roboto, 'Helvetica Neue', Arial, 'Noto Sans', sans-serif, 'Apple Color Emoji', 'Segoe UI Emoji', 'Segoe UI Symbol', 'Noto Color Emoji'; font-size: 1rem;\">ponerse en contacto con nosotros para que todo el montaje que tenemos guardado\u00a0<\/span><span style=\"background-color: transparent; font-family: -apple-system, BlinkMacSystemFont, 'Segoe UI', Roboto, 'Helvetica Neue', Arial, 'Noto Sans', sans-serif, 'Apple Color Emoji', 'Segoe UI Emoji', 'Segoe UI Symbol', 'Noto Color Emoji'; font-size: 1rem;\">siga siendo \u00fatil.<\/span><\/p><p>A continuaci\u00f3n un video de promoci\u00f3n de la expoc\u00e1rcel hecho con im\u00e1genes\u00a0<span style=\"background-color: transparent; font-family: -apple-system, BlinkMacSystemFont, 'Segoe UI', Roboto, 'Helvetica Neue', Arial, 'Noto Sans', sans-serif, 'Apple Color Emoji', 'Segoe UI Emoji', 'Segoe UI Symbol', 'Noto Color Emoji'; font-size: 1rem;\">de la expoc\u00e1rcel de Salamanca que explica las motivaciones y la actualidad de este\u00a0<\/span><span style=\"background-color: transparent; font-family: -apple-system, BlinkMacSystemFont, 'Segoe UI', Roboto, 'Helvetica Neue', Arial, 'Noto Sans', sans-serif, 'Apple Color Emoji', 'Segoe UI Emoji', 'Segoe UI Symbol', 'Noto Color Emoji'; font-size: 1rem;\">proyecto.<\/span><\/p><p><iframe title=\"YouTube video player\" src=\"https:\/\/www.youtube.com\/embed\/tRgs_esLCz0?si=vJPzc1XHyUK3g-oG\" width=\"560\" height=\"315\" frameborder=\"0\" allowfullscreen=\"allowfullscreen\"><\/iframe><\/p><p>Si se quiere contemplar otro video m\u00e1s completo aqu\u00ed se puede ver el que\u00a0<span style=\"background-color: transparent; font-family: -apple-system, BlinkMacSystemFont, 'Segoe UI', Roboto, 'Helvetica Neue', Arial, 'Noto Sans', sans-serif, 'Apple Color Emoji', 'Segoe UI Emoji', 'Segoe UI Symbol', 'Noto Color Emoji'; font-size: 1rem;\">hicimos en C\u00e1ceres<\/span><\/p><p><iframe title=\"YouTube video player\" src=\"https:\/\/www.youtube.com\/embed\/RQaPYtdgcHc?si=c_sOgHb7Otr2cCVL\" width=\"560\" height=\"315\" frameborder=\"0\" allowfullscreen=\"allowfullscreen\"><\/iframe><\/p><p>\u00a0<span style=\"background-color: transparent; font-family: -apple-system, BlinkMacSystemFont, 'Segoe UI', Roboto, 'Helvetica Neue', Arial, 'Noto Sans', sans-serif, 'Apple Color Emoji', 'Segoe UI Emoji', 'Segoe UI Symbol', 'Noto Color Emoji'; font-size: 1rem;\">Y teniendo en cuenta que mientras dura la Expoc\u00e1rcel en cada ciudad (suele estar un par de semanas) se organizan visitas guiadas para los colegios y para grupos de personas adultas que lo requieren, son muy importantes tambi\u00e9n las distintas actividades, charlas de especialistas, espect\u00e1culos art\u00edsticos y otras actividades que relacionadas con el mismo tema y con objeto de aterrizar en la ciudad o regi\u00f3n donde se expone, se organizan los d\u00edas que dura la Exposici\u00f3n. En el siguiente video se puede ver un recital de poes\u00eda taleguera que tuvo lugar en Salamanca.<\/span><\/p><p><iframe title=\"YouTube video player\" src=\"https:\/\/www.youtube.com\/embed\/fT7iGCZDDVY?si=8hh_CiGnSbZWCBg_\" width=\"560\" height=\"315\" frameborder=\"0\" allowfullscreen=\"allowfullscreen\"><\/iframe><\/p><h4><strong>\u00bfC\u00f3mo surgi\u00f3?<\/strong><\/h4><p>Despu\u00e9s de algunos a\u00f1os entrando en diversa c\u00e1rceles y haci\u00e9ndonos cargo de la situaci\u00f3n de las personas que en ellas estaban, nos dimos cuenta de que esto no era suficiente (<strong>la sola buena voluntad no basta para ayudar eficazmente)<\/strong> y que necesit\u00e1bamos una\u00a0 formaci\u00f3n de la que carec\u00edamos para comprender mejor la realidad y hacer mejor nuestro trabajo.<\/p><p>El Abolicionismo de <strong>Louk Houlsman<\/strong> fue la columna vertebral de nuestro trabajo, y la asistencia a diferentes jornadas y congresos lo que nos ayud\u00f3 a aterrizar y concretar la teor\u00eda en nuestra realidad contempor\u00e1nea.<\/p><p>Es as\u00ed como fuimos evolucionando <strong>en nuestra manera de trabajar como voluntarios en las c\u00e1rceles<\/strong> (y de ah\u00ed nacieron much\u00edsimos cursos de voluntariado de c\u00e1rcel que impartimos por toda la geograf\u00eda espa\u00f1ola) teniendo claro que <strong>voluntario y profesional<\/strong> son estatus diferentes; pero la <strong>preparaci\u00f3n<\/strong> de ambos tiene que ser igualmente concienzuda y lo que les diferencia suele ser sobre todo el protocolo de actuaci\u00f3n en los profesionales y la implicaci\u00f3n personal y sensibilidad humana en los voluntarios<strong>. Esto no debiera ser excluyente sino complementario entre ambos<\/strong>. De ah\u00ed\u00a0 la necesidad de entendimiento y colaboraci\u00f3n rec\u00edproca.<\/p><h4><strong>La gente de la calle.<\/strong><\/h4><p>Ech\u00e1bamos en falta un instrumento para hablar a la gente de la calle de la situaci\u00f3n de los presos, de las c\u00e1rceles y de la justicia y su aplicaci\u00f3n.<\/p><p>Hasta entonces nuestra preocupaci\u00f3n hab\u00eda sido el encuentro con los presos, sus familias y el buen entendimiento con los profesionales; pero hab\u00edamos olvidado que la gente de la calle, con sus prejuicios y actitudes, entre los que campeaban la <strong>marginaci\u00f3n y el rechazo<\/strong>, necesitaban de una <strong>diferente forma de mirar esta realidad<\/strong> que era\u00a0 lo que nosotros les pod\u00edamos aportar.<\/p><p><img decoding=\"async\" data-recalc-dims=\"1\" class=\"aligncenter\" src=\"https:\/\/i0.wp.com\/sandalio.org\/sw\/wp-content\/uploads\/2020\/08\/Cartel-EXPOCA%CC%81RCARCEL-en-Salamanca-212x300.jpg?resize=258%2C365\" alt=\"\" width=\"258\" height=\"365\" \/><\/p><h4><strong>Un paso atr\u00e1s para abrir m\u00e1s la perspectiva.<\/strong><\/h4><p>As\u00ed naci\u00f3 la<strong> EXPOC\u00c1RCEL <\/strong>como un instrumento para mostrar a la ciudadan\u00eda la realidad de las c\u00e1rceles y con ello la posibilidad de entenderla y transformarla.<\/p><p>El planteamiento de la EXPOC\u00c1RCEL no es fomentar el morbo ni la curiosidad; sino el conocimiento. Es por ello que se empieza hablando del <strong>Sistema Penal y su radical injusticia y contradicci\u00f3n<\/strong>: en lugar de buscar la soluci\u00f3n de los problemas, se limita a calificarlos sirvi\u00e9ndose de unas leyes excesivamente punitivas y atrasadas, para acabar\u00a0 dejando a un lado a la v\u00edctima y sobrecargando al delincuente con todo el peso de la Ley.<\/p><p>La EXPOC\u00c1RCEL explica esto y propone una serie de alternativas a la pena privativa de libertad que, despu\u00e9s de los a\u00f1os, algunas de ellas ya son una realidad. Mediaci\u00f3n, conciliaci\u00f3n, trabajos en beneficio de la comunidad\u2026etc<\/p><p><img decoding=\"async\" data-attachment-id=\"1074\" data-permalink=\"https:\/\/sandalio.org\/sw\/logo_expocarcel\/\" data-orig-file=\"https:\/\/i0.wp.com\/sandalio.org\/sw\/wp-content\/uploads\/2024\/08\/logo_expocarcel.png?fit=576%2C323&amp;ssl=1\" data-orig-size=\"576,323\" data-comments-opened=\"1\" data-image-meta=\"{&quot;aperture&quot;:&quot;0&quot;,&quot;credit&quot;:&quot;&quot;,&quot;camera&quot;:&quot;&quot;,&quot;caption&quot;:&quot;&quot;,&quot;created_timestamp&quot;:&quot;0&quot;,&quot;copyright&quot;:&quot;&quot;,&quot;focal_length&quot;:&quot;0&quot;,&quot;iso&quot;:&quot;0&quot;,&quot;shutter_speed&quot;:&quot;0&quot;,&quot;title&quot;:&quot;&quot;,&quot;orientation&quot;:&quot;0&quot;}\" data-image-title=\"logo_expocarcel\" data-image-description=\"\" data-image-caption=\"\" data-large-file=\"https:\/\/i0.wp.com\/sandalio.org\/sw\/wp-content\/uploads\/2024\/08\/logo_expocarcel.png?fit=576%2C323&amp;ssl=1\" data-recalc-dims=\"1\" class=\"size-medium wp-image-1074 aligncenter\" src=\"https:\/\/i0.wp.com\/sandalio.org\/sw\/wp-content\/uploads\/2024\/08\/logo_expocarcel.png?resize=300%2C168&#038;ssl=1\" alt=\"\" width=\"300\" height=\"168\" srcset=\"https:\/\/i0.wp.com\/sandalio.org\/sw\/wp-content\/uploads\/2024\/08\/logo_expocarcel.png?w=576&amp;ssl=1 576w, https:\/\/i0.wp.com\/sandalio.org\/sw\/wp-content\/uploads\/2024\/08\/logo_expocarcel.png?resize=300%2C168&amp;ssl=1 300w\" sizes=\"(max-width: 300px) 100vw, 300px\" \/><\/p><p>Pero adem\u00e1s la EXPOC\u00c1RCEL profundiza en la <strong>injusticia estructural que nuestra sociedad sigue desarrollando cada vez m\u00e1s<\/strong>: Abusos de los poderosos, Para\u00edsos fiscales, carencia de pol\u00edticas realmente sociales\u2026\u00a0 Con la intenci\u00f3n de ayudar\u00a0 a los ciudadanos con unos criterios humanos y m\u00e1s justos para as\u00ed prevenir la intoxicaci\u00f3n y manipulaci\u00f3n de que son objeto por parte del poder y sus medios de desinformaci\u00f3n.<\/p><p style=\"text-align: center;\"><strong>LEER: Construir c\u00e1rceles, <\/strong><strong>una industria boyante.\u00a0<\/strong><strong><a href=\"http:\/\/sandalio.org\/sw\/wp-content\/uploads\/2021\/02\/construir-carceles.pdf\" target=\"_blank\" rel=\"noopener\">PINCHE AQUI PARA M\u00c1S INFORMACI\u00d3N<\/a><\/strong><\/p><h4><strong>ESPECTACULAR Y LLAMATIVA<\/strong><\/h4><p>Para que cumpliera su misi\u00f3n la EXPOCARCEL ten\u00eda que ser atractiva e inteligible para todas las edades y personas y esta tarea tan dif\u00edcil de atraer chavales de colegios de igual forma que a adultos sin especial formaci\u00f3n o a ancianos nos impuls\u00f3 a hacerla vistosa y llamativa a base de mu\u00f1ecos de tama\u00f1o natural, situados en grandes decorados y espacios tem\u00e1ticos de gran actualidad e inter\u00e9s social.<\/p><p>La EXPOCARCEL ocupa de 1500 a 2000 ms. cuadrados de\u00a0 superficie; aunque se puede montar en espacios separados siempre que est\u00e9n cercanos o bien comunicados.<\/p><p>Hasta ahora lleva recorriendo ciudades como <strong>Logro\u00f1o, Valencia, Huelva, C\u00e1ceres, Badajoz, Ciudad\u00a0 Rodrigo, Salamanca<\/strong> (en dos ocasiones ) <strong>Pamplona, Vitoria<\/strong>\u2026\u00a0 y lugares muy diversos (Universidades, salas de exposiciones, una estaci\u00f3n de autobuses abandonada y recuperada, Seminarios, etc)<\/p><p><span style=\"color: #ff6600;\">POWERPONTS<\/span><\/p><h4><strong>Implicaci\u00f3n de las asociaciones.<\/strong><\/h4><p>Partiendo del inter\u00e9s social de la EXPOC\u00c1RCEL y de la necesidad de informaci\u00f3n a la ciudadan\u00eda de las diferentes formas de afrontar este problema, nosotros pedimos <strong>la colaboraci\u00f3n<\/strong>, en cada lugar al que se desplaza la EXPOC\u00c1RCEL,\u00a0 <strong>de aquellas asociaciones que llevan ya tiempo trabajando el tema de la marginaci\u00f3n en dichas ciudades<\/strong>.<\/p><p>Para ello invitamos a \u00e9stas a participar en la EXPOC\u00c1RCEL <strong>informando sobre su actividad<\/strong> y sobre las caracter\u00edsticas deseables para <strong>su VOLUNTARIADO, <\/strong>de tal manera que la exposici\u00f3n sirva tambi\u00e9n de escaparate para que la gente conozca en cada sitio lo que se est\u00e1 haciendo y se anime a engrosar las filas de un <strong>VOLUNTARIADO<\/strong> consciente , responsable y solidario.<\/p><h4><strong>Aterrizaje en la realidad concreta de cada lugar.<\/strong><\/h4><p>Es esta <strong>colaboraci\u00f3n con las diferentes asociaciones<\/strong> de cada lugar por donde pasa la EXPOC\u00c1RCEL la que permite conocer m\u00e1s concretamente la realidad de cada sitio.<\/p><p>Esto se\u00a0 hace de tres formas concretas:<\/p><ol><li><strong>Adaptando la exposici\u00f3n a la actualidad y realidad de cada lugar<\/strong>, de tal manera que ninguna expoc\u00e1rcel es igual a otra.<\/li><li><strong>Organizando los d\u00edas que dura la expoc\u00e1rcel una serie de actividades art\u00edsticas<\/strong>\u00a0 (teatro, recitales po\u00e9ticos, m\u00fasica y artes pl\u00e1sticas) <strong>y formativas<\/strong> (conferencias para adultos, visitas guiadas para colegios o grupos\u2026\u00a0 cuyo mantenimiento depende\u00a0 de dichas asociaciones locales.<\/li><li><strong>Informando de las respuestas que ya est\u00e1n en marcha<\/strong> en cada lugar para afrontar este problema\u00a0 y <strong>llamando a nuevos VOLUNTARIOS<\/strong> para continuar y desarrollar mejor la labor.<\/li><\/ol><h4><strong>REQUISITOS PARA ORGANIZAR LA EXPOCARCEL.<\/strong><\/h4><p>Aunque no son todos indispensables; s\u00ed que estimamos necesario considerar al menos la posibilidad de estudiarlos.<\/p><ol><li>Que la Instituci\u00f3n o Asociaci\u00f3n que solicita la EXPOCARCEL invite a otras de la misma zona a colaborar incluyendo sobre todo a <strong>aquellas que tienen relaci\u00f3n con el Derecho, las diferentes profesiones de Trabajo Social, y el voluntariado relacionado con la c\u00e1rcel o la marginalidad.<\/strong><\/li><li>Que dicha Instituci\u00f3n o asociaci\u00f3n se haga cargo durante el tiempo en que la Expoc\u00e1rcel est\u00e9 montada de su <strong>animaci\u00f3n<\/strong>. Esta incluye toda clase de <strong>actividades art\u00edsticas o formativas y la preparaci\u00f3n de un grupo de gu\u00edas que acompa\u00f1en a las visitas.<\/strong><\/li><li>Contar con un <strong>espacio apropiado<\/strong> (que no tiene por qu\u00e9 ser \u00fanico si los diversos espacios est\u00e1n bien comunicados) y con la iluminaci\u00f3n y sonorizaci\u00f3n adecuadas.<\/li><li>Buscar la <strong>posible\u00a0 colaboraci\u00f3n de artistas locales que quieran sensibilizarse con el tema<\/strong> (C\u00e1rcel, libertad, DD.HH&#8230;.etc).<\/li><li>Cubrir las necesidades econ\u00f3micas de transporte, montaje y organizaci\u00f3n, teniendo en cuenta que para el transporte es necesario un cami\u00f3n de 9 ms. de largo por 2,50 de alto como m\u00ednimo y para el montaje de la exposici\u00f3n completa se necesitan 3 d\u00edas.<\/li><li>Todo esto conlleva <strong>un tiempo de preparaci\u00f3n bastante largo<\/strong>, por lo que se ruega a las instituciones o asociaciones interesadas lo tengan en cuenta para no convertir esta exposici\u00f3n en una instalaci\u00f3n m\u00e1s de objetos y decorados. Para nosotros <strong>es muy importante las acciones que se generen en torno a ella: jornadas de formaci\u00f3n o divulgaci\u00f3n, actuaciones art\u00edsticas, visitas organizadas de colegios, institutos, etc.<\/strong><\/li><\/ol><p>Para ampliar informaci\u00f3n pueden dirigirse a nuestro corr-e. <a href=\"mailto:luisandalio@yahoo.es\">luisandalio@yahoo.es<\/a><\/p>\t\t\t\t\t\t\t\t<\/div>\n\t\t\t\t<\/div>\n\t\t\t\t\t<\/div>\n\t\t<\/div>\n\t\t\t\t\t<\/div>\n\t\t<\/section>\n\t\t\t\t<\/div>\n\t\t","protected":false},"excerpt":{"rendered":"<p>Despu\u00e9s de m\u00e1s de cuarenta a\u00f1os trabajando como voluntarios en diversas c\u00e1rceles espa\u00f1olas (hemos visitado y organizado actividades en m\u00e1s de sesenta) queda como testimonio nuestra labor de acompa\u00f1amiento a cientos de presos y liberados y esta EXPOC\u00c1RCEL que actualmente est\u00e1 recogida y almacenada; pero que todav\u00eda puede ponerse en marcha si hay personas entusiastas [&hellip;]<\/p>\n","protected":false},"author":1,"featured_media":533,"parent":0,"menu_order":0,"comment_status":"closed","ping_status":"closed","template":"","meta":{"jetpack_post_was_ever_published":false,"footnotes":""},"class_list":["post-35","page","type-page","status-publish","has-post-thumbnail","hentry"],"yoast_head":"<!-- This site is optimized with the Yoast SEO plugin v27.4 - https:\/\/yoast.com\/product\/yoast-seo-wordpress\/ -->\n<title>EXPOC\u00c1RCEL - SANDALIO WEBSITE<\/title>\n<meta name=\"robots\" content=\"index, follow, max-snippet:-1, max-image-preview:large, max-video-preview:-1\" \/>\n<link rel=\"canonical\" href=\"https:\/\/sandalio.org\/sw\/expocarcel\/\" \/>\n<meta property=\"og:locale\" content=\"es_ES\" \/>\n<meta property=\"og:type\" content=\"article\" \/>\n<meta property=\"og:title\" content=\"EXPOC\u00c1RCEL - SANDALIO WEBSITE\" \/>\n<meta property=\"og:description\" content=\"Despu\u00e9s de m\u00e1s de cuarenta a\u00f1os trabajando como voluntarios en diversas c\u00e1rceles espa\u00f1olas (hemos visitado y organizado actividades en m\u00e1s de sesenta) queda como testimonio nuestra labor de acompa\u00f1amiento a cientos de presos y liberados y esta EXPOC\u00c1RCEL que actualmente est\u00e1 recogida y almacenada; pero que todav\u00eda puede ponerse en marcha si hay personas entusiastas [&hellip;]\" \/>\n<meta property=\"og:url\" content=\"https:\/\/sandalio.org\/sw\/expocarcel\/\" \/>\n<meta property=\"og:site_name\" content=\"SANDALIO WEBSITE\" \/>\n<meta property=\"article:modified_time\" content=\"2024-08-02T11:43:49+00:00\" \/>\n<meta property=\"og:image\" content=\"https:\/\/sandalio.org\/sw\/wp-content\/uploads\/2021\/02\/expocarcel.png\" \/>\n\t<meta property=\"og:image:width\" content=\"675\" \/>\n\t<meta property=\"og:image:height\" content=\"506\" \/>\n\t<meta property=\"og:image:type\" content=\"image\/png\" \/>\n<meta name=\"twitter:card\" content=\"summary_large_image\" \/>\n<meta name=\"twitter:label1\" content=\"Tiempo de lectura\" \/>\n\t<meta name=\"twitter:data1\" content=\"8 minutos\" \/>\n<script type=\"application\/ld+json\" class=\"yoast-schema-graph\">{\"@context\":\"https:\\\/\\\/schema.org\",\"@graph\":[{\"@type\":\"WebPage\",\"@id\":\"https:\\\/\\\/sandalio.org\\\/sw\\\/expocarcel\\\/\",\"url\":\"https:\\\/\\\/sandalio.org\\\/sw\\\/expocarcel\\\/\",\"name\":\"EXPOC\u00c1RCEL - SANDALIO WEBSITE\",\"isPartOf\":{\"@id\":\"https:\\\/\\\/sandalio.org\\\/sw\\\/#website\"},\"primaryImageOfPage\":{\"@id\":\"https:\\\/\\\/sandalio.org\\\/sw\\\/expocarcel\\\/#primaryimage\"},\"image\":{\"@id\":\"https:\\\/\\\/sandalio.org\\\/sw\\\/expocarcel\\\/#primaryimage\"},\"thumbnailUrl\":\"https:\\\/\\\/i0.wp.com\\\/sandalio.org\\\/sw\\\/wp-content\\\/uploads\\\/2021\\\/02\\\/expocarcel.png?fit=675%2C506&ssl=1\",\"datePublished\":\"2019-01-04T10:11:19+00:00\",\"dateModified\":\"2024-08-02T11:43:49+00:00\",\"breadcrumb\":{\"@id\":\"https:\\\/\\\/sandalio.org\\\/sw\\\/expocarcel\\\/#breadcrumb\"},\"inLanguage\":\"es\",\"potentialAction\":[{\"@type\":\"ReadAction\",\"target\":[\"https:\\\/\\\/sandalio.org\\\/sw\\\/expocarcel\\\/\"]}]},{\"@type\":\"ImageObject\",\"inLanguage\":\"es\",\"@id\":\"https:\\\/\\\/sandalio.org\\\/sw\\\/expocarcel\\\/#primaryimage\",\"url\":\"https:\\\/\\\/i0.wp.com\\\/sandalio.org\\\/sw\\\/wp-content\\\/uploads\\\/2021\\\/02\\\/expocarcel.png?fit=675%2C506&ssl=1\",\"contentUrl\":\"https:\\\/\\\/i0.wp.com\\\/sandalio.org\\\/sw\\\/wp-content\\\/uploads\\\/2021\\\/02\\\/expocarcel.png?fit=675%2C506&ssl=1\",\"width\":675,\"height\":506},{\"@type\":\"BreadcrumbList\",\"@id\":\"https:\\\/\\\/sandalio.org\\\/sw\\\/expocarcel\\\/#breadcrumb\",\"itemListElement\":[{\"@type\":\"ListItem\",\"position\":1,\"name\":\"Portada\",\"item\":\"https:\\\/\\\/sandalio.org\\\/sw\\\/\"},{\"@type\":\"ListItem\",\"position\":2,\"name\":\"EXPOC\u00c1RCEL\"}]},{\"@type\":\"WebSite\",\"@id\":\"https:\\\/\\\/sandalio.org\\\/sw\\\/#website\",\"url\":\"https:\\\/\\\/sandalio.org\\\/sw\\\/\",\"name\":\"SANDALIO WEBSITE\",\"description\":\"SANDALIO - LU\u00cdS CAMPUZANO\",\"publisher\":{\"@id\":\"https:\\\/\\\/sandalio.org\\\/sw\\\/#organization\"},\"potentialAction\":[{\"@type\":\"SearchAction\",\"target\":{\"@type\":\"EntryPoint\",\"urlTemplate\":\"https:\\\/\\\/sandalio.org\\\/sw\\\/?s={search_term_string}\"},\"query-input\":{\"@type\":\"PropertyValueSpecification\",\"valueRequired\":true,\"valueName\":\"search_term_string\"}}],\"inLanguage\":\"es\"},{\"@type\":\"Organization\",\"@id\":\"https:\\\/\\\/sandalio.org\\\/sw\\\/#organization\",\"name\":\"SANDALIO WEBSITE\",\"url\":\"https:\\\/\\\/sandalio.org\\\/sw\\\/\",\"logo\":{\"@type\":\"ImageObject\",\"inLanguage\":\"es\",\"@id\":\"https:\\\/\\\/sandalio.org\\\/sw\\\/#\\\/schema\\\/logo\\\/image\\\/\",\"url\":\"https:\\\/\\\/i0.wp.com\\\/sandalio.org\\\/sw\\\/wp-content\\\/uploads\\\/2019\\\/01\\\/logoasociacion_cdfye_web.png?fit=600%2C597&ssl=1\",\"contentUrl\":\"https:\\\/\\\/i0.wp.com\\\/sandalio.org\\\/sw\\\/wp-content\\\/uploads\\\/2019\\\/01\\\/logoasociacion_cdfye_web.png?fit=600%2C597&ssl=1\",\"width\":600,\"height\":597,\"caption\":\"SANDALIO WEBSITE\"},\"image\":{\"@id\":\"https:\\\/\\\/sandalio.org\\\/sw\\\/#\\\/schema\\\/logo\\\/image\\\/\"}}]}<\/script>\n<!-- \/ Yoast SEO plugin. -->","yoast_head_json":{"title":"EXPOC\u00c1RCEL - SANDALIO WEBSITE","robots":{"index":"index","follow":"follow","max-snippet":"max-snippet:-1","max-image-preview":"max-image-preview:large","max-video-preview":"max-video-preview:-1"},"canonical":"https:\/\/sandalio.org\/sw\/expocarcel\/","og_locale":"es_ES","og_type":"article","og_title":"EXPOC\u00c1RCEL - SANDALIO WEBSITE","og_description":"Despu\u00e9s de m\u00e1s de cuarenta a\u00f1os trabajando como voluntarios en diversas c\u00e1rceles espa\u00f1olas (hemos visitado y organizado actividades en m\u00e1s de sesenta) queda como testimonio nuestra labor de acompa\u00f1amiento a cientos de presos y liberados y esta EXPOC\u00c1RCEL que actualmente est\u00e1 recogida y almacenada; pero que todav\u00eda puede ponerse en marcha si hay personas entusiastas [&hellip;]","og_url":"https:\/\/sandalio.org\/sw\/expocarcel\/","og_site_name":"SANDALIO WEBSITE","article_modified_time":"2024-08-02T11:43:49+00:00","og_image":[{"width":675,"height":506,"url":"https:\/\/sandalio.org\/sw\/wp-content\/uploads\/2021\/02\/expocarcel.png","type":"image\/png"}],"twitter_card":"summary_large_image","twitter_misc":{"Tiempo de lectura":"8 minutos"},"schema":{"@context":"https:\/\/schema.org","@graph":[{"@type":"WebPage","@id":"https:\/\/sandalio.org\/sw\/expocarcel\/","url":"https:\/\/sandalio.org\/sw\/expocarcel\/","name":"EXPOC\u00c1RCEL - SANDALIO WEBSITE","isPartOf":{"@id":"https:\/\/sandalio.org\/sw\/#website"},"primaryImageOfPage":{"@id":"https:\/\/sandalio.org\/sw\/expocarcel\/#primaryimage"},"image":{"@id":"https:\/\/sandalio.org\/sw\/expocarcel\/#primaryimage"},"thumbnailUrl":"https:\/\/i0.wp.com\/sandalio.org\/sw\/wp-content\/uploads\/2021\/02\/expocarcel.png?fit=675%2C506&ssl=1","datePublished":"2019-01-04T10:11:19+00:00","dateModified":"2024-08-02T11:43:49+00:00","breadcrumb":{"@id":"https:\/\/sandalio.org\/sw\/expocarcel\/#breadcrumb"},"inLanguage":"es","potentialAction":[{"@type":"ReadAction","target":["https:\/\/sandalio.org\/sw\/expocarcel\/"]}]},{"@type":"ImageObject","inLanguage":"es","@id":"https:\/\/sandalio.org\/sw\/expocarcel\/#primaryimage","url":"https:\/\/i0.wp.com\/sandalio.org\/sw\/wp-content\/uploads\/2021\/02\/expocarcel.png?fit=675%2C506&ssl=1","contentUrl":"https:\/\/i0.wp.com\/sandalio.org\/sw\/wp-content\/uploads\/2021\/02\/expocarcel.png?fit=675%2C506&ssl=1","width":675,"height":506},{"@type":"BreadcrumbList","@id":"https:\/\/sandalio.org\/sw\/expocarcel\/#breadcrumb","itemListElement":[{"@type":"ListItem","position":1,"name":"Portada","item":"https:\/\/sandalio.org\/sw\/"},{"@type":"ListItem","position":2,"name":"EXPOC\u00c1RCEL"}]},{"@type":"WebSite","@id":"https:\/\/sandalio.org\/sw\/#website","url":"https:\/\/sandalio.org\/sw\/","name":"SANDALIO WEBSITE","description":"SANDALIO - LU\u00cdS CAMPUZANO","publisher":{"@id":"https:\/\/sandalio.org\/sw\/#organization"},"potentialAction":[{"@type":"SearchAction","target":{"@type":"EntryPoint","urlTemplate":"https:\/\/sandalio.org\/sw\/?s={search_term_string}"},"query-input":{"@type":"PropertyValueSpecification","valueRequired":true,"valueName":"search_term_string"}}],"inLanguage":"es"},{"@type":"Organization","@id":"https:\/\/sandalio.org\/sw\/#organization","name":"SANDALIO WEBSITE","url":"https:\/\/sandalio.org\/sw\/","logo":{"@type":"ImageObject","inLanguage":"es","@id":"https:\/\/sandalio.org\/sw\/#\/schema\/logo\/image\/","url":"https:\/\/i0.wp.com\/sandalio.org\/sw\/wp-content\/uploads\/2019\/01\/logoasociacion_cdfye_web.png?fit=600%2C597&ssl=1","contentUrl":"https:\/\/i0.wp.com\/sandalio.org\/sw\/wp-content\/uploads\/2019\/01\/logoasociacion_cdfye_web.png?fit=600%2C597&ssl=1","width":600,"height":597,"caption":"SANDALIO WEBSITE"},"image":{"@id":"https:\/\/sandalio.org\/sw\/#\/schema\/logo\/image\/"}}]}},"jetpack_sharing_enabled":true,"jetpack_shortlink":"https:\/\/wp.me\/PabpdT-z","jetpack-related-posts":[{"id":111,"url":"https:\/\/sandalio.org\/sw\/","url_meta":{"origin":35,"position":0},"title":"INICIO","author":"kalonso","date":"11 agosto, 2019","format":false,"excerpt":"Anterior Siguiente Bienvenido\/a a p\u00e1gina web de Sandalio.org En esta p\u00e1gina de inicio de Sandalio.org, encontrar\u00e1s un completo recorrido por todas las actividades y proyectos que llevamos a cabo en la Asociaci\u00f3n Camino de Fe y Esperanza. Nuestra asociaci\u00f3n, con sede en Lloreda de Cay\u00f3n, est\u00e1 comprometida con la construcci\u00f3n\u2026","rel":"","context":"Entrada similar","block_context":{"text":"Entrada similar","link":""},"img":{"alt_text":"","src":"https:\/\/i0.wp.com\/sandalio.org\/sw\/wp-content\/uploads\/2019\/01\/DSC9500.jpg?fit=1200%2C797&ssl=1&resize=350%2C200","width":350,"height":200,"srcset":"https:\/\/i0.wp.com\/sandalio.org\/sw\/wp-content\/uploads\/2019\/01\/DSC9500.jpg?fit=1200%2C797&ssl=1&resize=350%2C200 1x, https:\/\/i0.wp.com\/sandalio.org\/sw\/wp-content\/uploads\/2019\/01\/DSC9500.jpg?fit=1200%2C797&ssl=1&resize=525%2C300 1.5x, https:\/\/i0.wp.com\/sandalio.org\/sw\/wp-content\/uploads\/2019\/01\/DSC9500.jpg?fit=1200%2C797&ssl=1&resize=700%2C400 2x, https:\/\/i0.wp.com\/sandalio.org\/sw\/wp-content\/uploads\/2019\/01\/DSC9500.jpg?fit=1200%2C797&ssl=1&resize=1050%2C600 3x"},"classes":[]},{"id":256,"url":"https:\/\/sandalio.org\/sw\/quienes-somos\/","url_meta":{"origin":35,"position":1},"title":"\u00bfQUIENES SOMOS?","author":"kalonso","date":"25 agosto, 2020","format":false,"excerpt":"Bienvenidos\/as al\u00a0website\u00a0de Luis Campuzano, Sandalio. Este espacio web quiere presentar tanto las obras de Sandalio como la realidad de la Asociaci\u00f3n Camino de Fe y Esperanza que hace posible nuestra actividad principal de ACOGIDA DE PERSONAS. Como se puede ver el dominio sandalio.org\u00a0tiene como objetivo facilitar su b\u00fasqueda en Internet\u2026","rel":"","context":"Entrada similar","block_context":{"text":"Entrada similar","link":""},"img":{"alt_text":"","src":"https:\/\/i0.wp.com\/sandalio.org\/sw\/wp-content\/uploads\/2020\/08\/4-frase-dintel-scaled.jpg?fit=1200%2C900&ssl=1&resize=350%2C200","width":350,"height":200,"srcset":"https:\/\/i0.wp.com\/sandalio.org\/sw\/wp-content\/uploads\/2020\/08\/4-frase-dintel-scaled.jpg?fit=1200%2C900&ssl=1&resize=350%2C200 1x, https:\/\/i0.wp.com\/sandalio.org\/sw\/wp-content\/uploads\/2020\/08\/4-frase-dintel-scaled.jpg?fit=1200%2C900&ssl=1&resize=525%2C300 1.5x, https:\/\/i0.wp.com\/sandalio.org\/sw\/wp-content\/uploads\/2020\/08\/4-frase-dintel-scaled.jpg?fit=1200%2C900&ssl=1&resize=700%2C400 2x, https:\/\/i0.wp.com\/sandalio.org\/sw\/wp-content\/uploads\/2020\/08\/4-frase-dintel-scaled.jpg?fit=1200%2C900&ssl=1&resize=1050%2C600 3x"},"classes":[]},{"id":361,"url":"https:\/\/sandalio.org\/sw\/curar-esta-diversidad\/","url_meta":{"origin":35,"position":2},"title":"CURAR ESTA DIVERSIDAD","author":"kalonso","date":"10 diciembre, 2020","format":false,"excerpt":"\u00bfC\u00f3mo curar esa diversidad que tanto da\u00f1o nos hace? Despu\u00e9s de m\u00e1s de 35 a\u00f1os visitando c\u00e1rceles y chopanos (tugurios donde se refugian los que no tienen techo) y acogiendo en nuestra casa-comunidad a tant\u00edsimas personas que nos llegan, bien por circunstancias de la vida, bien por orden de la\u2026","rel":"","context":"Entrada similar","block_context":{"text":"Entrada similar","link":""},"img":{"alt_text":"","src":"","width":0,"height":0},"classes":[]},{"id":615,"url":"https:\/\/sandalio.org\/sw\/una-escuela-para-grupos\/","url_meta":{"origin":35,"position":3},"title":"UNA ESCUELA PARA  GRUPOS","author":"kalonso","date":"18 marzo, 2021","format":false,"excerpt":"\"NO IMPORTA LA EDAD NI LAS CAPACIDADESSINO LA OPOTUNIDADY TODO LO QUE INESPERADAMENTE NOS TRAE\" Cuando son grupos homog\u00e9neos (peque\u00f1os o grandes) los que est\u00e1n interesados en profundizar en esta materia, es importante ponerse de acuerdo en las expectativas de los que dirigen tales grupos para que nuestra colaboraci\u00f3n sea\u2026","rel":"","context":"Entrada similar","block_context":{"text":"Entrada similar","link":""},"img":{"alt_text":"","src":"https:\/\/i0.wp.com\/sandalio.org\/sw\/wp-content\/uploads\/2021\/03\/grupos-1.jpeg?fit=1200%2C800&ssl=1&resize=350%2C200","width":350,"height":200,"srcset":"https:\/\/i0.wp.com\/sandalio.org\/sw\/wp-content\/uploads\/2021\/03\/grupos-1.jpeg?fit=1200%2C800&ssl=1&resize=350%2C200 1x, https:\/\/i0.wp.com\/sandalio.org\/sw\/wp-content\/uploads\/2021\/03\/grupos-1.jpeg?fit=1200%2C800&ssl=1&resize=525%2C300 1.5x, https:\/\/i0.wp.com\/sandalio.org\/sw\/wp-content\/uploads\/2021\/03\/grupos-1.jpeg?fit=1200%2C800&ssl=1&resize=700%2C400 2x, https:\/\/i0.wp.com\/sandalio.org\/sw\/wp-content\/uploads\/2021\/03\/grupos-1.jpeg?fit=1200%2C800&ssl=1&resize=1050%2C600 3x"},"classes":[]},{"id":572,"url":"https:\/\/sandalio.org\/sw\/ley-y-carcel\/","url_meta":{"origin":35,"position":4},"title":"LEY Y C\u00c1RCEL","author":"kalonso","date":"18 febrero, 2021","format":false,"excerpt":"Vamos a comenzar este apartado sobre lo muy diferente que se ve la\u00a0realidad, ya sea del Sistema penal (la LEY) o del Sistema Penitenciario (la\u00a0CARCEL) seg\u00fan sea la perspectiva desde donde cada uno las mire.Por eso vamos a comenzar con tres art\u00edculos aparecidos en la revista CR\u00cdTICA (n\u00ba 973, mayo\u2026","rel":"","context":"Entrada similar","block_context":{"text":"Entrada similar","link":""},"img":{"alt_text":"","src":"https:\/\/i0.wp.com\/sandalio.org\/sw\/wp-content\/uploads\/2021\/03\/leycarcel-portada-e1616089173710.png?fit=941%2C477&ssl=1&resize=350%2C200","width":350,"height":200,"srcset":"https:\/\/i0.wp.com\/sandalio.org\/sw\/wp-content\/uploads\/2021\/03\/leycarcel-portada-e1616089173710.png?fit=941%2C477&ssl=1&resize=350%2C200 1x, https:\/\/i0.wp.com\/sandalio.org\/sw\/wp-content\/uploads\/2021\/03\/leycarcel-portada-e1616089173710.png?fit=941%2C477&ssl=1&resize=525%2C300 1.5x, https:\/\/i0.wp.com\/sandalio.org\/sw\/wp-content\/uploads\/2021\/03\/leycarcel-portada-e1616089173710.png?fit=941%2C477&ssl=1&resize=700%2C400 2x"},"classes":[]},{"id":28,"url":"https:\/\/sandalio.org\/sw\/aire-puro\/","url_meta":{"origin":35,"position":5},"title":"AIRE PURO","author":"kalonso","date":"4 enero, 2019","format":false,"excerpt":"En nuestro mundo occidental hay -en muchas personas- una gran necesidad de recuperar el esp\u00edritu y elevarse hacia las cumbres de la vida, para mirar desde otra perspectiva los acontecimientos que ocurren a nuestro alrededor y en nuestra propia realidad. Esta necesidad se hace m\u00e1s dif\u00edcil de satisfacer cuanto m\u00e1s\u2026","rel":"","context":"Entrada similar","block_context":{"text":"Entrada similar","link":""},"img":{"alt_text":"","src":"https:\/\/i0.wp.com\/sandalio.org\/sw\/wp-content\/uploads\/2020\/08\/airepuro.jpg?fit=1200%2C764&ssl=1&resize=350%2C200","width":350,"height":200,"srcset":"https:\/\/i0.wp.com\/sandalio.org\/sw\/wp-content\/uploads\/2020\/08\/airepuro.jpg?fit=1200%2C764&ssl=1&resize=350%2C200 1x, https:\/\/i0.wp.com\/sandalio.org\/sw\/wp-content\/uploads\/2020\/08\/airepuro.jpg?fit=1200%2C764&ssl=1&resize=525%2C300 1.5x, https:\/\/i0.wp.com\/sandalio.org\/sw\/wp-content\/uploads\/2020\/08\/airepuro.jpg?fit=1200%2C764&ssl=1&resize=700%2C400 2x, https:\/\/i0.wp.com\/sandalio.org\/sw\/wp-content\/uploads\/2020\/08\/airepuro.jpg?fit=1200%2C764&ssl=1&resize=1050%2C600 3x"},"classes":[]}],"_links":{"self":[{"href":"https:\/\/sandalio.org\/sw\/wp-json\/wp\/v2\/pages\/35","targetHints":{"allow":["GET"]}}],"collection":[{"href":"https:\/\/sandalio.org\/sw\/wp-json\/wp\/v2\/pages"}],"about":[{"href":"https:\/\/sandalio.org\/sw\/wp-json\/wp\/v2\/types\/page"}],"author":[{"embeddable":true,"href":"https:\/\/sandalio.org\/sw\/wp-json\/wp\/v2\/users\/1"}],"replies":[{"embeddable":true,"href":"https:\/\/sandalio.org\/sw\/wp-json\/wp\/v2\/comments?post=35"}],"version-history":[{"count":31,"href":"https:\/\/sandalio.org\/sw\/wp-json\/wp\/v2\/pages\/35\/revisions"}],"predecessor-version":[{"id":1077,"href":"https:\/\/sandalio.org\/sw\/wp-json\/wp\/v2\/pages\/35\/revisions\/1077"}],"wp:featuredmedia":[{"embeddable":true,"href":"https:\/\/sandalio.org\/sw\/wp-json\/wp\/v2\/media\/533"}],"wp:attachment":[{"href":"https:\/\/sandalio.org\/sw\/wp-json\/wp\/v2\/media?parent=35"}],"curies":[{"name":"wp","href":"https:\/\/api.w.org\/{rel}","templated":true}]}}