{"id":361,"date":"2020-12-10T16:30:52","date_gmt":"2020-12-10T16:30:52","guid":{"rendered":"https:\/\/sandalio.org\/sw\/?page_id=361"},"modified":"2020-12-10T18:07:00","modified_gmt":"2020-12-10T18:07:00","slug":"curar-esta-diversidad","status":"publish","type":"page","link":"https:\/\/sandalio.org\/sw\/curar-esta-diversidad\/","title":{"rendered":"CURAR ESTA DIVERSIDAD"},"content":{"rendered":"\t\t<div data-elementor-type=\"wp-page\" data-elementor-id=\"361\" class=\"elementor elementor-361\" data-elementor-post-type=\"page\">\n\t\t\t\t\t\t<section class=\"elementor-section elementor-top-section elementor-element elementor-element-d961abf elementor-section-boxed elementor-section-height-default elementor-section-height-default\" data-id=\"d961abf\" data-element_type=\"section\" data-e-type=\"section\">\n\t\t\t\t\t\t<div class=\"elementor-container elementor-column-gap-default\">\n\t\t\t\t\t<div class=\"elementor-column elementor-col-100 elementor-top-column elementor-element elementor-element-89d8c6f\" data-id=\"89d8c6f\" data-element_type=\"column\" data-e-type=\"column\">\n\t\t\t<div class=\"elementor-widget-wrap elementor-element-populated\">\n\t\t\t\t\t\t<div class=\"elementor-element elementor-element-65b4a66 elementor-widget elementor-widget-heading\" data-id=\"65b4a66\" data-element_type=\"widget\" data-e-type=\"widget\" data-widget_type=\"heading.default\">\n\t\t\t\t<div class=\"elementor-widget-container\">\n\t\t\t\t\t<h2 class=\"elementor-heading-title elementor-size-default\">\u00bfC\u00f3mo curar esa diversidad\nque tanto da\u00f1o nos hace?\n<\/h2>\t\t\t\t<\/div>\n\t\t\t\t<\/div>\n\t\t\t\t<div class=\"elementor-element elementor-element-43bd415 elementor-widget elementor-widget-text-editor\" data-id=\"43bd415\" data-element_type=\"widget\" data-e-type=\"widget\" data-widget_type=\"text-editor.default\">\n\t\t\t\t<div class=\"elementor-widget-container\">\n\t\t\t\t\t\t\t\t\t<p>Despu\u00e9s de m\u00e1s de 35 a\u00f1os visitando c\u00e1rceles y chopanos (tugurios donde se refugian los que no tienen techo) y acogiendo en nuestra casa-comunidad a tant\u00edsimas personas que nos llegan, bien por circunstancias de la vida, bien por orden de la \u201cJusticia\u201d para acabar de cumplir su condena, bien porque buscan alternativas a una vida que no les satisface y quieren crecer como personas\u2026 <strong>si tuviera que sintetizar mucho<\/strong> (dejando a un lado los encuentros personales que sin duda es lo m\u00e1s importante) <strong>lo aprendido en estos a\u00f1os <\/strong>dir\u00eda:<\/p><ul><li>Que hemos sido bendecidos con una gracia extraordinaria: <strong>convivir<\/strong> con gente de todos los colores y continentes, de muy diferentes culturas, religiones y caracteres.<\/li><\/ul><p>Esto nos ha hecho conscientes de <strong>la incre\u00edble riqueza que contiene la diversidad humana cuando es aceptada como tal.<\/strong><\/p><ul><li>Que hemos visto la necesidad de <strong>reconfigurar<\/strong> nuestra mente y actitudes para acoger y aceptar esa diversidad. (Tambi\u00e9n nos hemos visto obligados a rechazar a algunos\u2026 y ese fracaso lo llevamos a cuestas).<\/li><\/ul><p>Ello nos ha llevado a <strong>agrandar y universalizar nuestras creencias y convicciones<\/strong>, nuestra manera de ver y estar en el mundo, nuestra manera de afrontar la realidad de cada d\u00eda.<\/p><p>\u00a0<\/p><ul><li>Que en esta convivencia diaria hemos experimentado <strong>otra muy diferente diversidad tambi\u00e9n humana<\/strong>: la de las taras, enfermedades, da\u00f1os y retorceduras que el ser humano puede llevar dentro de s\u00ed y arrastra y expande por donde quiera que vaya.<\/li><\/ul><p>Ello nos ha hecho m\u00e1s conscientes de <strong>nuestra incapacidad y falta de preparaci\u00f3n<\/strong> para hacer frente a esta diversidad insana que contamina nuestra biosfera y nuestra humanidad. Y <strong>nos obliga a estar<\/strong>, <strong>por pura necesidad, en sinton\u00eda con El que nos regal\u00f3 la tarea<\/strong>.<\/p><p>\u00a0<\/p><ul><li>Que necesitamos cada vez <strong>m\u00e1s personas que se preparen para luchar contra esta contaminaci\u00f3n humana<\/strong> que tanto da\u00f1o causa y que tan escasa reacci\u00f3n provoca; como si fuera algo inevitable. \u00a1Cu\u00e1n importante es <strong>una educaci\u00f3n<\/strong> (no te\u00f3rica, \u00a1por favor!) <strong>desde peque\u00f1os, en los l\u00edmites y privilegios del ser humano<\/strong>!<\/li><\/ul><p>Esta lucha creemos que tiene que ser <strong>desde la convivencia y la fraternidad<\/strong>; no desde la distancia y desnivel que marcan las instituciones y la profesionalidad.\u00a0<\/p><p>\u00a0<\/p><ul><li>Que hemos aprendido en todos estos a\u00f1os diversos caminos y maneras de afrontar estas dos diversidades, la rica y la insana; pero esto ser\u00eda muy largo de explicar. Baste por ahora apuntar que por encima de las teor\u00edas y los m\u00e9todos es preciso <strong>poseer y desarrollar una experiencia vital de reciprocidad y confianza <\/strong>ya que <strong>todos<\/strong> <strong>somos vasos comunicantes<\/strong> que aportamos y recibimos sin cesar. Pero en cada uno de estos vasos hay muy diferentes niveles<strong>, desde la superficie hasta la profundidad<\/strong>. Y en estos niveles hay mucha diferencia entre la salud y la enfermedad, sean \u00e9stas f\u00edsica, mental, espiritual o social.<\/li><\/ul><p>\u00a0<\/p><ul><li>Que seguimos aprendiendo (y lo que nos falta todav\u00eda) el arte de descubrir y utilizar correctamente <strong>los recursos sanadores sorprendentes<\/strong> que tiene una <strong>espiritualidad<\/strong> <strong>aut\u00e9nticamente universal<\/strong> que toda persona lleva dentro; aunque muchas veces ignora.<\/li><\/ul><p>\u00a0<\/p><p>RESUMIENDO: que desde la <strong>convivencia real<\/strong>, (no s\u00f3lo desde la observaci\u00f3n, el diagn\u00f3stico o la terapia) y <strong>la implicaci\u00f3n<\/strong> <strong>personal<\/strong>, tenemos <strong>m\u00e1s f\u00e1cil acceso al conocimiento y tambi\u00e9n a\u00a0 la sanaci\u00f3n de la diversidad humana, sea \u00e9sta enriquecida o contaminada<\/strong>.<\/p><p>\u00a0\u00a0\u00a0\u00a0\u00a0\u00a0\u00a0\u00a0\u00a0\u00a0\u00a0<\/p><p>\u00a0\u00a0\u00a0\u00a0\u00a0\u00a0\u00a0\u00a0\u00a0\u00a0\u00a0 <strong>Si quieres compartir tus inquietudes, b\u00fasquedas, conocimiento y experiencias en esta tarea tan necesaria y dif\u00edcil para que todos sigamos aprendiendo\u2026 puedes ponerte en contacto con nosotros.<\/strong><\/p>\t\t\t\t\t\t\t\t<\/div>\n\t\t\t\t<\/div>\n\t\t\t\t\t<\/div>\n\t\t<\/div>\n\t\t\t\t\t<\/div>\n\t\t<\/section>\n\t\t\t\t<\/div>\n\t\t","protected":false},"excerpt":{"rendered":"<p>\u00bfC\u00f3mo curar esa diversidad que tanto da\u00f1o nos hace? Despu\u00e9s de m\u00e1s de 35 a\u00f1os visitando c\u00e1rceles y chopanos (tugurios donde se refugian los que no tienen techo) y acogiendo en nuestra casa-comunidad a tant\u00edsimas personas que nos llegan, bien por circunstancias de la vida, bien por orden de la \u201cJusticia\u201d para acabar de cumplir [&hellip;]<\/p>\n","protected":false},"author":1,"featured_media":0,"parent":0,"menu_order":0,"comment_status":"closed","ping_status":"closed","template":"","meta":{"jetpack_post_was_ever_published":false,"footnotes":""},"class_list":["post-361","page","type-page","status-publish","hentry"],"yoast_head":"<!-- This site is optimized with the Yoast SEO plugin v27.5 - https:\/\/yoast.com\/product\/yoast-seo-wordpress\/ -->\n<title>CURAR ESTA DIVERSIDAD - SANDALIO WEBSITE<\/title>\n<meta name=\"robots\" content=\"index, follow, max-snippet:-1, max-image-preview:large, max-video-preview:-1\" \/>\n<link rel=\"canonical\" href=\"https:\/\/sandalio.org\/sw\/curar-esta-diversidad\/\" \/>\n<meta property=\"og:locale\" content=\"es_ES\" \/>\n<meta property=\"og:type\" content=\"article\" \/>\n<meta property=\"og:title\" content=\"CURAR ESTA DIVERSIDAD - SANDALIO WEBSITE\" \/>\n<meta property=\"og:description\" content=\"\u00bfC\u00f3mo curar esa diversidad que tanto da\u00f1o nos hace? Despu\u00e9s de m\u00e1s de 35 a\u00f1os visitando c\u00e1rceles y chopanos (tugurios donde se refugian los que no tienen techo) y acogiendo en nuestra casa-comunidad a tant\u00edsimas personas que nos llegan, bien por circunstancias de la vida, bien por orden de la \u201cJusticia\u201d para acabar de cumplir [&hellip;]\" \/>\n<meta property=\"og:url\" content=\"https:\/\/sandalio.org\/sw\/curar-esta-diversidad\/\" \/>\n<meta property=\"og:site_name\" content=\"SANDALIO WEBSITE\" \/>\n<meta property=\"article:modified_time\" content=\"2020-12-10T18:07:00+00:00\" \/>\n<meta name=\"twitter:card\" content=\"summary_large_image\" \/>\n<meta name=\"twitter:label1\" content=\"Tiempo de lectura\" \/>\n\t<meta name=\"twitter:data1\" content=\"3 minutos\" \/>\n<script type=\"application\/ld+json\" class=\"yoast-schema-graph\">{\"@context\":\"https:\\\/\\\/schema.org\",\"@graph\":[{\"@type\":\"WebPage\",\"@id\":\"https:\\\/\\\/sandalio.org\\\/sw\\\/curar-esta-diversidad\\\/\",\"url\":\"https:\\\/\\\/sandalio.org\\\/sw\\\/curar-esta-diversidad\\\/\",\"name\":\"CURAR ESTA DIVERSIDAD - SANDALIO WEBSITE\",\"isPartOf\":{\"@id\":\"https:\\\/\\\/sandalio.org\\\/sw\\\/#website\"},\"datePublished\":\"2020-12-10T16:30:52+00:00\",\"dateModified\":\"2020-12-10T18:07:00+00:00\",\"breadcrumb\":{\"@id\":\"https:\\\/\\\/sandalio.org\\\/sw\\\/curar-esta-diversidad\\\/#breadcrumb\"},\"inLanguage\":\"es\",\"potentialAction\":[{\"@type\":\"ReadAction\",\"target\":[\"https:\\\/\\\/sandalio.org\\\/sw\\\/curar-esta-diversidad\\\/\"]}]},{\"@type\":\"BreadcrumbList\",\"@id\":\"https:\\\/\\\/sandalio.org\\\/sw\\\/curar-esta-diversidad\\\/#breadcrumb\",\"itemListElement\":[{\"@type\":\"ListItem\",\"position\":1,\"name\":\"Portada\",\"item\":\"https:\\\/\\\/sandalio.org\\\/sw\\\/\"},{\"@type\":\"ListItem\",\"position\":2,\"name\":\"CURAR ESTA DIVERSIDAD\"}]},{\"@type\":\"WebSite\",\"@id\":\"https:\\\/\\\/sandalio.org\\\/sw\\\/#website\",\"url\":\"https:\\\/\\\/sandalio.org\\\/sw\\\/\",\"name\":\"SANDALIO WEBSITE\",\"description\":\"SANDALIO - LU\u00cdS CAMPUZANO\",\"publisher\":{\"@id\":\"https:\\\/\\\/sandalio.org\\\/sw\\\/#organization\"},\"potentialAction\":[{\"@type\":\"SearchAction\",\"target\":{\"@type\":\"EntryPoint\",\"urlTemplate\":\"https:\\\/\\\/sandalio.org\\\/sw\\\/?s={search_term_string}\"},\"query-input\":{\"@type\":\"PropertyValueSpecification\",\"valueRequired\":true,\"valueName\":\"search_term_string\"}}],\"inLanguage\":\"es\"},{\"@type\":\"Organization\",\"@id\":\"https:\\\/\\\/sandalio.org\\\/sw\\\/#organization\",\"name\":\"SANDALIO WEBSITE\",\"url\":\"https:\\\/\\\/sandalio.org\\\/sw\\\/\",\"logo\":{\"@type\":\"ImageObject\",\"inLanguage\":\"es\",\"@id\":\"https:\\\/\\\/sandalio.org\\\/sw\\\/#\\\/schema\\\/logo\\\/image\\\/\",\"url\":\"https:\\\/\\\/i0.wp.com\\\/sandalio.org\\\/sw\\\/wp-content\\\/uploads\\\/2019\\\/01\\\/logoasociacion_cdfye_web.png?fit=600%2C597&ssl=1\",\"contentUrl\":\"https:\\\/\\\/i0.wp.com\\\/sandalio.org\\\/sw\\\/wp-content\\\/uploads\\\/2019\\\/01\\\/logoasociacion_cdfye_web.png?fit=600%2C597&ssl=1\",\"width\":600,\"height\":597,\"caption\":\"SANDALIO WEBSITE\"},\"image\":{\"@id\":\"https:\\\/\\\/sandalio.org\\\/sw\\\/#\\\/schema\\\/logo\\\/image\\\/\"}}]}<\/script>\n<!-- \/ Yoast SEO plugin. -->","yoast_head_json":{"title":"CURAR ESTA DIVERSIDAD - SANDALIO WEBSITE","robots":{"index":"index","follow":"follow","max-snippet":"max-snippet:-1","max-image-preview":"max-image-preview:large","max-video-preview":"max-video-preview:-1"},"canonical":"https:\/\/sandalio.org\/sw\/curar-esta-diversidad\/","og_locale":"es_ES","og_type":"article","og_title":"CURAR ESTA DIVERSIDAD - SANDALIO WEBSITE","og_description":"\u00bfC\u00f3mo curar esa diversidad que tanto da\u00f1o nos hace? Despu\u00e9s de m\u00e1s de 35 a\u00f1os visitando c\u00e1rceles y chopanos (tugurios donde se refugian los que no tienen techo) y acogiendo en nuestra casa-comunidad a tant\u00edsimas personas que nos llegan, bien por circunstancias de la vida, bien por orden de la \u201cJusticia\u201d para acabar de cumplir [&hellip;]","og_url":"https:\/\/sandalio.org\/sw\/curar-esta-diversidad\/","og_site_name":"SANDALIO WEBSITE","article_modified_time":"2020-12-10T18:07:00+00:00","twitter_card":"summary_large_image","twitter_misc":{"Tiempo de lectura":"3 minutos"},"schema":{"@context":"https:\/\/schema.org","@graph":[{"@type":"WebPage","@id":"https:\/\/sandalio.org\/sw\/curar-esta-diversidad\/","url":"https:\/\/sandalio.org\/sw\/curar-esta-diversidad\/","name":"CURAR ESTA DIVERSIDAD - SANDALIO WEBSITE","isPartOf":{"@id":"https:\/\/sandalio.org\/sw\/#website"},"datePublished":"2020-12-10T16:30:52+00:00","dateModified":"2020-12-10T18:07:00+00:00","breadcrumb":{"@id":"https:\/\/sandalio.org\/sw\/curar-esta-diversidad\/#breadcrumb"},"inLanguage":"es","potentialAction":[{"@type":"ReadAction","target":["https:\/\/sandalio.org\/sw\/curar-esta-diversidad\/"]}]},{"@type":"BreadcrumbList","@id":"https:\/\/sandalio.org\/sw\/curar-esta-diversidad\/#breadcrumb","itemListElement":[{"@type":"ListItem","position":1,"name":"Portada","item":"https:\/\/sandalio.org\/sw\/"},{"@type":"ListItem","position":2,"name":"CURAR ESTA DIVERSIDAD"}]},{"@type":"WebSite","@id":"https:\/\/sandalio.org\/sw\/#website","url":"https:\/\/sandalio.org\/sw\/","name":"SANDALIO WEBSITE","description":"SANDALIO - LU\u00cdS CAMPUZANO","publisher":{"@id":"https:\/\/sandalio.org\/sw\/#organization"},"potentialAction":[{"@type":"SearchAction","target":{"@type":"EntryPoint","urlTemplate":"https:\/\/sandalio.org\/sw\/?s={search_term_string}"},"query-input":{"@type":"PropertyValueSpecification","valueRequired":true,"valueName":"search_term_string"}}],"inLanguage":"es"},{"@type":"Organization","@id":"https:\/\/sandalio.org\/sw\/#organization","name":"SANDALIO WEBSITE","url":"https:\/\/sandalio.org\/sw\/","logo":{"@type":"ImageObject","inLanguage":"es","@id":"https:\/\/sandalio.org\/sw\/#\/schema\/logo\/image\/","url":"https:\/\/i0.wp.com\/sandalio.org\/sw\/wp-content\/uploads\/2019\/01\/logoasociacion_cdfye_web.png?fit=600%2C597&ssl=1","contentUrl":"https:\/\/i0.wp.com\/sandalio.org\/sw\/wp-content\/uploads\/2019\/01\/logoasociacion_cdfye_web.png?fit=600%2C597&ssl=1","width":600,"height":597,"caption":"SANDALIO WEBSITE"},"image":{"@id":"https:\/\/sandalio.org\/sw\/#\/schema\/logo\/image\/"}}]}},"jetpack_sharing_enabled":true,"jetpack_shortlink":"https:\/\/wp.me\/PabpdT-5P","jetpack-related-posts":[{"id":357,"url":"https:\/\/sandalio.org\/sw\/escuela-de-hospitalidad\/","url_meta":{"origin":361,"position":0},"title":"ESCUELA DE HOSPITALIDAD","author":"kalonso","date":"10 diciembre, 2020","format":false,"excerpt":"AIRE PURO En nuestro mundo occidental hay -en muchas personas- una gran necesidad de recuperar el esp\u00edritu y elevarse hacia las cumbres de la vida, para mirar desde otra perspectiva los acontecimientos que ocurren a nuestro alrededor y en nuestra propia realidad. Leer m\u00e1s... ATENCI\u00d3N A LOS N\u00c1UFRAGOS En nuestro\u2026","rel":"","context":"Entrada similar","block_context":{"text":"Entrada similar","link":""},"img":{"alt_text":"","src":"https:\/\/i0.wp.com\/sandalio.org\/sw\/wp-content\/uploads\/2021\/03\/manos-e1616101290470.jpg?fit=1200%2C189&ssl=1&resize=350%2C200","width":350,"height":200,"srcset":"https:\/\/i0.wp.com\/sandalio.org\/sw\/wp-content\/uploads\/2021\/03\/manos-e1616101290470.jpg?fit=1200%2C189&ssl=1&resize=350%2C200 1x, https:\/\/i0.wp.com\/sandalio.org\/sw\/wp-content\/uploads\/2021\/03\/manos-e1616101290470.jpg?fit=1200%2C189&ssl=1&resize=525%2C300 1.5x, https:\/\/i0.wp.com\/sandalio.org\/sw\/wp-content\/uploads\/2021\/03\/manos-e1616101290470.jpg?fit=1200%2C189&ssl=1&resize=700%2C400 2x, https:\/\/i0.wp.com\/sandalio.org\/sw\/wp-content\/uploads\/2021\/03\/manos-e1616101290470.jpg?fit=1200%2C189&ssl=1&resize=1050%2C600 3x"},"classes":[]},{"id":615,"url":"https:\/\/sandalio.org\/sw\/una-escuela-para-grupos\/","url_meta":{"origin":361,"position":1},"title":"UNA ESCUELA PARA  GRUPOS","author":"kalonso","date":"18 marzo, 2021","format":false,"excerpt":"\"NO IMPORTA LA EDAD NI LAS CAPACIDADESSINO LA OPOTUNIDADY TODO LO QUE INESPERADAMENTE NOS TRAE\" Cuando son grupos homog\u00e9neos (peque\u00f1os o grandes) los que est\u00e1n interesados en profundizar en esta materia, es importante ponerse de acuerdo en las expectativas de los que dirigen tales grupos para que nuestra colaboraci\u00f3n sea\u2026","rel":"","context":"Entrada similar","block_context":{"text":"Entrada similar","link":""},"img":{"alt_text":"","src":"https:\/\/i0.wp.com\/sandalio.org\/sw\/wp-content\/uploads\/2021\/03\/grupos-1.jpeg?fit=1200%2C800&ssl=1&resize=350%2C200","width":350,"height":200,"srcset":"https:\/\/i0.wp.com\/sandalio.org\/sw\/wp-content\/uploads\/2021\/03\/grupos-1.jpeg?fit=1200%2C800&ssl=1&resize=350%2C200 1x, https:\/\/i0.wp.com\/sandalio.org\/sw\/wp-content\/uploads\/2021\/03\/grupos-1.jpeg?fit=1200%2C800&ssl=1&resize=525%2C300 1.5x, https:\/\/i0.wp.com\/sandalio.org\/sw\/wp-content\/uploads\/2021\/03\/grupos-1.jpeg?fit=1200%2C800&ssl=1&resize=700%2C400 2x, https:\/\/i0.wp.com\/sandalio.org\/sw\/wp-content\/uploads\/2021\/03\/grupos-1.jpeg?fit=1200%2C800&ssl=1&resize=1050%2C600 3x"},"classes":[]},{"id":616,"url":"https:\/\/sandalio.org\/sw\/recursos-de-la-escuela-de-espiritualidad\/","url_meta":{"origin":361,"position":2},"title":"RECURSOS DE LA ESCUELA DE ESPIRITUALIDAD","author":"kalonso","date":"18 marzo, 2021","format":false,"excerpt":"Se ir\u00e1n a\u00f1adiendo m\u00e1s poco a poco... AUDIO-LIBROS:Serie de 4 cintas dialogadas con canciones y m\u00fasica intercaladas para despertar y alimentar la inquietud espiritual, ofrecer pautas para el camino de b\u00fasqueda de autenticidad y caminar hacia la comunidad. 1.- \u201cAmigo...\u00bfA d\u00f3nde vas?\u201dPrimera de la serie, dirigida a pararse y pensar\u2026","rel":"","context":"Entrada similar","block_context":{"text":"Entrada similar","link":""},"img":{"alt_text":"","src":"https:\/\/i0.wp.com\/sandalio.org\/sw\/wp-content\/uploads\/2021\/03\/LAPICES-scaled.jpg?fit=1200%2C577&ssl=1&resize=350%2C200","width":350,"height":200,"srcset":"https:\/\/i0.wp.com\/sandalio.org\/sw\/wp-content\/uploads\/2021\/03\/LAPICES-scaled.jpg?fit=1200%2C577&ssl=1&resize=350%2C200 1x, https:\/\/i0.wp.com\/sandalio.org\/sw\/wp-content\/uploads\/2021\/03\/LAPICES-scaled.jpg?fit=1200%2C577&ssl=1&resize=525%2C300 1.5x, https:\/\/i0.wp.com\/sandalio.org\/sw\/wp-content\/uploads\/2021\/03\/LAPICES-scaled.jpg?fit=1200%2C577&ssl=1&resize=700%2C400 2x, https:\/\/i0.wp.com\/sandalio.org\/sw\/wp-content\/uploads\/2021\/03\/LAPICES-scaled.jpg?fit=1200%2C577&ssl=1&resize=1050%2C600 3x"},"classes":[]},{"id":572,"url":"https:\/\/sandalio.org\/sw\/ley-y-carcel\/","url_meta":{"origin":361,"position":3},"title":"LEY Y C\u00c1RCEL","author":"kalonso","date":"18 febrero, 2021","format":false,"excerpt":"Vamos a comenzar este apartado sobre lo muy diferente que se ve la\u00a0realidad, ya sea del Sistema penal (la LEY) o del Sistema Penitenciario (la\u00a0CARCEL) seg\u00fan sea la perspectiva desde donde cada uno las mire.Por eso vamos a comenzar con tres art\u00edculos aparecidos en la revista CR\u00cdTICA (n\u00ba 973, mayo\u2026","rel":"","context":"Entrada similar","block_context":{"text":"Entrada similar","link":""},"img":{"alt_text":"","src":"https:\/\/i0.wp.com\/sandalio.org\/sw\/wp-content\/uploads\/2021\/03\/leycarcel-portada-e1616089173710.png?fit=941%2C477&ssl=1&resize=350%2C200","width":350,"height":200,"srcset":"https:\/\/i0.wp.com\/sandalio.org\/sw\/wp-content\/uploads\/2021\/03\/leycarcel-portada-e1616089173710.png?fit=941%2C477&ssl=1&resize=350%2C200 1x, https:\/\/i0.wp.com\/sandalio.org\/sw\/wp-content\/uploads\/2021\/03\/leycarcel-portada-e1616089173710.png?fit=941%2C477&ssl=1&resize=525%2C300 1.5x, https:\/\/i0.wp.com\/sandalio.org\/sw\/wp-content\/uploads\/2021\/03\/leycarcel-portada-e1616089173710.png?fit=941%2C477&ssl=1&resize=700%2C400 2x"},"classes":[]},{"id":614,"url":"https:\/\/sandalio.org\/sw\/para-aprendices-y-buscadores-compartir-experiencias\/","url_meta":{"origin":361,"position":4},"title":"Para APRENDICES Y BUSCADORES: compartir experiencias\u200b","author":"kalonso","date":"18 marzo, 2021","format":false,"excerpt":"\"LO QUE NO VALE PARA TODOS... REALMENTE VALE MUY POCO\" La experiencia nos dice que la sociedad actual, por lo menos en esta cultura occidental que nos ha tocado vivir, ha desplegado todos sus recursos para vaciar a los seres humanos de su propia\u00a0IDENTIDAD, donde radica su\u00a0autenticidad\u00a0y su\u00a0fuerza,\u00a0y convertirlos en\u2026","rel":"","context":"Entrada similar","block_context":{"text":"Entrada similar","link":""},"img":{"alt_text":"","src":"https:\/\/i0.wp.com\/sandalio.org\/sw\/wp-content\/uploads\/2021\/03\/buscador-scaled.jpg?fit=1200%2C800&ssl=1&resize=350%2C200","width":350,"height":200,"srcset":"https:\/\/i0.wp.com\/sandalio.org\/sw\/wp-content\/uploads\/2021\/03\/buscador-scaled.jpg?fit=1200%2C800&ssl=1&resize=350%2C200 1x, https:\/\/i0.wp.com\/sandalio.org\/sw\/wp-content\/uploads\/2021\/03\/buscador-scaled.jpg?fit=1200%2C800&ssl=1&resize=525%2C300 1.5x, https:\/\/i0.wp.com\/sandalio.org\/sw\/wp-content\/uploads\/2021\/03\/buscador-scaled.jpg?fit=1200%2C800&ssl=1&resize=700%2C400 2x, https:\/\/i0.wp.com\/sandalio.org\/sw\/wp-content\/uploads\/2021\/03\/buscador-scaled.jpg?fit=1200%2C800&ssl=1&resize=1050%2C600 3x"},"classes":[]},{"id":35,"url":"https:\/\/sandalio.org\/sw\/expocarcel\/","url_meta":{"origin":361,"position":5},"title":"EXPOC\u00c1RCEL","author":"kalonso","date":"4 enero, 2019","format":false,"excerpt":"Despu\u00e9s de m\u00e1s de cuarenta a\u00f1os trabajando como voluntarios en diversas c\u00e1rceles espa\u00f1olas (hemos visitado y organizado actividades en m\u00e1s de sesenta) queda como testimonio nuestra labor de acompa\u00f1amiento a cientos de presos y liberados y esta EXPOC\u00c1RCEL que actualmente est\u00e1 recogida y almacenada; pero que todav\u00eda puede ponerse en\u2026","rel":"","context":"Entrada similar","block_context":{"text":"Entrada similar","link":""},"img":{"alt_text":"","src":"https:\/\/i0.wp.com\/sandalio.org\/sw\/wp-content\/uploads\/2021\/02\/expocarcel.png?fit=675%2C506&ssl=1&resize=350%2C200","width":350,"height":200,"srcset":"https:\/\/i0.wp.com\/sandalio.org\/sw\/wp-content\/uploads\/2021\/02\/expocarcel.png?fit=675%2C506&ssl=1&resize=350%2C200 1x, https:\/\/i0.wp.com\/sandalio.org\/sw\/wp-content\/uploads\/2021\/02\/expocarcel.png?fit=675%2C506&ssl=1&resize=525%2C300 1.5x"},"classes":[]}],"_links":{"self":[{"href":"https:\/\/sandalio.org\/sw\/wp-json\/wp\/v2\/pages\/361","targetHints":{"allow":["GET"]}}],"collection":[{"href":"https:\/\/sandalio.org\/sw\/wp-json\/wp\/v2\/pages"}],"about":[{"href":"https:\/\/sandalio.org\/sw\/wp-json\/wp\/v2\/types\/page"}],"author":[{"embeddable":true,"href":"https:\/\/sandalio.org\/sw\/wp-json\/wp\/v2\/users\/1"}],"replies":[{"embeddable":true,"href":"https:\/\/sandalio.org\/sw\/wp-json\/wp\/v2\/comments?post=361"}],"version-history":[{"count":4,"href":"https:\/\/sandalio.org\/sw\/wp-json\/wp\/v2\/pages\/361\/revisions"}],"predecessor-version":[{"id":421,"href":"https:\/\/sandalio.org\/sw\/wp-json\/wp\/v2\/pages\/361\/revisions\/421"}],"wp:attachment":[{"href":"https:\/\/sandalio.org\/sw\/wp-json\/wp\/v2\/media?parent=361"}],"curies":[{"name":"wp","href":"https:\/\/api.w.org\/{rel}","templated":true}]}}