{"id":368,"date":"2020-12-10T16:35:40","date_gmt":"2020-12-10T16:35:40","guid":{"rendered":"https:\/\/sandalio.org\/sw\/?page_id=368"},"modified":"2021-03-18T21:32:16","modified_gmt":"2021-03-18T21:32:16","slug":"sintesis","status":"publish","type":"page","link":"https:\/\/sandalio.org\/sw\/sintesis\/","title":{"rendered":"S\u00cdNTESIS"},"content":{"rendered":"\t\t<div data-elementor-type=\"wp-page\" data-elementor-id=\"368\" class=\"elementor elementor-368\" data-elementor-post-type=\"page\">\n\t\t\t\t\t\t<section class=\"elementor-section elementor-top-section elementor-element elementor-element-8d1df47 elementor-section-boxed elementor-section-height-default elementor-section-height-default\" data-id=\"8d1df47\" data-element_type=\"section\" data-e-type=\"section\">\n\t\t\t\t\t\t<div class=\"elementor-container elementor-column-gap-default\">\n\t\t\t\t\t<div class=\"elementor-column elementor-col-66 elementor-top-column elementor-element elementor-element-7ce56be\" data-id=\"7ce56be\" data-element_type=\"column\" data-e-type=\"column\">\n\t\t\t<div class=\"elementor-widget-wrap elementor-element-populated\">\n\t\t\t\t\t\t<div class=\"elementor-element elementor-element-45eeaa1 elementor-widget elementor-widget-text-editor\" data-id=\"45eeaa1\" data-element_type=\"widget\" data-e-type=\"widget\" data-widget_type=\"text-editor.default\">\n\t\t\t\t<div class=\"elementor-widget-container\">\n\t\t\t\t\t\t\t\t\t<h4 style=\"text-align: right;\">Si tuviera que sintetizar la funci\u00f3n de esta Escuela podr\u00eda decir que es la ense\u00f1anza de una espiritualidad aut\u00e9nticamente universal y para el tiempo presente, que no se encuentre condicionada por determinada cultura, religi\u00f3n, tradiciones o tendencias.<\/h4>\t\t\t\t\t\t\t\t<\/div>\n\t\t\t\t<\/div>\n\t\t\t\t\t<\/div>\n\t\t<\/div>\n\t\t\t\t<div class=\"elementor-column elementor-col-33 elementor-top-column elementor-element elementor-element-b2ba988\" data-id=\"b2ba988\" data-element_type=\"column\" data-e-type=\"column\">\n\t\t\t<div class=\"elementor-widget-wrap elementor-element-populated\">\n\t\t\t\t\t\t<div class=\"elementor-element elementor-element-62977d7 elementor-widget elementor-widget-image\" data-id=\"62977d7\" data-element_type=\"widget\" data-e-type=\"widget\" data-widget_type=\"image.default\">\n\t\t\t\t<div class=\"elementor-widget-container\">\n\t\t\t\t\t\t\t\t\t\t\t\t\t\t\t<img fetchpriority=\"high\" decoding=\"async\" data-attachment-id=\"432\" data-permalink=\"https:\/\/sandalio.org\/sw\/sintesis\/logoeeu\/\" data-orig-file=\"https:\/\/i0.wp.com\/sandalio.org\/sw\/wp-content\/uploads\/2021\/02\/LogoEEU.png?fit=3170%2C2445&amp;ssl=1\" data-orig-size=\"3170,2445\" data-comments-opened=\"1\" data-image-meta=\"{&quot;aperture&quot;:&quot;0&quot;,&quot;credit&quot;:&quot;&quot;,&quot;camera&quot;:&quot;&quot;,&quot;caption&quot;:&quot;&quot;,&quot;created_timestamp&quot;:&quot;0&quot;,&quot;copyright&quot;:&quot;&quot;,&quot;focal_length&quot;:&quot;0&quot;,&quot;iso&quot;:&quot;0&quot;,&quot;shutter_speed&quot;:&quot;0&quot;,&quot;title&quot;:&quot;&quot;,&quot;orientation&quot;:&quot;0&quot;}\" data-image-title=\"LogoEEU\" data-image-description=\"\" data-image-caption=\"\" data-large-file=\"https:\/\/i0.wp.com\/sandalio.org\/sw\/wp-content\/uploads\/2021\/02\/LogoEEU.png?fit=800%2C617&amp;ssl=1\" width=\"800\" height=\"617\" src=\"https:\/\/i0.wp.com\/sandalio.org\/sw\/wp-content\/uploads\/2021\/02\/LogoEEU.png?fit=800%2C617&amp;ssl=1\" class=\"attachment-large size-large wp-image-432\" alt=\"\" srcset=\"https:\/\/i0.wp.com\/sandalio.org\/sw\/wp-content\/uploads\/2021\/02\/LogoEEU.png?w=3170&amp;ssl=1 3170w, https:\/\/i0.wp.com\/sandalio.org\/sw\/wp-content\/uploads\/2021\/02\/LogoEEU.png?resize=300%2C231&amp;ssl=1 300w, https:\/\/i0.wp.com\/sandalio.org\/sw\/wp-content\/uploads\/2021\/02\/LogoEEU.png?resize=1024%2C790&amp;ssl=1 1024w, https:\/\/i0.wp.com\/sandalio.org\/sw\/wp-content\/uploads\/2021\/02\/LogoEEU.png?resize=768%2C592&amp;ssl=1 768w, https:\/\/i0.wp.com\/sandalio.org\/sw\/wp-content\/uploads\/2021\/02\/LogoEEU.png?resize=1536%2C1185&amp;ssl=1 1536w, https:\/\/i0.wp.com\/sandalio.org\/sw\/wp-content\/uploads\/2021\/02\/LogoEEU.png?resize=2048%2C1580&amp;ssl=1 2048w, https:\/\/i0.wp.com\/sandalio.org\/sw\/wp-content\/uploads\/2021\/02\/LogoEEU.png?w=1600&amp;ssl=1 1600w, https:\/\/i0.wp.com\/sandalio.org\/sw\/wp-content\/uploads\/2021\/02\/LogoEEU.png?w=2400&amp;ssl=1 2400w\" sizes=\"(max-width: 800px) 100vw, 800px\" data-attachment-id=\"432\" data-permalink=\"https:\/\/sandalio.org\/sw\/sintesis\/logoeeu\/\" data-orig-file=\"https:\/\/i0.wp.com\/sandalio.org\/sw\/wp-content\/uploads\/2021\/02\/LogoEEU.png?fit=3170%2C2445&amp;ssl=1\" data-orig-size=\"3170,2445\" data-comments-opened=\"1\" data-image-meta=\"{&quot;aperture&quot;:&quot;0&quot;,&quot;credit&quot;:&quot;&quot;,&quot;camera&quot;:&quot;&quot;,&quot;caption&quot;:&quot;&quot;,&quot;created_timestamp&quot;:&quot;0&quot;,&quot;copyright&quot;:&quot;&quot;,&quot;focal_length&quot;:&quot;0&quot;,&quot;iso&quot;:&quot;0&quot;,&quot;shutter_speed&quot;:&quot;0&quot;,&quot;title&quot;:&quot;&quot;,&quot;orientation&quot;:&quot;0&quot;}\" data-image-title=\"LogoEEU\" data-image-description=\"\" data-image-caption=\"\" data-large-file=\"https:\/\/i0.wp.com\/sandalio.org\/sw\/wp-content\/uploads\/2021\/02\/LogoEEU.png?fit=800%2C617&amp;ssl=1\" \/>\t\t\t\t\t\t\t\t\t\t\t\t\t\t\t<\/div>\n\t\t\t\t<\/div>\n\t\t\t\t\t<\/div>\n\t\t<\/div>\n\t\t\t\t\t<\/div>\n\t\t<\/section>\n\t\t\t\t<section class=\"elementor-section elementor-top-section elementor-element elementor-element-90b65e6 elementor-section-boxed elementor-section-height-default elementor-section-height-default\" data-id=\"90b65e6\" data-element_type=\"section\" data-e-type=\"section\">\n\t\t\t\t\t\t<div class=\"elementor-container elementor-column-gap-default\">\n\t\t\t\t\t<div class=\"elementor-column elementor-col-100 elementor-top-column elementor-element elementor-element-904316d\" data-id=\"904316d\" data-element_type=\"column\" data-e-type=\"column\">\n\t\t\t<div class=\"elementor-widget-wrap elementor-element-populated\">\n\t\t\t\t\t\t<div class=\"elementor-element elementor-element-b627992 elementor-widget elementor-widget-heading\" data-id=\"b627992\" data-element_type=\"widget\" data-e-type=\"widget\" data-widget_type=\"heading.default\">\n\t\t\t\t<div class=\"elementor-widget-container\">\n\t\t\t\t\t<h2 class=\"elementor-heading-title elementor-size-default\">S\u00edntesis: limpieza previa, aprendizaje experiencial, aut\u00e9ntica identidad, compa\u00f1eros y tarea.<\/h2>\t\t\t\t<\/div>\n\t\t\t\t<\/div>\n\t\t\t\t<div class=\"elementor-element elementor-element-36a5e2a elementor-widget elementor-widget-text-editor\" data-id=\"36a5e2a\" data-element_type=\"widget\" data-e-type=\"widget\" data-widget_type=\"text-editor.default\">\n\t\t\t\t<div class=\"elementor-widget-container\">\n\t\t\t\t\t\t\t\t\t<p><span style=\"font-weight: 400;\">Que s\u00f3lo pueden entrar en esta escuela aquell@s que est\u00e9n dispuest@s a hacer <\/span><b>una previa limpieza<\/b><span style=\"font-weight: 400;\"> ideol\u00f3gica, mental, religiosa o identitaria de todas aquellas cosas que empeque\u00f1ecen, arruinan, absolutizan y se adue\u00f1an de su propia perspectiva haci\u00e9ndola privilegiada y a veces excluyente.<\/span><\/p><p><span style=\"font-weight: 400;\">Esta limpieza no es destructiva ni aniquiladora; sino que se logra <\/span><b>ordenando<\/b><span style=\"font-weight: 400;\"> lo que ya hay, <\/span><b>eliminando<\/b><span style=\"font-weight: 400;\"> lo que estorba y sobra y <\/span><b>sacando brillo<\/b><span style=\"font-weight: 400;\"> a aquello que tiene m\u00e1s valor. Por aqu\u00ed empieza nuestro programa<\/span><\/p><p><span style=\"font-weight: 400;\">Que esta escuela no puede ser s\u00f3lo te\u00f3rica o creyente (por mucha fe que cada un@ tenga); sino que tiene que ser <\/span><b>fruto de una experiencia personal<\/b><span style=\"font-weight: 400;\"> y de un <\/span><b>compromiso serio de estar siempre con la Vida aprendiendo<\/b><span style=\"font-weight: 400;\">. La maestra es <\/span><b>la Vida<\/b><span style=\"font-weight: 400;\">, la escuela es el apoyo y <\/span><b>el aprendiz<\/b><span style=\"font-weight: 400;\">, quien se tiene que implicar y comprometer.<\/span><\/p><p><span style=\"font-weight: 400;\">La asignatura fundamental es descubrir nuestra <\/span><b>aut\u00e9ntica IDENTIDAD<\/b><span style=\"font-weight: 400;\"> para someter al EGO que ha ido construyendo, a su manera, nuestro <\/span><b>personaje<\/b><span style=\"font-weight: 400;\"> y ambos, una vez\u00a0 <\/span><b>reconciliados<\/b><span style=\"font-weight: 400;\">, encontrar los <\/span><b>compa\u00f1eros de camino<\/b><span style=\"font-weight: 400;\"> y <\/span><b>la tarea que nos corresponde.<\/b><\/p><p><span style=\"font-weight: 400;\">Aunque ponemos a vuestra disposici\u00f3n una serie de <\/span><b>materiales<\/b><span style=\"font-weight: 400;\"> que nos parecen \u00fatiles, una cosa es el trabajo intelectual, necesario y oportuno, y otra mucho m\u00e1s importante <\/span><b>el encuentro personal<\/b><span style=\"font-weight: 400;\"> en el que se calibran y <\/span><b>valoran las experiencias personales <\/b><span style=\"font-weight: 400;\">(no siempre acertadas y a veces contradictorias) y <\/span><b>se orienta un proceso de aprendizaje, b\u00fasqueda y autorrealizaci\u00f3n personal.<\/b><\/p>\t\t\t\t\t\t\t\t<\/div>\n\t\t\t\t<\/div>\n\t\t\t\t\t<\/div>\n\t\t<\/div>\n\t\t\t\t\t<\/div>\n\t\t<\/section>\n\t\t\t\t<\/div>\n\t\t","protected":false},"excerpt":{"rendered":"<p>Si tuviera que sintetizar la funci\u00f3n de esta Escuela podr\u00eda decir que es la ense\u00f1anza de una espiritualidad aut\u00e9nticamente universal y para el tiempo presente, que no se encuentre condicionada por determinada cultura, religi\u00f3n, tradiciones o tendencias. S\u00edntesis: limpieza previa, aprendizaje experiencial, aut\u00e9ntica identidad, compa\u00f1eros y tarea. Que s\u00f3lo pueden entrar en esta escuela aquell@s [&hellip;]<\/p>\n","protected":false},"author":1,"featured_media":665,"parent":0,"menu_order":0,"comment_status":"closed","ping_status":"closed","template":"","meta":{"jetpack_post_was_ever_published":false,"footnotes":""},"class_list":["post-368","page","type-page","status-publish","has-post-thumbnail","hentry"],"yoast_head":"<!-- This site is optimized with the Yoast SEO plugin v27.5 - https:\/\/yoast.com\/product\/yoast-seo-wordpress\/ -->\n<title>S\u00cdNTESIS - SANDALIO WEBSITE<\/title>\n<meta name=\"robots\" content=\"index, follow, max-snippet:-1, max-image-preview:large, max-video-preview:-1\" \/>\n<link rel=\"canonical\" href=\"https:\/\/sandalio.org\/sw\/sintesis\/\" \/>\n<meta property=\"og:locale\" content=\"es_ES\" \/>\n<meta property=\"og:type\" content=\"article\" \/>\n<meta property=\"og:title\" content=\"S\u00cdNTESIS - SANDALIO WEBSITE\" \/>\n<meta property=\"og:description\" content=\"Si tuviera que sintetizar la funci\u00f3n de esta Escuela podr\u00eda decir que es la ense\u00f1anza de una espiritualidad aut\u00e9nticamente universal y para el tiempo presente, que no se encuentre condicionada por determinada cultura, religi\u00f3n, tradiciones o tendencias. S\u00edntesis: limpieza previa, aprendizaje experiencial, aut\u00e9ntica identidad, compa\u00f1eros y tarea. Que s\u00f3lo pueden entrar en esta escuela aquell@s [&hellip;]\" \/>\n<meta property=\"og:url\" content=\"https:\/\/sandalio.org\/sw\/sintesis\/\" \/>\n<meta property=\"og:site_name\" content=\"SANDALIO WEBSITE\" \/>\n<meta property=\"article:modified_time\" content=\"2021-03-18T21:32:16+00:00\" \/>\n<meta property=\"og:image\" content=\"https:\/\/i0.wp.com\/sandalio.org\/sw\/wp-content\/uploads\/2021\/03\/Le-Petit-Prince-Trailer-Sreenshot-10.jpeg?fit=1906%2C410&ssl=1\" \/>\n\t<meta property=\"og:image:width\" content=\"1906\" \/>\n\t<meta property=\"og:image:height\" content=\"410\" \/>\n\t<meta property=\"og:image:type\" content=\"image\/jpeg\" \/>\n<meta name=\"twitter:card\" content=\"summary_large_image\" \/>\n<meta name=\"twitter:label1\" content=\"Tiempo de lectura\" \/>\n\t<meta name=\"twitter:data1\" content=\"2 minutos\" \/>\n<script type=\"application\/ld+json\" class=\"yoast-schema-graph\">{\"@context\":\"https:\\\/\\\/schema.org\",\"@graph\":[{\"@type\":\"WebPage\",\"@id\":\"https:\\\/\\\/sandalio.org\\\/sw\\\/sintesis\\\/\",\"url\":\"https:\\\/\\\/sandalio.org\\\/sw\\\/sintesis\\\/\",\"name\":\"S\u00cdNTESIS - SANDALIO WEBSITE\",\"isPartOf\":{\"@id\":\"https:\\\/\\\/sandalio.org\\\/sw\\\/#website\"},\"primaryImageOfPage\":{\"@id\":\"https:\\\/\\\/sandalio.org\\\/sw\\\/sintesis\\\/#primaryimage\"},\"image\":{\"@id\":\"https:\\\/\\\/sandalio.org\\\/sw\\\/sintesis\\\/#primaryimage\"},\"thumbnailUrl\":\"https:\\\/\\\/i0.wp.com\\\/sandalio.org\\\/sw\\\/wp-content\\\/uploads\\\/2021\\\/03\\\/Le-Petit-Prince-Trailer-Sreenshot-10.jpeg?fit=1906%2C410&ssl=1\",\"datePublished\":\"2020-12-10T16:35:40+00:00\",\"dateModified\":\"2021-03-18T21:32:16+00:00\",\"breadcrumb\":{\"@id\":\"https:\\\/\\\/sandalio.org\\\/sw\\\/sintesis\\\/#breadcrumb\"},\"inLanguage\":\"es\",\"potentialAction\":[{\"@type\":\"ReadAction\",\"target\":[\"https:\\\/\\\/sandalio.org\\\/sw\\\/sintesis\\\/\"]}]},{\"@type\":\"ImageObject\",\"inLanguage\":\"es\",\"@id\":\"https:\\\/\\\/sandalio.org\\\/sw\\\/sintesis\\\/#primaryimage\",\"url\":\"https:\\\/\\\/i0.wp.com\\\/sandalio.org\\\/sw\\\/wp-content\\\/uploads\\\/2021\\\/03\\\/Le-Petit-Prince-Trailer-Sreenshot-10.jpeg?fit=1906%2C410&ssl=1\",\"contentUrl\":\"https:\\\/\\\/i0.wp.com\\\/sandalio.org\\\/sw\\\/wp-content\\\/uploads\\\/2021\\\/03\\\/Le-Petit-Prince-Trailer-Sreenshot-10.jpeg?fit=1906%2C410&ssl=1\",\"width\":1906,\"height\":410},{\"@type\":\"BreadcrumbList\",\"@id\":\"https:\\\/\\\/sandalio.org\\\/sw\\\/sintesis\\\/#breadcrumb\",\"itemListElement\":[{\"@type\":\"ListItem\",\"position\":1,\"name\":\"Portada\",\"item\":\"https:\\\/\\\/sandalio.org\\\/sw\\\/\"},{\"@type\":\"ListItem\",\"position\":2,\"name\":\"S\u00cdNTESIS\"}]},{\"@type\":\"WebSite\",\"@id\":\"https:\\\/\\\/sandalio.org\\\/sw\\\/#website\",\"url\":\"https:\\\/\\\/sandalio.org\\\/sw\\\/\",\"name\":\"SANDALIO WEBSITE\",\"description\":\"SANDALIO - LU\u00cdS CAMPUZANO\",\"publisher\":{\"@id\":\"https:\\\/\\\/sandalio.org\\\/sw\\\/#organization\"},\"potentialAction\":[{\"@type\":\"SearchAction\",\"target\":{\"@type\":\"EntryPoint\",\"urlTemplate\":\"https:\\\/\\\/sandalio.org\\\/sw\\\/?s={search_term_string}\"},\"query-input\":{\"@type\":\"PropertyValueSpecification\",\"valueRequired\":true,\"valueName\":\"search_term_string\"}}],\"inLanguage\":\"es\"},{\"@type\":\"Organization\",\"@id\":\"https:\\\/\\\/sandalio.org\\\/sw\\\/#organization\",\"name\":\"SANDALIO WEBSITE\",\"url\":\"https:\\\/\\\/sandalio.org\\\/sw\\\/\",\"logo\":{\"@type\":\"ImageObject\",\"inLanguage\":\"es\",\"@id\":\"https:\\\/\\\/sandalio.org\\\/sw\\\/#\\\/schema\\\/logo\\\/image\\\/\",\"url\":\"https:\\\/\\\/i0.wp.com\\\/sandalio.org\\\/sw\\\/wp-content\\\/uploads\\\/2019\\\/01\\\/logoasociacion_cdfye_web.png?fit=600%2C597&ssl=1\",\"contentUrl\":\"https:\\\/\\\/i0.wp.com\\\/sandalio.org\\\/sw\\\/wp-content\\\/uploads\\\/2019\\\/01\\\/logoasociacion_cdfye_web.png?fit=600%2C597&ssl=1\",\"width\":600,\"height\":597,\"caption\":\"SANDALIO WEBSITE\"},\"image\":{\"@id\":\"https:\\\/\\\/sandalio.org\\\/sw\\\/#\\\/schema\\\/logo\\\/image\\\/\"}}]}<\/script>\n<!-- \/ Yoast SEO plugin. -->","yoast_head_json":{"title":"S\u00cdNTESIS - SANDALIO WEBSITE","robots":{"index":"index","follow":"follow","max-snippet":"max-snippet:-1","max-image-preview":"max-image-preview:large","max-video-preview":"max-video-preview:-1"},"canonical":"https:\/\/sandalio.org\/sw\/sintesis\/","og_locale":"es_ES","og_type":"article","og_title":"S\u00cdNTESIS - SANDALIO WEBSITE","og_description":"Si tuviera que sintetizar la funci\u00f3n de esta Escuela podr\u00eda decir que es la ense\u00f1anza de una espiritualidad aut\u00e9nticamente universal y para el tiempo presente, que no se encuentre condicionada por determinada cultura, religi\u00f3n, tradiciones o tendencias. S\u00edntesis: limpieza previa, aprendizaje experiencial, aut\u00e9ntica identidad, compa\u00f1eros y tarea. Que s\u00f3lo pueden entrar en esta escuela aquell@s [&hellip;]","og_url":"https:\/\/sandalio.org\/sw\/sintesis\/","og_site_name":"SANDALIO WEBSITE","article_modified_time":"2021-03-18T21:32:16+00:00","og_image":[{"width":1906,"height":410,"url":"https:\/\/i0.wp.com\/sandalio.org\/sw\/wp-content\/uploads\/2021\/03\/Le-Petit-Prince-Trailer-Sreenshot-10.jpeg?fit=1906%2C410&ssl=1","type":"image\/jpeg"}],"twitter_card":"summary_large_image","twitter_misc":{"Tiempo de lectura":"2 minutos"},"schema":{"@context":"https:\/\/schema.org","@graph":[{"@type":"WebPage","@id":"https:\/\/sandalio.org\/sw\/sintesis\/","url":"https:\/\/sandalio.org\/sw\/sintesis\/","name":"S\u00cdNTESIS - SANDALIO WEBSITE","isPartOf":{"@id":"https:\/\/sandalio.org\/sw\/#website"},"primaryImageOfPage":{"@id":"https:\/\/sandalio.org\/sw\/sintesis\/#primaryimage"},"image":{"@id":"https:\/\/sandalio.org\/sw\/sintesis\/#primaryimage"},"thumbnailUrl":"https:\/\/i0.wp.com\/sandalio.org\/sw\/wp-content\/uploads\/2021\/03\/Le-Petit-Prince-Trailer-Sreenshot-10.jpeg?fit=1906%2C410&ssl=1","datePublished":"2020-12-10T16:35:40+00:00","dateModified":"2021-03-18T21:32:16+00:00","breadcrumb":{"@id":"https:\/\/sandalio.org\/sw\/sintesis\/#breadcrumb"},"inLanguage":"es","potentialAction":[{"@type":"ReadAction","target":["https:\/\/sandalio.org\/sw\/sintesis\/"]}]},{"@type":"ImageObject","inLanguage":"es","@id":"https:\/\/sandalio.org\/sw\/sintesis\/#primaryimage","url":"https:\/\/i0.wp.com\/sandalio.org\/sw\/wp-content\/uploads\/2021\/03\/Le-Petit-Prince-Trailer-Sreenshot-10.jpeg?fit=1906%2C410&ssl=1","contentUrl":"https:\/\/i0.wp.com\/sandalio.org\/sw\/wp-content\/uploads\/2021\/03\/Le-Petit-Prince-Trailer-Sreenshot-10.jpeg?fit=1906%2C410&ssl=1","width":1906,"height":410},{"@type":"BreadcrumbList","@id":"https:\/\/sandalio.org\/sw\/sintesis\/#breadcrumb","itemListElement":[{"@type":"ListItem","position":1,"name":"Portada","item":"https:\/\/sandalio.org\/sw\/"},{"@type":"ListItem","position":2,"name":"S\u00cdNTESIS"}]},{"@type":"WebSite","@id":"https:\/\/sandalio.org\/sw\/#website","url":"https:\/\/sandalio.org\/sw\/","name":"SANDALIO WEBSITE","description":"SANDALIO - LU\u00cdS CAMPUZANO","publisher":{"@id":"https:\/\/sandalio.org\/sw\/#organization"},"potentialAction":[{"@type":"SearchAction","target":{"@type":"EntryPoint","urlTemplate":"https:\/\/sandalio.org\/sw\/?s={search_term_string}"},"query-input":{"@type":"PropertyValueSpecification","valueRequired":true,"valueName":"search_term_string"}}],"inLanguage":"es"},{"@type":"Organization","@id":"https:\/\/sandalio.org\/sw\/#organization","name":"SANDALIO WEBSITE","url":"https:\/\/sandalio.org\/sw\/","logo":{"@type":"ImageObject","inLanguage":"es","@id":"https:\/\/sandalio.org\/sw\/#\/schema\/logo\/image\/","url":"https:\/\/i0.wp.com\/sandalio.org\/sw\/wp-content\/uploads\/2019\/01\/logoasociacion_cdfye_web.png?fit=600%2C597&ssl=1","contentUrl":"https:\/\/i0.wp.com\/sandalio.org\/sw\/wp-content\/uploads\/2019\/01\/logoasociacion_cdfye_web.png?fit=600%2C597&ssl=1","width":600,"height":597,"caption":"SANDALIO WEBSITE"},"image":{"@id":"https:\/\/sandalio.org\/sw\/#\/schema\/logo\/image\/"}}]}},"jetpack_sharing_enabled":true,"jetpack_shortlink":"https:\/\/wp.me\/PabpdT-5W","jetpack-related-posts":[{"id":35,"url":"https:\/\/sandalio.org\/sw\/expocarcel\/","url_meta":{"origin":368,"position":0},"title":"EXPOC\u00c1RCEL","author":"kalonso","date":"4 enero, 2019","format":false,"excerpt":"Despu\u00e9s de m\u00e1s de cuarenta a\u00f1os trabajando como voluntarios en diversas c\u00e1rceles espa\u00f1olas (hemos visitado y organizado actividades en m\u00e1s de sesenta) queda como testimonio nuestra labor de acompa\u00f1amiento a cientos de presos y liberados y esta EXPOC\u00c1RCEL que actualmente est\u00e1 recogida y almacenada; pero que todav\u00eda puede ponerse en\u2026","rel":"","context":"Entrada similar","block_context":{"text":"Entrada similar","link":""},"img":{"alt_text":"","src":"https:\/\/i0.wp.com\/sandalio.org\/sw\/wp-content\/uploads\/2021\/02\/expocarcel.png?fit=675%2C506&ssl=1&resize=350%2C200","width":350,"height":200,"srcset":"https:\/\/i0.wp.com\/sandalio.org\/sw\/wp-content\/uploads\/2021\/02\/expocarcel.png?fit=675%2C506&ssl=1&resize=350%2C200 1x, https:\/\/i0.wp.com\/sandalio.org\/sw\/wp-content\/uploads\/2021\/02\/expocarcel.png?fit=675%2C506&ssl=1&resize=525%2C300 1.5x"},"classes":[]},{"id":361,"url":"https:\/\/sandalio.org\/sw\/curar-esta-diversidad\/","url_meta":{"origin":368,"position":1},"title":"CURAR ESTA DIVERSIDAD","author":"kalonso","date":"10 diciembre, 2020","format":false,"excerpt":"\u00bfC\u00f3mo curar esa diversidad que tanto da\u00f1o nos hace? Despu\u00e9s de m\u00e1s de 35 a\u00f1os visitando c\u00e1rceles y chopanos (tugurios donde se refugian los que no tienen techo) y acogiendo en nuestra casa-comunidad a tant\u00edsimas personas que nos llegan, bien por circunstancias de la vida, bien por orden de la\u2026","rel":"","context":"Entrada similar","block_context":{"text":"Entrada similar","link":""},"img":{"alt_text":"","src":"","width":0,"height":0},"classes":[]},{"id":572,"url":"https:\/\/sandalio.org\/sw\/ley-y-carcel\/","url_meta":{"origin":368,"position":2},"title":"LEY Y C\u00c1RCEL","author":"kalonso","date":"18 febrero, 2021","format":false,"excerpt":"Vamos a comenzar este apartado sobre lo muy diferente que se ve la\u00a0realidad, ya sea del Sistema penal (la LEY) o del Sistema Penitenciario (la\u00a0CARCEL) seg\u00fan sea la perspectiva desde donde cada uno las mire.Por eso vamos a comenzar con tres art\u00edculos aparecidos en la revista CR\u00cdTICA (n\u00ba 973, mayo\u2026","rel":"","context":"Entrada similar","block_context":{"text":"Entrada similar","link":""},"img":{"alt_text":"","src":"https:\/\/i0.wp.com\/sandalio.org\/sw\/wp-content\/uploads\/2021\/03\/leycarcel-portada-e1616089173710.png?fit=941%2C477&ssl=1&resize=350%2C200","width":350,"height":200,"srcset":"https:\/\/i0.wp.com\/sandalio.org\/sw\/wp-content\/uploads\/2021\/03\/leycarcel-portada-e1616089173710.png?fit=941%2C477&ssl=1&resize=350%2C200 1x, https:\/\/i0.wp.com\/sandalio.org\/sw\/wp-content\/uploads\/2021\/03\/leycarcel-portada-e1616089173710.png?fit=941%2C477&ssl=1&resize=525%2C300 1.5x, https:\/\/i0.wp.com\/sandalio.org\/sw\/wp-content\/uploads\/2021\/03\/leycarcel-portada-e1616089173710.png?fit=941%2C477&ssl=1&resize=700%2C400 2x"},"classes":[]},{"id":499,"url":"https:\/\/sandalio.org\/sw\/mirando-con-conocimiento\/","url_meta":{"origin":368,"position":3},"title":"MIRANDO CON CONOCIMIENTO","author":"kalonso","date":"18 febrero, 2021","format":false,"excerpt":"COMPROMISO Nuestro estar en el mundo no s\u00f3lo implica tener una tarea para estar ocupados y forjar una serie de relaciones humanas que nos ayuden a estar engarzados y escapar as\u00ed de la fragilidad individual y del individualismo ego\u00edsta y enfermizo.Nuestro estar en el mundo implica un compromiso: mejorarlo.Es muy\u2026","rel":"","context":"Entrada similar","block_context":{"text":"Entrada similar","link":""},"img":{"alt_text":"","src":"https:\/\/i0.wp.com\/sandalio.org\/sw\/wp-content\/uploads\/2020\/11\/100_0248-scaled.jpg?fit=1200%2C900&ssl=1&resize=350%2C200","width":350,"height":200,"srcset":"https:\/\/i0.wp.com\/sandalio.org\/sw\/wp-content\/uploads\/2020\/11\/100_0248-scaled.jpg?fit=1200%2C900&ssl=1&resize=350%2C200 1x, https:\/\/i0.wp.com\/sandalio.org\/sw\/wp-content\/uploads\/2020\/11\/100_0248-scaled.jpg?fit=1200%2C900&ssl=1&resize=525%2C300 1.5x, https:\/\/i0.wp.com\/sandalio.org\/sw\/wp-content\/uploads\/2020\/11\/100_0248-scaled.jpg?fit=1200%2C900&ssl=1&resize=700%2C400 2x, https:\/\/i0.wp.com\/sandalio.org\/sw\/wp-content\/uploads\/2020\/11\/100_0248-scaled.jpg?fit=1200%2C900&ssl=1&resize=1050%2C600 3x"},"classes":[]},{"id":614,"url":"https:\/\/sandalio.org\/sw\/para-aprendices-y-buscadores-compartir-experiencias\/","url_meta":{"origin":368,"position":4},"title":"Para APRENDICES Y BUSCADORES: compartir experiencias\u200b","author":"kalonso","date":"18 marzo, 2021","format":false,"excerpt":"\"LO QUE NO VALE PARA TODOS... REALMENTE VALE MUY POCO\" La experiencia nos dice que la sociedad actual, por lo menos en esta cultura occidental que nos ha tocado vivir, ha desplegado todos sus recursos para vaciar a los seres humanos de su propia\u00a0IDENTIDAD, donde radica su\u00a0autenticidad\u00a0y su\u00a0fuerza,\u00a0y convertirlos en\u2026","rel":"","context":"Entrada similar","block_context":{"text":"Entrada similar","link":""},"img":{"alt_text":"","src":"https:\/\/i0.wp.com\/sandalio.org\/sw\/wp-content\/uploads\/2021\/03\/buscador-scaled.jpg?fit=1200%2C800&ssl=1&resize=350%2C200","width":350,"height":200,"srcset":"https:\/\/i0.wp.com\/sandalio.org\/sw\/wp-content\/uploads\/2021\/03\/buscador-scaled.jpg?fit=1200%2C800&ssl=1&resize=350%2C200 1x, https:\/\/i0.wp.com\/sandalio.org\/sw\/wp-content\/uploads\/2021\/03\/buscador-scaled.jpg?fit=1200%2C800&ssl=1&resize=525%2C300 1.5x, https:\/\/i0.wp.com\/sandalio.org\/sw\/wp-content\/uploads\/2021\/03\/buscador-scaled.jpg?fit=1200%2C800&ssl=1&resize=700%2C400 2x, https:\/\/i0.wp.com\/sandalio.org\/sw\/wp-content\/uploads\/2021\/03\/buscador-scaled.jpg?fit=1200%2C800&ssl=1&resize=1050%2C600 3x"},"classes":[]},{"id":359,"url":"https:\/\/sandalio.org\/sw\/atencion-a-los-naufragos\/","url_meta":{"origin":368,"position":5},"title":"ATENCI\u00d3N A LOS NAUFRAGOS","author":"kalonso","date":"10 diciembre, 2020","format":false,"excerpt":"ATENCI\u00d3N A LOS NAUFRAGOS PARA QUE NO NOS DESHUMANICEMOS En nuestro tiempo es muy f\u00e1cil toparnos con la deshumanizaci\u00f3n a la que hemos llegado cuando contemplamos el fen\u00f3meno de la inmigraci\u00f3n y como la Uni\u00f3n Europea aparca todos los Derechos Humanos de los que tanto ha presumido para cerrar las\u2026","rel":"","context":"Entrada similar","block_context":{"text":"Entrada similar","link":""},"img":{"alt_text":"","src":"https:\/\/i0.wp.com\/sandalio.org\/sw\/wp-content\/uploads\/2024\/03\/cruzroja-e1710975235785.webp?fit=1024%2C343&ssl=1&resize=350%2C200","width":350,"height":200,"srcset":"https:\/\/i0.wp.com\/sandalio.org\/sw\/wp-content\/uploads\/2024\/03\/cruzroja-e1710975235785.webp?fit=1024%2C343&ssl=1&resize=350%2C200 1x, https:\/\/i0.wp.com\/sandalio.org\/sw\/wp-content\/uploads\/2024\/03\/cruzroja-e1710975235785.webp?fit=1024%2C343&ssl=1&resize=525%2C300 1.5x, https:\/\/i0.wp.com\/sandalio.org\/sw\/wp-content\/uploads\/2024\/03\/cruzroja-e1710975235785.webp?fit=1024%2C343&ssl=1&resize=700%2C400 2x"},"classes":[]}],"_links":{"self":[{"href":"https:\/\/sandalio.org\/sw\/wp-json\/wp\/v2\/pages\/368","targetHints":{"allow":["GET"]}}],"collection":[{"href":"https:\/\/sandalio.org\/sw\/wp-json\/wp\/v2\/pages"}],"about":[{"href":"https:\/\/sandalio.org\/sw\/wp-json\/wp\/v2\/types\/page"}],"author":[{"embeddable":true,"href":"https:\/\/sandalio.org\/sw\/wp-json\/wp\/v2\/users\/1"}],"replies":[{"embeddable":true,"href":"https:\/\/sandalio.org\/sw\/wp-json\/wp\/v2\/comments?post=368"}],"version-history":[{"count":44,"href":"https:\/\/sandalio.org\/sw\/wp-json\/wp\/v2\/pages\/368\/revisions"}],"predecessor-version":[{"id":663,"href":"https:\/\/sandalio.org\/sw\/wp-json\/wp\/v2\/pages\/368\/revisions\/663"}],"wp:featuredmedia":[{"embeddable":true,"href":"https:\/\/sandalio.org\/sw\/wp-json\/wp\/v2\/media\/665"}],"wp:attachment":[{"href":"https:\/\/sandalio.org\/sw\/wp-json\/wp\/v2\/media?parent=368"}],"curies":[{"name":"wp","href":"https:\/\/api.w.org\/{rel}","templated":true}]}}