{"id":499,"date":"2021-02-18T18:29:23","date_gmt":"2021-02-18T18:29:23","guid":{"rendered":"https:\/\/sandalio.org\/sw\/?page_id=499"},"modified":"2022-08-31T17:18:07","modified_gmt":"2022-08-31T17:18:07","slug":"mirando-con-conocimiento","status":"publish","type":"page","link":"https:\/\/sandalio.org\/sw\/mirando-con-conocimiento\/","title":{"rendered":"MIRANDO CON CONOCIMIENTO"},"content":{"rendered":"\t\t<div data-elementor-type=\"wp-page\" data-elementor-id=\"499\" class=\"elementor elementor-499\" data-elementor-post-type=\"page\">\n\t\t\t\t\t\t<section class=\"elementor-section elementor-top-section elementor-element elementor-element-b0f948d elementor-section-boxed elementor-section-height-default elementor-section-height-default\" data-id=\"b0f948d\" data-element_type=\"section\" data-e-type=\"section\">\n\t\t\t\t\t\t<div class=\"elementor-container elementor-column-gap-default\">\n\t\t\t\t\t<div class=\"elementor-column elementor-col-100 elementor-top-column elementor-element elementor-element-f4eaa9d\" data-id=\"f4eaa9d\" data-element_type=\"column\" data-e-type=\"column\">\n\t\t\t<div class=\"elementor-widget-wrap elementor-element-populated\">\n\t\t\t\t\t\t<div class=\"elementor-element elementor-element-7ff1c72 elementor-widget elementor-widget-heading\" data-id=\"7ff1c72\" data-element_type=\"widget\" data-e-type=\"widget\" data-widget_type=\"heading.default\">\n\t\t\t\t<div class=\"elementor-widget-container\">\n\t\t\t\t\t<h2 class=\"elementor-heading-title elementor-size-default\">COMPROMISO<\/h2>\t\t\t\t<\/div>\n\t\t\t\t<\/div>\n\t\t\t\t<div class=\"elementor-element elementor-element-4c2f951 elementor-widget elementor-widget-text-editor\" data-id=\"4c2f951\" data-element_type=\"widget\" data-e-type=\"widget\" data-widget_type=\"text-editor.default\">\n\t\t\t\t<div class=\"elementor-widget-container\">\n\t\t\t\t\t\t\t\t\t<p>Nuestro estar en el mundo no s\u00f3lo implica tener una tarea para estar ocupados y forjar una serie de relaciones humanas que nos ayuden a estar engarzados y escapar as\u00ed de la fragilidad individual y del individualismo ego\u00edsta y enfermizo.<\/p><p><strong>Nuestro estar en el mundo implica un compromiso: mejorarlo.<\/strong><\/p><p>Es muy vieja ya la historia de aquel joven, lleno de ilusiones que se formaba y esforzaba para cambiar el mundo\u2026 Al ir creciendo y haci\u00e9ndose responsable de su vida, comenz\u00f3 a darse cuenta de que ten\u00eda que ir achicando el c\u00edrculo de su atenci\u00f3n para dedicarse a mejorar el entorno que estaba a su alcance\u2026 Como tampoco lograba grandes \u00e9xitos y se estaba comprometiendo en formar una familia propia, pens\u00f3 que lo m\u00e1s apropiado era preocuparse por cambiar y mejorar la vida de los suyos\u2026 Pero la experiencia le demostr\u00f3 lo dif\u00edcil de este asunto y las satisfacciones y las frustraciones se mezclaban\u00a0 con persistente obstinaci\u00f3n\u2026 As\u00ed que decidi\u00f3 por fin emplear todos sus recursos y esfuerzos en cambiarse y mejorarse a s\u00ed mismo\u2026 Cuando llevaba un tiempo en este empe\u00f1o se dio cuenta de que <strong>empezaba a ver de una forma nueva y diferente todo lo que le rodeaba<\/strong>, lo m\u00e1s lejano y lo m\u00e1s cercano, y entonces lleg\u00f3 a la sencilla conclusi\u00f3n: <strong><em>\u201c\u00a1Por aqu\u00ed ten\u00eda que haber comenzado desde el principio, por cambiarme y mejorarme a m\u00ed mismo!\u201d<\/em><\/strong><strong><em>\u00a0<\/em><\/strong><\/p><p>Pues bien, si no hay <strong>transformaci\u00f3n interior<\/strong>, todo activismo puede quedar reducido a apacentarse de viento. Pero no es f\u00e1cil hacer esta transformaci\u00f3n en la direcci\u00f3n adecuada. Yo llevo toda la vida de aprendiz en este empe\u00f1o y algunas veces me he atrevido a decir o escribir algunas cosas que he visto con claridad. A continuaci\u00f3n dejo algunos escritos que tienen que ver con un <strong>cambio radical en nuestra manera de mirar <\/strong>el mundo que nos rodea y<strong> nuestro compromiso por mejorarlo.<\/strong><\/p>\t\t\t\t\t\t\t\t<\/div>\n\t\t\t\t<\/div>\n\t\t\t\t\t<\/div>\n\t\t<\/div>\n\t\t\t\t\t<\/div>\n\t\t<\/section>\n\t\t\t\t<section class=\"elementor-section elementor-top-section elementor-element elementor-element-39d1019 elementor-section-boxed elementor-section-height-default elementor-section-height-default\" data-id=\"39d1019\" data-element_type=\"section\" data-e-type=\"section\">\n\t\t\t\t\t\t<div class=\"elementor-container elementor-column-gap-default\">\n\t\t\t\t\t<div class=\"elementor-column elementor-col-100 elementor-top-column elementor-element elementor-element-27acc74\" data-id=\"27acc74\" data-element_type=\"column\" data-e-type=\"column\">\n\t\t\t<div class=\"elementor-widget-wrap elementor-element-populated\">\n\t\t\t\t\t\t<div class=\"elementor-element elementor-element-dea9418 elementor-widget elementor-widget-heading\" data-id=\"dea9418\" data-element_type=\"widget\" data-e-type=\"widget\" data-widget_type=\"heading.default\">\n\t\t\t\t<div class=\"elementor-widget-container\">\n\t\t\t\t\t<h2 class=\"elementor-heading-title elementor-size-default\">MIRADA CONTEMPLATIVA<\/h2>\t\t\t\t<\/div>\n\t\t\t\t<\/div>\n\t\t\t\t<div class=\"elementor-element elementor-element-bed4128 elementor-widget elementor-widget-text-editor\" data-id=\"bed4128\" data-element_type=\"widget\" data-e-type=\"widget\" data-widget_type=\"text-editor.default\">\n\t\t\t\t<div class=\"elementor-widget-container\">\n\t\t\t\t\t\t\t\t\t<p>Esta <strong>mirada nueva<\/strong> de la que habl\u00e1bamos en el apartado anterior es fruto de la transformaci\u00f3n interior que va surgiendo en nosotros\/as cuando no s\u00f3lo utilizamos la inteligencia; sino que profundizando en unos\/as mismos\/as llegamos a ese manantial que nos conecta con la armon\u00eda de todo lo que existe y en dicha armon\u00eda encontramos el sentido y las respuestas concretas.<\/p><p>Los folletos y libros que aqu\u00ed se ofrecen tienen en com\u00fan esa diferente forma de mirar que a veces cuesta trabajo encontrarla; pero nos ayuda a comprender mejor la realidad para poder cambiarla.<\/p><p>\u00a0<\/p>\t\t\t\t\t\t\t\t<\/div>\n\t\t\t\t<\/div>\n\t\t\t\t\t<\/div>\n\t\t<\/div>\n\t\t\t\t\t<\/div>\n\t\t<\/section>\n\t\t\t\t<section class=\"elementor-section elementor-top-section elementor-element elementor-element-0f11808 elementor-section-boxed elementor-section-height-default elementor-section-height-default\" data-id=\"0f11808\" data-element_type=\"section\" data-e-type=\"section\">\n\t\t\t\t\t\t<div class=\"elementor-container elementor-column-gap-default\">\n\t\t\t\t\t<div class=\"elementor-column elementor-col-100 elementor-top-column elementor-element elementor-element-e2e614c\" data-id=\"e2e614c\" data-element_type=\"column\" data-e-type=\"column\">\n\t\t\t<div class=\"elementor-widget-wrap elementor-element-populated\">\n\t\t\t\t\t\t<div class=\"elementor-element elementor-element-605f3f1 elementor-widget elementor-widget-heading\" data-id=\"605f3f1\" data-element_type=\"widget\" data-e-type=\"widget\" data-widget_type=\"heading.default\">\n\t\t\t\t<div class=\"elementor-widget-container\">\n\t\t\t\t\t<h2 class=\"elementor-heading-title elementor-size-default\"><b>FOLLETOS<\/b><\/h2>\t\t\t\t<\/div>\n\t\t\t\t<\/div>\n\t\t\t\t<div class=\"elementor-element elementor-element-6f32dbd elementor-widget elementor-widget-text-editor\" data-id=\"6f32dbd\" data-element_type=\"widget\" data-e-type=\"widget\" data-widget_type=\"text-editor.default\">\n\t\t\t\t<div class=\"elementor-widget-container\">\n\t\t\t\t\t\t\t\t\t<p><span style=\"background-color: transparent; font-family: -apple-system, BlinkMacSystemFont, 'Segoe UI', Roboto, 'Helvetica Neue', Arial, 'Noto Sans', sans-serif; font-size: 1rem;\">Aunque desde muy joven comenc\u00e9 a escribir (poemas, cuentos, mi primera obra de teatro a los 14 a\u00f1os) lleg\u00f3 un momento en que tom\u00e9 una decisi\u00f3n importante para m\u00ed: dejar\u00eda de escribir y\u00a0<\/span><strong style=\"background-color: transparent; font-family: -apple-system, BlinkMacSystemFont, 'Segoe UI', Roboto, 'Helvetica Neue', Arial, 'Noto Sans', sans-serif; font-size: 1rem;\">me dedicar\u00eda a vivir para aprender lo que la Vida me quer\u00eda ense\u00f1ar<\/strong><span style=\"background-color: transparent; font-family: -apple-system, BlinkMacSystemFont, 'Segoe UI', Roboto, 'Helvetica Neue', Arial, 'Noto Sans', sans-serif; font-size: 1rem;\">.<\/span><\/p><p><img fetchpriority=\"high\" decoding=\"async\" data-attachment-id=\"506\" data-permalink=\"https:\/\/sandalio.org\/sw\/grupodeteatro\/\" data-orig-file=\"https:\/\/i0.wp.com\/sandalio.org\/sw\/wp-content\/uploads\/2021\/02\/grupodeteatro.png?fit=650%2C460&amp;ssl=1\" data-orig-size=\"650,460\" data-comments-opened=\"1\" data-image-meta=\"{&quot;aperture&quot;:&quot;0&quot;,&quot;credit&quot;:&quot;&quot;,&quot;camera&quot;:&quot;&quot;,&quot;caption&quot;:&quot;&quot;,&quot;created_timestamp&quot;:&quot;0&quot;,&quot;copyright&quot;:&quot;&quot;,&quot;focal_length&quot;:&quot;0&quot;,&quot;iso&quot;:&quot;0&quot;,&quot;shutter_speed&quot;:&quot;0&quot;,&quot;title&quot;:&quot;&quot;,&quot;orientation&quot;:&quot;0&quot;}\" data-image-title=\"grupodeteatro\" data-image-description=\"\" data-image-caption=\"\" data-large-file=\"https:\/\/i0.wp.com\/sandalio.org\/sw\/wp-content\/uploads\/2021\/02\/grupodeteatro.png?fit=650%2C460&amp;ssl=1\" data-recalc-dims=\"1\" class=\"size-medium wp-image-506 alignright\" src=\"https:\/\/i0.wp.com\/sandalio.org\/sw\/wp-content\/uploads\/2021\/02\/grupodeteatro.png?resize=300%2C212&#038;ssl=1\" alt=\"\" width=\"300\" height=\"212\" srcset=\"https:\/\/i0.wp.com\/sandalio.org\/sw\/wp-content\/uploads\/2021\/02\/grupodeteatro.png?w=650&amp;ssl=1 650w, https:\/\/i0.wp.com\/sandalio.org\/sw\/wp-content\/uploads\/2021\/02\/grupodeteatro.png?resize=300%2C212&amp;ssl=1 300w\" sizes=\"(max-width: 300px) 100vw, 300px\" \/><\/p><p>Despu\u00e9s de varios a\u00f1os sin escribir nada m\u00e1s que textos obligados por circunstancias especiales o por las actividades organizadas (por ejemplo para el grupo de teatro\u00a0 \u201c<strong>Guada\u00f1a<\/strong>\u201d de Castro Urdiales, que actuaba siempre con obras propias)\u00a0comenc\u00e9 a escribir a ratos porque la actividad diaria me absorb\u00eda todo el tiempo. As\u00ed naci\u00f3\u00a0 en Taiz\u00e9,\u00a0<strong>BABELIA<\/strong>\u00a0como una novela por entregas (que todav\u00eda est\u00e1 inacabada).<\/p>\t\t\t\t\t\t\t\t<\/div>\n\t\t\t\t<\/div>\n\t\t\t\t\t<\/div>\n\t\t<\/div>\n\t\t\t\t\t<\/div>\n\t\t<\/section>\n\t\t\t\t<section class=\"elementor-section elementor-top-section elementor-element elementor-element-49df8f4 elementor-section-boxed elementor-section-height-default elementor-section-height-default\" data-id=\"49df8f4\" data-element_type=\"section\" data-e-type=\"section\">\n\t\t\t\t\t\t<div class=\"elementor-container elementor-column-gap-default\">\n\t\t\t\t\t<div class=\"elementor-column elementor-col-100 elementor-top-column elementor-element elementor-element-8851f9a\" data-id=\"8851f9a\" data-element_type=\"column\" data-e-type=\"column\">\n\t\t\t<div class=\"elementor-widget-wrap elementor-element-populated\">\n\t\t\t\t\t\t<div class=\"elementor-element elementor-element-c1986ac elementor-widget elementor-widget-heading\" data-id=\"c1986ac\" data-element_type=\"widget\" data-e-type=\"widget\" data-widget_type=\"heading.default\">\n\t\t\t\t<div class=\"elementor-widget-container\">\n\t\t\t\t\t<h2 class=\"elementor-heading-title elementor-size-default\">Babelia 1 : La antigua y siempre nueva historia de Babelia.<\/h2>\t\t\t\t<\/div>\n\t\t\t\t<\/div>\n\t\t\t\t\t<\/div>\n\t\t<\/div>\n\t\t\t\t\t<\/div>\n\t\t<\/section>\n\t\t\t\t<section class=\"elementor-section elementor-top-section elementor-element elementor-element-96218ca elementor-section-boxed elementor-section-height-default elementor-section-height-default\" data-id=\"96218ca\" data-element_type=\"section\" data-e-type=\"section\">\n\t\t\t\t\t\t<div class=\"elementor-container elementor-column-gap-default\">\n\t\t\t\t\t<div class=\"elementor-column elementor-col-33 elementor-top-column elementor-element elementor-element-2c6dd66\" data-id=\"2c6dd66\" data-element_type=\"column\" data-e-type=\"column\">\n\t\t\t<div class=\"elementor-widget-wrap elementor-element-populated\">\n\t\t\t\t\t\t<div class=\"elementor-element elementor-element-2b6352c elementor-widget elementor-widget-image\" data-id=\"2b6352c\" data-element_type=\"widget\" data-e-type=\"widget\" data-widget_type=\"image.default\">\n\t\t\t\t<div class=\"elementor-widget-container\">\n\t\t\t\t\t\t\t\t\t\t\t\t\t\t\t<img decoding=\"async\" data-attachment-id=\"507\" data-permalink=\"https:\/\/sandalio.org\/sw\/mirando-con-conocimiento\/babelia1\/\" data-orig-file=\"https:\/\/i0.wp.com\/sandalio.org\/sw\/wp-content\/uploads\/2021\/02\/babelia1.png?fit=362%2C483&amp;ssl=1\" data-orig-size=\"362,483\" data-comments-opened=\"1\" data-image-meta=\"{&quot;aperture&quot;:&quot;0&quot;,&quot;credit&quot;:&quot;&quot;,&quot;camera&quot;:&quot;&quot;,&quot;caption&quot;:&quot;&quot;,&quot;created_timestamp&quot;:&quot;0&quot;,&quot;copyright&quot;:&quot;&quot;,&quot;focal_length&quot;:&quot;0&quot;,&quot;iso&quot;:&quot;0&quot;,&quot;shutter_speed&quot;:&quot;0&quot;,&quot;title&quot;:&quot;&quot;,&quot;orientation&quot;:&quot;0&quot;}\" data-image-title=\"babelia1\" data-image-description=\"\" data-image-caption=\"\" data-large-file=\"https:\/\/i0.wp.com\/sandalio.org\/sw\/wp-content\/uploads\/2021\/02\/babelia1.png?fit=362%2C483&amp;ssl=1\" width=\"362\" height=\"483\" src=\"https:\/\/i0.wp.com\/sandalio.org\/sw\/wp-content\/uploads\/2021\/02\/babelia1.png?fit=362%2C483&amp;ssl=1\" class=\"attachment-large size-large wp-image-507\" alt=\"\" srcset=\"https:\/\/i0.wp.com\/sandalio.org\/sw\/wp-content\/uploads\/2021\/02\/babelia1.png?w=362&amp;ssl=1 362w, https:\/\/i0.wp.com\/sandalio.org\/sw\/wp-content\/uploads\/2021\/02\/babelia1.png?resize=225%2C300&amp;ssl=1 225w\" sizes=\"(max-width: 362px) 100vw, 362px\" data-attachment-id=\"507\" data-permalink=\"https:\/\/sandalio.org\/sw\/mirando-con-conocimiento\/babelia1\/\" data-orig-file=\"https:\/\/i0.wp.com\/sandalio.org\/sw\/wp-content\/uploads\/2021\/02\/babelia1.png?fit=362%2C483&amp;ssl=1\" data-orig-size=\"362,483\" data-comments-opened=\"1\" data-image-meta=\"{&quot;aperture&quot;:&quot;0&quot;,&quot;credit&quot;:&quot;&quot;,&quot;camera&quot;:&quot;&quot;,&quot;caption&quot;:&quot;&quot;,&quot;created_timestamp&quot;:&quot;0&quot;,&quot;copyright&quot;:&quot;&quot;,&quot;focal_length&quot;:&quot;0&quot;,&quot;iso&quot;:&quot;0&quot;,&quot;shutter_speed&quot;:&quot;0&quot;,&quot;title&quot;:&quot;&quot;,&quot;orientation&quot;:&quot;0&quot;}\" data-image-title=\"babelia1\" data-image-description=\"\" data-image-caption=\"\" data-large-file=\"https:\/\/i0.wp.com\/sandalio.org\/sw\/wp-content\/uploads\/2021\/02\/babelia1.png?fit=362%2C483&amp;ssl=1\" \/>\t\t\t\t\t\t\t\t\t\t\t\t\t\t\t<\/div>\n\t\t\t\t<\/div>\n\t\t\t\t\t<\/div>\n\t\t<\/div>\n\t\t\t\t<div class=\"elementor-column elementor-col-66 elementor-top-column elementor-element elementor-element-8af2f26\" data-id=\"8af2f26\" data-element_type=\"column\" data-e-type=\"column\">\n\t\t\t<div class=\"elementor-widget-wrap elementor-element-populated\">\n\t\t\t\t\t\t<div class=\"elementor-element elementor-element-70318b3 elementor-widget elementor-widget-text-editor\" data-id=\"70318b3\" data-element_type=\"widget\" data-e-type=\"widget\" data-widget_type=\"text-editor.default\">\n\t\t\t\t<div class=\"elementor-widget-container\">\n\t\t\t\t\t\t\t\t\t<p><strong>Babelia<\/strong><em>\u2026\u201dera una gigantesca ameba fagocitando todo lo que entraba en contacto con ella, era un imperio incontenible, mucho m\u00e1s poderoso que el romano, que el mongol, que el espa\u00f1ol, que el norteamericano\u2026 le llamaban los historiadores futuristas: el Gran Imperio de la Globalizaci\u00f3n (G.I.G.)\u201d<\/em><\/p><p>As\u00ed empieza la primera entrega<em>: \u201c<strong>La antigua y siempre nueva historia de Babelia\u201d.<\/strong><\/em><\/p><p><em>Probablemente no te diste cuenta cuando te devor\u00f3; porque a\u00fan eras un ser muy peque\u00f1o, casi insignificante\u2026 Pero despu\u00e9s\u2026 \u00bfC\u00f3mo no echaste en falta todo lo que te hab\u00eda arrebatado: la luz de los ojos, el brillo interior, el tesoro escondido, la tierna esperanza? \u00bfC\u00f3mo pudiste resistir sin rebelarte una vida apagada, mustia, endeble, enfermiza\u2026acomodada?<\/em><\/p><p>El protagonista de <strong>BABELIA <\/strong>es un cuenta cuentos que est\u00e1 ya de vuelta de todo y cree tener un cuento y una explicaci\u00f3n para todo lo que pasa a su alrededor. Hasta que un d\u00eda, <strong>una experiencia extra\u00f1a le hace darse cuenta de que no sabe nada<\/strong>. De que tiene que <strong>empezar a ver las cosas de otra forma<\/strong>\u2026\u00a0 Y se vuelve aprendiz y necesitado de referentes.<\/p><p>Si quieres seguir leyendo, pincha aqu\u00ed.<\/p>\t\t\t\t\t\t\t\t<\/div>\n\t\t\t\t<\/div>\n\t\t\t\t\t<\/div>\n\t\t<\/div>\n\t\t\t\t\t<\/div>\n\t\t<\/section>\n\t\t\t\t<section class=\"elementor-section elementor-top-section elementor-element elementor-element-90ab24e elementor-section-boxed elementor-section-height-default elementor-section-height-default\" data-id=\"90ab24e\" data-element_type=\"section\" data-e-type=\"section\">\n\t\t\t\t\t\t<div class=\"elementor-container elementor-column-gap-default\">\n\t\t\t\t\t<div class=\"elementor-column elementor-col-100 elementor-top-column elementor-element elementor-element-c8d5e2a\" data-id=\"c8d5e2a\" data-element_type=\"column\" data-e-type=\"column\">\n\t\t\t<div class=\"elementor-widget-wrap elementor-element-populated\">\n\t\t\t\t\t\t<div class=\"elementor-element elementor-element-193e5e8 elementor-widget elementor-widget-heading\" data-id=\"193e5e8\" data-element_type=\"widget\" data-e-type=\"widget\" data-widget_type=\"heading.default\">\n\t\t\t\t<div class=\"elementor-widget-container\">\n\t\t\t\t\t<h2 class=\"elementor-heading-title elementor-size-default\">Babelia 2 : Algo sobre navidad<\/h2>\t\t\t\t<\/div>\n\t\t\t\t<\/div>\n\t\t\t\t\t<\/div>\n\t\t<\/div>\n\t\t\t\t\t<\/div>\n\t\t<\/section>\n\t\t\t\t<section class=\"elementor-section elementor-top-section elementor-element elementor-element-135f8bc elementor-section-boxed elementor-section-height-default elementor-section-height-default\" data-id=\"135f8bc\" data-element_type=\"section\" data-e-type=\"section\">\n\t\t\t\t\t\t<div class=\"elementor-container elementor-column-gap-default\">\n\t\t\t\t\t<div class=\"elementor-column elementor-col-33 elementor-top-column elementor-element elementor-element-a415179\" data-id=\"a415179\" data-element_type=\"column\" data-e-type=\"column\">\n\t\t\t<div class=\"elementor-widget-wrap elementor-element-populated\">\n\t\t\t\t\t\t<div class=\"elementor-element elementor-element-e5a734a elementor-widget elementor-widget-image\" data-id=\"e5a734a\" data-element_type=\"widget\" data-e-type=\"widget\" data-widget_type=\"image.default\">\n\t\t\t\t<div class=\"elementor-widget-container\">\n\t\t\t\t\t\t\t\t\t\t\t\t\t\t\t<img decoding=\"async\" data-attachment-id=\"511\" data-permalink=\"https:\/\/sandalio.org\/sw\/mirando-con-conocimiento\/babelia2\/\" data-orig-file=\"https:\/\/i0.wp.com\/sandalio.org\/sw\/wp-content\/uploads\/2021\/02\/babelia2.png?fit=406%2C541&amp;ssl=1\" data-orig-size=\"406,541\" data-comments-opened=\"1\" data-image-meta=\"{&quot;aperture&quot;:&quot;0&quot;,&quot;credit&quot;:&quot;&quot;,&quot;camera&quot;:&quot;&quot;,&quot;caption&quot;:&quot;&quot;,&quot;created_timestamp&quot;:&quot;0&quot;,&quot;copyright&quot;:&quot;&quot;,&quot;focal_length&quot;:&quot;0&quot;,&quot;iso&quot;:&quot;0&quot;,&quot;shutter_speed&quot;:&quot;0&quot;,&quot;title&quot;:&quot;&quot;,&quot;orientation&quot;:&quot;0&quot;}\" data-image-title=\"babelia2\" data-image-description=\"\" data-image-caption=\"\" data-large-file=\"https:\/\/i0.wp.com\/sandalio.org\/sw\/wp-content\/uploads\/2021\/02\/babelia2.png?fit=406%2C541&amp;ssl=1\" width=\"406\" height=\"541\" src=\"https:\/\/i0.wp.com\/sandalio.org\/sw\/wp-content\/uploads\/2021\/02\/babelia2.png?fit=406%2C541&amp;ssl=1\" class=\"attachment-large size-large wp-image-511\" alt=\"\" srcset=\"https:\/\/i0.wp.com\/sandalio.org\/sw\/wp-content\/uploads\/2021\/02\/babelia2.png?w=406&amp;ssl=1 406w, https:\/\/i0.wp.com\/sandalio.org\/sw\/wp-content\/uploads\/2021\/02\/babelia2.png?resize=225%2C300&amp;ssl=1 225w\" sizes=\"(max-width: 406px) 100vw, 406px\" data-attachment-id=\"511\" data-permalink=\"https:\/\/sandalio.org\/sw\/mirando-con-conocimiento\/babelia2\/\" data-orig-file=\"https:\/\/i0.wp.com\/sandalio.org\/sw\/wp-content\/uploads\/2021\/02\/babelia2.png?fit=406%2C541&amp;ssl=1\" data-orig-size=\"406,541\" data-comments-opened=\"1\" data-image-meta=\"{&quot;aperture&quot;:&quot;0&quot;,&quot;credit&quot;:&quot;&quot;,&quot;camera&quot;:&quot;&quot;,&quot;caption&quot;:&quot;&quot;,&quot;created_timestamp&quot;:&quot;0&quot;,&quot;copyright&quot;:&quot;&quot;,&quot;focal_length&quot;:&quot;0&quot;,&quot;iso&quot;:&quot;0&quot;,&quot;shutter_speed&quot;:&quot;0&quot;,&quot;title&quot;:&quot;&quot;,&quot;orientation&quot;:&quot;0&quot;}\" data-image-title=\"babelia2\" data-image-description=\"\" data-image-caption=\"\" data-large-file=\"https:\/\/i0.wp.com\/sandalio.org\/sw\/wp-content\/uploads\/2021\/02\/babelia2.png?fit=406%2C541&amp;ssl=1\" \/>\t\t\t\t\t\t\t\t\t\t\t\t\t\t\t<\/div>\n\t\t\t\t<\/div>\n\t\t\t\t\t<\/div>\n\t\t<\/div>\n\t\t\t\t<div class=\"elementor-column elementor-col-66 elementor-top-column elementor-element elementor-element-2cd088d\" data-id=\"2cd088d\" data-element_type=\"column\" data-e-type=\"column\">\n\t\t\t<div class=\"elementor-widget-wrap elementor-element-populated\">\n\t\t\t\t\t\t<div class=\"elementor-element elementor-element-e154c25 elementor-widget elementor-widget-text-editor\" data-id=\"e154c25\" data-element_type=\"widget\" data-e-type=\"widget\" data-widget_type=\"text-editor.default\">\n\t\t\t\t<div class=\"elementor-widget-container\">\n\t\t\t\t\t\t\t\t\t<p><em>\u201c<\/em><strong>Hay ciertas fechas en que la vida se me vuelve especialmente fastidiosa<\/strong>. Ya s\u00e9 que cuando me consideraba el esp\u00edritu m\u00e1s libre de planeta, uno de los pensadores m\u00e1s imparciales y como observador perspicaz, uno de los mejor situados en medio del Laberinto yo estaba tranquilo y hasta miraba con cierta condescendiente lejan\u00eda o apartamiento <strong>esos montajes que el Gran Imperio de la Globalidad (G I.G.). levanta en determinadas fechas para\u00a0 amplificar las sensaciones de sus s\u00fabditos, para turbopropulsar las relaciones econ\u00f3micas de las Empresas y para inyectar autoestima en las bases de las Grandes Instituciones Religiosas (G.I.R.) (\u2026)<\/strong><\/p><p>As\u00ed empieza \u00a0este folleto. Y as\u00ed acaba:<\/p><p>\u201cY ahora que llevo un buen rato sentado escribiendo esto, a la luz de la luna y del cabo de vela que me queda, reconozco que, aunque estoy haciendo progresos, <strong>no podr\u00e9 entenderlo todo hasta que deje mi casa y le siga a donde me lleve. <\/strong>Y creo que ya voy intuyendo <strong>su rumbo: siempre hacia la oscuridad, hacia donde el dolor se calla, hacia donde es\u00a0 preciso que nazcan la paz y la esperanza\u2026<\/strong> Esto me desazona y no lo puedo evitar; pero al mismo tiempo intuyo un campo de posibilidades y de nuevas experiencias que nunca de otra manera podr\u00eda alcanzar y <strong>estoy decidido a pagar cualquier precio, incluso a mi edad.<\/strong><\/p><p>Si quieres leerlo todo, pincha aqu\u00ed.<\/p>\t\t\t\t\t\t\t\t<\/div>\n\t\t\t\t<\/div>\n\t\t\t\t\t<\/div>\n\t\t<\/div>\n\t\t\t\t\t<\/div>\n\t\t<\/section>\n\t\t\t\t<section class=\"elementor-section elementor-top-section elementor-element elementor-element-51ceb1a elementor-section-boxed elementor-section-height-default elementor-section-height-default\" data-id=\"51ceb1a\" data-element_type=\"section\" data-e-type=\"section\">\n\t\t\t\t\t\t<div class=\"elementor-container elementor-column-gap-default\">\n\t\t\t\t\t<div class=\"elementor-column elementor-col-100 elementor-top-column elementor-element elementor-element-2cb5ee9\" data-id=\"2cb5ee9\" data-element_type=\"column\" data-e-type=\"column\">\n\t\t\t<div class=\"elementor-widget-wrap elementor-element-populated\">\n\t\t\t\t\t\t<div class=\"elementor-element elementor-element-abf4b5a elementor-widget elementor-widget-heading\" data-id=\"abf4b5a\" data-element_type=\"widget\" data-e-type=\"widget\" data-widget_type=\"heading.default\">\n\t\t\t\t<div class=\"elementor-widget-container\">\n\t\t\t\t\t<h2 class=\"elementor-heading-title elementor-size-default\">Babelia 3 : \u201cLa gran infamia\u201d<\/h2>\t\t\t\t<\/div>\n\t\t\t\t<\/div>\n\t\t\t\t\t<\/div>\n\t\t<\/div>\n\t\t\t\t\t<\/div>\n\t\t<\/section>\n\t\t\t\t<section class=\"elementor-section elementor-top-section elementor-element elementor-element-b5c497a elementor-section-boxed elementor-section-height-default elementor-section-height-default\" data-id=\"b5c497a\" data-element_type=\"section\" data-e-type=\"section\">\n\t\t\t\t\t\t<div class=\"elementor-container elementor-column-gap-default\">\n\t\t\t\t\t<div class=\"elementor-column elementor-col-33 elementor-top-column elementor-element elementor-element-da97cbd\" data-id=\"da97cbd\" data-element_type=\"column\" data-e-type=\"column\">\n\t\t\t<div class=\"elementor-widget-wrap elementor-element-populated\">\n\t\t\t\t\t\t<div class=\"elementor-element elementor-element-9a140be elementor-widget elementor-widget-image\" data-id=\"9a140be\" data-element_type=\"widget\" data-e-type=\"widget\" data-widget_type=\"image.default\">\n\t\t\t\t<div class=\"elementor-widget-container\">\n\t\t\t\t\t\t\t\t\t\t\t\t\t\t\t<img loading=\"lazy\" decoding=\"async\" data-attachment-id=\"515\" data-permalink=\"https:\/\/sandalio.org\/sw\/mirando-con-conocimiento\/babelia3\/\" data-orig-file=\"https:\/\/i0.wp.com\/sandalio.org\/sw\/wp-content\/uploads\/2021\/02\/babelia3.png?fit=414%2C585&amp;ssl=1\" data-orig-size=\"414,585\" data-comments-opened=\"1\" data-image-meta=\"{&quot;aperture&quot;:&quot;0&quot;,&quot;credit&quot;:&quot;&quot;,&quot;camera&quot;:&quot;&quot;,&quot;caption&quot;:&quot;&quot;,&quot;created_timestamp&quot;:&quot;0&quot;,&quot;copyright&quot;:&quot;&quot;,&quot;focal_length&quot;:&quot;0&quot;,&quot;iso&quot;:&quot;0&quot;,&quot;shutter_speed&quot;:&quot;0&quot;,&quot;title&quot;:&quot;&quot;,&quot;orientation&quot;:&quot;0&quot;}\" data-image-title=\"babelia3\" data-image-description=\"\" data-image-caption=\"\" data-large-file=\"https:\/\/i0.wp.com\/sandalio.org\/sw\/wp-content\/uploads\/2021\/02\/babelia3.png?fit=414%2C585&amp;ssl=1\" width=\"414\" height=\"585\" src=\"https:\/\/i0.wp.com\/sandalio.org\/sw\/wp-content\/uploads\/2021\/02\/babelia3.png?fit=414%2C585&amp;ssl=1\" class=\"attachment-large size-large wp-image-515\" alt=\"\" srcset=\"https:\/\/i0.wp.com\/sandalio.org\/sw\/wp-content\/uploads\/2021\/02\/babelia3.png?w=414&amp;ssl=1 414w, https:\/\/i0.wp.com\/sandalio.org\/sw\/wp-content\/uploads\/2021\/02\/babelia3.png?resize=212%2C300&amp;ssl=1 212w\" sizes=\"(max-width: 414px) 100vw, 414px\" data-attachment-id=\"515\" data-permalink=\"https:\/\/sandalio.org\/sw\/mirando-con-conocimiento\/babelia3\/\" data-orig-file=\"https:\/\/i0.wp.com\/sandalio.org\/sw\/wp-content\/uploads\/2021\/02\/babelia3.png?fit=414%2C585&amp;ssl=1\" data-orig-size=\"414,585\" data-comments-opened=\"1\" data-image-meta=\"{&quot;aperture&quot;:&quot;0&quot;,&quot;credit&quot;:&quot;&quot;,&quot;camera&quot;:&quot;&quot;,&quot;caption&quot;:&quot;&quot;,&quot;created_timestamp&quot;:&quot;0&quot;,&quot;copyright&quot;:&quot;&quot;,&quot;focal_length&quot;:&quot;0&quot;,&quot;iso&quot;:&quot;0&quot;,&quot;shutter_speed&quot;:&quot;0&quot;,&quot;title&quot;:&quot;&quot;,&quot;orientation&quot;:&quot;0&quot;}\" data-image-title=\"babelia3\" data-image-description=\"\" data-image-caption=\"\" data-large-file=\"https:\/\/i0.wp.com\/sandalio.org\/sw\/wp-content\/uploads\/2021\/02\/babelia3.png?fit=414%2C585&amp;ssl=1\" \/>\t\t\t\t\t\t\t\t\t\t\t\t\t\t\t<\/div>\n\t\t\t\t<\/div>\n\t\t\t\t\t<\/div>\n\t\t<\/div>\n\t\t\t\t<div class=\"elementor-column elementor-col-66 elementor-top-column elementor-element elementor-element-3ecddef\" data-id=\"3ecddef\" data-element_type=\"column\" data-e-type=\"column\">\n\t\t\t<div class=\"elementor-widget-wrap elementor-element-populated\">\n\t\t\t\t\t\t<div class=\"elementor-element elementor-element-0bcb3f5 elementor-widget elementor-widget-text-editor\" data-id=\"0bcb3f5\" data-element_type=\"widget\" data-e-type=\"widget\" data-widget_type=\"text-editor.default\">\n\t\t\t\t<div class=\"elementor-widget-container\">\n\t\t\t\t\t\t\t\t\t<p>El Gran Imperio de la Globalidad (G.I.G.) ha sido herido por un ataque suicida 11-Sept-2001. Todo se conmociona. La violencia desata su espiral inagotable y cada cual busca situarse y protegerse frente a supuestos enemigos. La incomunicaci\u00f3n sobrepasa el lenguaje y alcanza a las ideas y creencias. Sobre la cima del monte <em>Ahura Mazda<\/em> (el Sabio Se\u00f1or) se entrevista con <em>Ahriman<\/em> (el Serpiente). <strong>El manique\u00edsmo se extiende por el Laberinto. <\/strong>S\u00f3lo unos pocos escapan de \u00e9l y <strong>peregrinan en busca de la verdad.<\/strong><\/p><p>Eduardo Galeano pone el contexto a este cuadernillo de Babelia.<\/p><p>\u201cMucho se parecen entre s\u00ed el terrorismo artesanal y el de alto nivel tecnol\u00f3gico, el de los fundamentalistas religiosos y el de los fundamentalistas del mercado, el de los desesperados y el de los poderosos, el de los locos sueltos y el de los profesionales de uniforme. Todos comparten el mismo desprecio por la vida humana: los asesinos de los cinco mil quinientos ciudadanos triturados bajos los escombros de las Torres Gemelas, que se desplomaron como castillos de arena seca, y los asesinos de <strong>los doscientos mil guatemaltecos, en su mayor\u00eda ind\u00edgenas, que han sido exterminados sin que jam\u00e1s la tele ni los diarios del mundo les prestaran la menor atenci\u00f3n.<\/strong> Ellos, los guatemaltecos, no fueron sacrificados por ning\u00fan fan\u00e1tico musulm\u00e1n, sino por los militares terroristas que recibieron \u201capoyo, financiaci\u00f3n e inspiraci\u00f3n\u201d de los sucesivos gobiernos de Estados Unidos\u201d.<\/p><p>Si te interesa seguir leyendo\u2026 pincha aqu\u00ed.<\/p>\t\t\t\t\t\t\t\t<\/div>\n\t\t\t\t<\/div>\n\t\t\t\t\t<\/div>\n\t\t<\/div>\n\t\t\t\t\t<\/div>\n\t\t<\/section>\n\t\t\t\t<section class=\"elementor-section elementor-top-section elementor-element elementor-element-287368e elementor-section-boxed elementor-section-height-default elementor-section-height-default\" data-id=\"287368e\" data-element_type=\"section\" data-e-type=\"section\">\n\t\t\t\t\t\t<div class=\"elementor-container elementor-column-gap-default\">\n\t\t\t\t\t<div class=\"elementor-column elementor-col-100 elementor-top-column elementor-element elementor-element-3ca2df2\" data-id=\"3ca2df2\" data-element_type=\"column\" data-e-type=\"column\">\n\t\t\t<div class=\"elementor-widget-wrap elementor-element-populated\">\n\t\t\t\t\t\t<div class=\"elementor-element elementor-element-ba3d655 elementor-widget elementor-widget-heading\" data-id=\"ba3d655\" data-element_type=\"widget\" data-e-type=\"widget\" data-widget_type=\"heading.default\">\n\t\t\t\t<div class=\"elementor-widget-container\">\n\t\t\t\t\t<h2 class=\"elementor-heading-title elementor-size-default\">Babelia 4  : El arte y las l\u00e1grimas\u2026 \u00a1a mares!<\/h2>\t\t\t\t<\/div>\n\t\t\t\t<\/div>\n\t\t\t\t\t<\/div>\n\t\t<\/div>\n\t\t\t\t\t<\/div>\n\t\t<\/section>\n\t\t\t\t<section class=\"elementor-section elementor-top-section elementor-element elementor-element-37f1737 elementor-section-boxed elementor-section-height-default elementor-section-height-default\" data-id=\"37f1737\" data-element_type=\"section\" data-e-type=\"section\">\n\t\t\t\t\t\t<div class=\"elementor-container elementor-column-gap-default\">\n\t\t\t\t\t<div class=\"elementor-column elementor-col-33 elementor-top-column elementor-element elementor-element-a8080f7\" data-id=\"a8080f7\" data-element_type=\"column\" data-e-type=\"column\">\n\t\t\t<div class=\"elementor-widget-wrap elementor-element-populated\">\n\t\t\t\t\t\t<div class=\"elementor-element elementor-element-c38032b elementor-widget elementor-widget-image\" data-id=\"c38032b\" data-element_type=\"widget\" data-e-type=\"widget\" data-widget_type=\"image.default\">\n\t\t\t\t<div class=\"elementor-widget-container\">\n\t\t\t\t\t\t\t\t\t\t\t\t\t\t\t<img loading=\"lazy\" decoding=\"async\" data-attachment-id=\"516\" data-permalink=\"https:\/\/sandalio.org\/sw\/mirando-con-conocimiento\/babelia4\/\" data-orig-file=\"https:\/\/i0.wp.com\/sandalio.org\/sw\/wp-content\/uploads\/2021\/02\/babelia4.png?fit=335%2C470&amp;ssl=1\" data-orig-size=\"335,470\" data-comments-opened=\"1\" data-image-meta=\"{&quot;aperture&quot;:&quot;0&quot;,&quot;credit&quot;:&quot;&quot;,&quot;camera&quot;:&quot;&quot;,&quot;caption&quot;:&quot;&quot;,&quot;created_timestamp&quot;:&quot;0&quot;,&quot;copyright&quot;:&quot;&quot;,&quot;focal_length&quot;:&quot;0&quot;,&quot;iso&quot;:&quot;0&quot;,&quot;shutter_speed&quot;:&quot;0&quot;,&quot;title&quot;:&quot;&quot;,&quot;orientation&quot;:&quot;0&quot;}\" data-image-title=\"babelia4\" data-image-description=\"\" data-image-caption=\"\" data-large-file=\"https:\/\/i0.wp.com\/sandalio.org\/sw\/wp-content\/uploads\/2021\/02\/babelia4.png?fit=335%2C470&amp;ssl=1\" width=\"335\" height=\"470\" src=\"https:\/\/i0.wp.com\/sandalio.org\/sw\/wp-content\/uploads\/2021\/02\/babelia4.png?fit=335%2C470&amp;ssl=1\" class=\"attachment-large size-large wp-image-516\" alt=\"\" srcset=\"https:\/\/i0.wp.com\/sandalio.org\/sw\/wp-content\/uploads\/2021\/02\/babelia4.png?w=335&amp;ssl=1 335w, https:\/\/i0.wp.com\/sandalio.org\/sw\/wp-content\/uploads\/2021\/02\/babelia4.png?resize=214%2C300&amp;ssl=1 214w\" sizes=\"(max-width: 335px) 100vw, 335px\" data-attachment-id=\"516\" data-permalink=\"https:\/\/sandalio.org\/sw\/mirando-con-conocimiento\/babelia4\/\" data-orig-file=\"https:\/\/i0.wp.com\/sandalio.org\/sw\/wp-content\/uploads\/2021\/02\/babelia4.png?fit=335%2C470&amp;ssl=1\" data-orig-size=\"335,470\" data-comments-opened=\"1\" data-image-meta=\"{&quot;aperture&quot;:&quot;0&quot;,&quot;credit&quot;:&quot;&quot;,&quot;camera&quot;:&quot;&quot;,&quot;caption&quot;:&quot;&quot;,&quot;created_timestamp&quot;:&quot;0&quot;,&quot;copyright&quot;:&quot;&quot;,&quot;focal_length&quot;:&quot;0&quot;,&quot;iso&quot;:&quot;0&quot;,&quot;shutter_speed&quot;:&quot;0&quot;,&quot;title&quot;:&quot;&quot;,&quot;orientation&quot;:&quot;0&quot;}\" data-image-title=\"babelia4\" data-image-description=\"\" data-image-caption=\"\" data-large-file=\"https:\/\/i0.wp.com\/sandalio.org\/sw\/wp-content\/uploads\/2021\/02\/babelia4.png?fit=335%2C470&amp;ssl=1\" \/>\t\t\t\t\t\t\t\t\t\t\t\t\t\t\t<\/div>\n\t\t\t\t<\/div>\n\t\t\t\t\t<\/div>\n\t\t<\/div>\n\t\t\t\t<div class=\"elementor-column elementor-col-66 elementor-top-column elementor-element elementor-element-cfbf354\" data-id=\"cfbf354\" data-element_type=\"column\" data-e-type=\"column\">\n\t\t\t<div class=\"elementor-widget-wrap elementor-element-populated\">\n\t\t\t\t\t\t<div class=\"elementor-element elementor-element-243bac5 elementor-widget elementor-widget-text-editor\" data-id=\"243bac5\" data-element_type=\"widget\" data-e-type=\"widget\" data-widget_type=\"text-editor.default\">\n\t\t\t\t<div class=\"elementor-widget-container\">\n\t\t\t\t\t\t\t\t\t<p>Preocupado por buscar un lenguaje capaz de atravesar prejuicios y corazas mentales,\u00a0 el protagonista investiga en las posibilidades del lenguaje art\u00edstico. Un sue\u00f1o extra\u00f1o le pone en buena pista; pero otro acontecimiento brutal \u2013el 11M- le cuestiona de nuevo si no ser\u00e1 m\u00e1s eficaz el lenguaje de la violencia.<\/p><p>\u201cHay formas muy irresponsables de utilizar el arte\u2026 ya lo ves: el arte de poner mochilas-bombas y hacer que reviente un tren, el arte de hacer pel\u00edculas que rompan por dentro todo lo que a una persona le hace ser, el arte de infectar el mundo de violencia e injusticia y el arte de legitimar esto con la ley\u2026 <strong>\u00a1Hay tanto energ\u00famenos haciendo artes irresponsables que vamos a tener que llorar l\u00e1grimas a mares!\u201d<\/strong><\/p><p>Si quieres seguir leyendo\u2026 pincha aqu\u00ed.<\/p>\t\t\t\t\t\t\t\t<\/div>\n\t\t\t\t<\/div>\n\t\t\t\t\t<\/div>\n\t\t<\/div>\n\t\t\t\t\t<\/div>\n\t\t<\/section>\n\t\t\t\t<section class=\"elementor-section elementor-top-section elementor-element elementor-element-0b3e400 elementor-section-boxed elementor-section-height-default elementor-section-height-default\" data-id=\"0b3e400\" data-element_type=\"section\" data-e-type=\"section\">\n\t\t\t\t\t\t<div class=\"elementor-container elementor-column-gap-default\">\n\t\t\t\t\t<div class=\"elementor-column elementor-col-100 elementor-top-column elementor-element elementor-element-673c72f\" data-id=\"673c72f\" data-element_type=\"column\" data-e-type=\"column\">\n\t\t\t<div class=\"elementor-widget-wrap elementor-element-populated\">\n\t\t\t\t\t\t<div class=\"elementor-element elementor-element-9ffec1e elementor-widget elementor-widget-heading\" data-id=\"9ffec1e\" data-element_type=\"widget\" data-e-type=\"widget\" data-widget_type=\"heading.default\">\n\t\t\t\t<div class=\"elementor-widget-container\">\n\t\t\t\t\t<h2 class=\"elementor-heading-title elementor-size-default\">\u00bfC\u00f3mo se puede ser solidario en una sociedad de bienestar? Par\u00e1bolas y paisajes de la solidaridad.   <\/h2>\t\t\t\t<\/div>\n\t\t\t\t<\/div>\n\t\t\t\t\t<\/div>\n\t\t<\/div>\n\t\t\t\t\t<\/div>\n\t\t<\/section>\n\t\t\t\t<section class=\"elementor-section elementor-top-section elementor-element elementor-element-ce847a4 elementor-section-boxed elementor-section-height-default elementor-section-height-default\" data-id=\"ce847a4\" data-element_type=\"section\" data-e-type=\"section\">\n\t\t\t\t\t\t<div class=\"elementor-container elementor-column-gap-default\">\n\t\t\t\t\t<div class=\"elementor-column elementor-col-33 elementor-top-column elementor-element elementor-element-35fad31\" data-id=\"35fad31\" data-element_type=\"column\" data-e-type=\"column\">\n\t\t\t<div class=\"elementor-widget-wrap elementor-element-populated\">\n\t\t\t\t\t\t<div class=\"elementor-element elementor-element-49c1cd6 elementor-widget elementor-widget-image\" data-id=\"49c1cd6\" data-element_type=\"widget\" data-e-type=\"widget\" data-widget_type=\"image.default\">\n\t\t\t\t<div class=\"elementor-widget-container\">\n\t\t\t\t\t\t\t\t\t\t\t\t\t\t\t<img loading=\"lazy\" decoding=\"async\" data-attachment-id=\"520\" data-permalink=\"https:\/\/sandalio.org\/sw\/mirando-con-conocimiento\/pasajes\/\" data-orig-file=\"https:\/\/i0.wp.com\/sandalio.org\/sw\/wp-content\/uploads\/2021\/02\/pasajes.png?fit=375%2C497&amp;ssl=1\" data-orig-size=\"375,497\" data-comments-opened=\"1\" data-image-meta=\"{&quot;aperture&quot;:&quot;0&quot;,&quot;credit&quot;:&quot;&quot;,&quot;camera&quot;:&quot;&quot;,&quot;caption&quot;:&quot;&quot;,&quot;created_timestamp&quot;:&quot;0&quot;,&quot;copyright&quot;:&quot;&quot;,&quot;focal_length&quot;:&quot;0&quot;,&quot;iso&quot;:&quot;0&quot;,&quot;shutter_speed&quot;:&quot;0&quot;,&quot;title&quot;:&quot;&quot;,&quot;orientation&quot;:&quot;0&quot;}\" data-image-title=\"pasajes\" data-image-description=\"\" data-image-caption=\"\" data-large-file=\"https:\/\/i0.wp.com\/sandalio.org\/sw\/wp-content\/uploads\/2021\/02\/pasajes.png?fit=375%2C497&amp;ssl=1\" width=\"375\" height=\"497\" src=\"https:\/\/i0.wp.com\/sandalio.org\/sw\/wp-content\/uploads\/2021\/02\/pasajes.png?fit=375%2C497&amp;ssl=1\" class=\"attachment-large size-large wp-image-520\" alt=\"\" srcset=\"https:\/\/i0.wp.com\/sandalio.org\/sw\/wp-content\/uploads\/2021\/02\/pasajes.png?w=375&amp;ssl=1 375w, https:\/\/i0.wp.com\/sandalio.org\/sw\/wp-content\/uploads\/2021\/02\/pasajes.png?resize=226%2C300&amp;ssl=1 226w\" sizes=\"(max-width: 375px) 100vw, 375px\" data-attachment-id=\"520\" data-permalink=\"https:\/\/sandalio.org\/sw\/mirando-con-conocimiento\/pasajes\/\" data-orig-file=\"https:\/\/i0.wp.com\/sandalio.org\/sw\/wp-content\/uploads\/2021\/02\/pasajes.png?fit=375%2C497&amp;ssl=1\" data-orig-size=\"375,497\" data-comments-opened=\"1\" data-image-meta=\"{&quot;aperture&quot;:&quot;0&quot;,&quot;credit&quot;:&quot;&quot;,&quot;camera&quot;:&quot;&quot;,&quot;caption&quot;:&quot;&quot;,&quot;created_timestamp&quot;:&quot;0&quot;,&quot;copyright&quot;:&quot;&quot;,&quot;focal_length&quot;:&quot;0&quot;,&quot;iso&quot;:&quot;0&quot;,&quot;shutter_speed&quot;:&quot;0&quot;,&quot;title&quot;:&quot;&quot;,&quot;orientation&quot;:&quot;0&quot;}\" data-image-title=\"pasajes\" data-image-description=\"\" data-image-caption=\"\" data-large-file=\"https:\/\/i0.wp.com\/sandalio.org\/sw\/wp-content\/uploads\/2021\/02\/pasajes.png?fit=375%2C497&amp;ssl=1\" \/>\t\t\t\t\t\t\t\t\t\t\t\t\t\t\t<\/div>\n\t\t\t\t<\/div>\n\t\t\t\t\t<\/div>\n\t\t<\/div>\n\t\t\t\t<div class=\"elementor-column elementor-col-66 elementor-top-column elementor-element elementor-element-43814c7\" data-id=\"43814c7\" data-element_type=\"column\" data-e-type=\"column\">\n\t\t\t<div class=\"elementor-widget-wrap elementor-element-populated\">\n\t\t\t\t\t\t<div class=\"elementor-element elementor-element-4f72528 elementor-widget elementor-widget-text-editor\" data-id=\"4f72528\" data-element_type=\"widget\" data-e-type=\"widget\" data-widget_type=\"text-editor.default\">\n\t\t\t\t<div class=\"elementor-widget-container\">\n\t\t\t\t\t\t\t\t\t<p>La necesidad de preparar conferencias o encuentros (algunas de ellas grabadas) dio pie a redactarlas luego por escrito y as\u00ed naci\u00f3 este folleto que contiene dos charlas: una \u00a0sobre <strong>el voluntariado y sus limitaciones<\/strong> y otra sobre la figura de <strong>Francisco de As\u00eds, siempre marginal<\/strong>.<\/p><p>\u201cPara m\u00ed <strong>el voluntariado es esa soluci\u00f3n que desde el bienestar, desde el <em>mejorestar<\/em>, se ejerce a favor de los pobres que est\u00e1n mal y adem\u00e1s no saben estar<\/strong>. Y conste que s\u00e9 que es una respuesta generosa y no le quito ni un \u00e1pice de generosidad. Es, por definici\u00f3n, una respuesta libre y hasta cierto punto comprometida, entregada, todo depende de c\u00f3mo lo lleve cada cual\u2026- Pero \u00bfpor qu\u00e9 me parece que es una respuesta pobre, incompleta? <strong>Porque no cambia la situaci\u00f3n, no cambia el paisaje, no cambia el h\u00e1bitat. Es como un camino que se va y vuelve\u2026<\/strong><\/p><p><strong>Los caminos vitales\u00a0 nunca tienen ida y vuelta.\u201d<\/strong><\/p><p>\u201cEn esto de hablar con los que mandan, aunque no se sepa hablar su idioma, Francisco ten\u00eda un atrevimiento tal que nos hace alucinar. Sus viajes y sus intentos de viaje para visitar reyes agarenos o cualesquiera otra persona que tuviera responsabilidad e influencia para cambiar este mundo son verdaderamente admirables.\u00a0 Caen m\u00e1s en el campo de lo simb\u00f3lico y parab\u00f3lico \u2013hiperb\u00f3lico tambi\u00e9n-,\u00a0 que en el de lo real. Eso es lo que tienen <strong>las personas verdaderamente grandes<\/strong>, que <strong>cualquier cosa que hacen se convierte en par\u00e1bola.<\/strong>\u201d<\/p><p>Si quieres seguir leyendo&#8230; Pincha aqu\u00ed<\/p>\t\t\t\t\t\t\t\t<\/div>\n\t\t\t\t<\/div>\n\t\t\t\t\t<\/div>\n\t\t<\/div>\n\t\t\t\t\t<\/div>\n\t\t<\/section>\n\t\t\t\t<section class=\"elementor-section elementor-top-section elementor-element elementor-element-1fc3076 elementor-section-boxed elementor-section-height-default elementor-section-height-default\" data-id=\"1fc3076\" data-element_type=\"section\" data-e-type=\"section\">\n\t\t\t\t\t\t<div class=\"elementor-container elementor-column-gap-default\">\n\t\t\t\t\t<div class=\"elementor-column elementor-col-100 elementor-top-column elementor-element elementor-element-c176e23\" data-id=\"c176e23\" data-element_type=\"column\" data-e-type=\"column\">\n\t\t\t<div class=\"elementor-widget-wrap elementor-element-populated\">\n\t\t\t\t\t\t<div class=\"elementor-element elementor-element-f09f5a5 elementor-widget elementor-widget-heading\" data-id=\"f09f5a5\" data-element_type=\"widget\" data-e-type=\"widget\" data-widget_type=\"heading.default\">\n\t\t\t\t<div class=\"elementor-widget-container\">\n\t\t\t\t\t<h2 class=\"elementor-heading-title elementor-size-default\"><b>LIBROS<\/b><\/h2>\t\t\t\t<\/div>\n\t\t\t\t<\/div>\n\t\t\t\t\t<\/div>\n\t\t<\/div>\n\t\t\t\t\t<\/div>\n\t\t<\/section>\n\t\t\t\t<section class=\"elementor-section elementor-top-section elementor-element elementor-element-95aae7e elementor-section-boxed elementor-section-height-default elementor-section-height-default\" data-id=\"95aae7e\" data-element_type=\"section\" data-e-type=\"section\">\n\t\t\t\t\t\t<div class=\"elementor-container elementor-column-gap-default\">\n\t\t\t\t\t<div class=\"elementor-column elementor-col-100 elementor-top-column elementor-element elementor-element-b0177fd\" data-id=\"b0177fd\" data-element_type=\"column\" data-e-type=\"column\">\n\t\t\t<div class=\"elementor-widget-wrap elementor-element-populated\">\n\t\t\t\t\t\t<div class=\"elementor-element elementor-element-c42b0dc elementor-widget elementor-widget-heading\" data-id=\"c42b0dc\" data-element_type=\"widget\" data-e-type=\"widget\" data-widget_type=\"heading.default\">\n\t\t\t\t<div class=\"elementor-widget-container\">\n\t\t\t\t\t<h2 class=\"elementor-heading-title elementor-size-default\">PERDIDOS EN EL LABERINTO. Ensayo sobre arte. <\/h2>\t\t\t\t<\/div>\n\t\t\t\t<\/div>\n\t\t\t\t\t<\/div>\n\t\t<\/div>\n\t\t\t\t\t<\/div>\n\t\t<\/section>\n\t\t\t\t<section class=\"elementor-section elementor-top-section elementor-element elementor-element-b8c5f86 elementor-section-boxed elementor-section-height-default elementor-section-height-default\" data-id=\"b8c5f86\" data-element_type=\"section\" data-e-type=\"section\">\n\t\t\t\t\t\t<div class=\"elementor-container elementor-column-gap-default\">\n\t\t\t\t\t<div class=\"elementor-column elementor-col-33 elementor-top-column elementor-element elementor-element-04e7c47\" data-id=\"04e7c47\" data-element_type=\"column\" data-e-type=\"column\">\n\t\t\t<div class=\"elementor-widget-wrap elementor-element-populated\">\n\t\t\t\t\t\t<div class=\"elementor-element elementor-element-6d2f61a elementor-widget elementor-widget-image\" data-id=\"6d2f61a\" data-element_type=\"widget\" data-e-type=\"widget\" data-widget_type=\"image.default\">\n\t\t\t\t<div class=\"elementor-widget-container\">\n\t\t\t\t\t\t\t\t\t\t\t\t<figure class=\"wp-caption\">\n\t\t\t\t\t\t\t\t\t\t<img loading=\"lazy\" decoding=\"async\" data-attachment-id=\"524\" data-permalink=\"https:\/\/sandalio.org\/sw\/mirando-con-conocimiento\/perdidos\/\" data-orig-file=\"https:\/\/i0.wp.com\/sandalio.org\/sw\/wp-content\/uploads\/2021\/02\/perdidos.png?fit=383%2C560&amp;ssl=1\" data-orig-size=\"383,560\" data-comments-opened=\"1\" data-image-meta=\"{&quot;aperture&quot;:&quot;0&quot;,&quot;credit&quot;:&quot;&quot;,&quot;camera&quot;:&quot;&quot;,&quot;caption&quot;:&quot;&quot;,&quot;created_timestamp&quot;:&quot;0&quot;,&quot;copyright&quot;:&quot;&quot;,&quot;focal_length&quot;:&quot;0&quot;,&quot;iso&quot;:&quot;0&quot;,&quot;shutter_speed&quot;:&quot;0&quot;,&quot;title&quot;:&quot;&quot;,&quot;orientation&quot;:&quot;0&quot;}\" data-image-title=\"perdidos\" data-image-description=\"\" data-image-caption=\"\" data-large-file=\"https:\/\/i0.wp.com\/sandalio.org\/sw\/wp-content\/uploads\/2021\/02\/perdidos.png?fit=383%2C560&amp;ssl=1\" width=\"383\" height=\"560\" src=\"https:\/\/i0.wp.com\/sandalio.org\/sw\/wp-content\/uploads\/2021\/02\/perdidos.png?fit=383%2C560&amp;ssl=1\" class=\"attachment-large size-large wp-image-524\" alt=\"\" srcset=\"https:\/\/i0.wp.com\/sandalio.org\/sw\/wp-content\/uploads\/2021\/02\/perdidos.png?w=383&amp;ssl=1 383w, https:\/\/i0.wp.com\/sandalio.org\/sw\/wp-content\/uploads\/2021\/02\/perdidos.png?resize=205%2C300&amp;ssl=1 205w\" sizes=\"(max-width: 383px) 100vw, 383px\" data-attachment-id=\"524\" data-permalink=\"https:\/\/sandalio.org\/sw\/mirando-con-conocimiento\/perdidos\/\" data-orig-file=\"https:\/\/i0.wp.com\/sandalio.org\/sw\/wp-content\/uploads\/2021\/02\/perdidos.png?fit=383%2C560&amp;ssl=1\" data-orig-size=\"383,560\" data-comments-opened=\"1\" data-image-meta=\"{&quot;aperture&quot;:&quot;0&quot;,&quot;credit&quot;:&quot;&quot;,&quot;camera&quot;:&quot;&quot;,&quot;caption&quot;:&quot;&quot;,&quot;created_timestamp&quot;:&quot;0&quot;,&quot;copyright&quot;:&quot;&quot;,&quot;focal_length&quot;:&quot;0&quot;,&quot;iso&quot;:&quot;0&quot;,&quot;shutter_speed&quot;:&quot;0&quot;,&quot;title&quot;:&quot;&quot;,&quot;orientation&quot;:&quot;0&quot;}\" data-image-title=\"perdidos\" data-image-description=\"\" data-image-caption=\"\" data-large-file=\"https:\/\/i0.wp.com\/sandalio.org\/sw\/wp-content\/uploads\/2021\/02\/perdidos.png?fit=383%2C560&amp;ssl=1\" \/>\t\t\t\t\t\t\t\t\t\t\t<figcaption class=\"widget-image-caption wp-caption-text\">Ilustraciones de Kike Alonso.<\/figcaption>\n\t\t\t\t\t\t\t\t\t\t<\/figure>\n\t\t\t\t\t\t\t\t\t<\/div>\n\t\t\t\t<\/div>\n\t\t\t\t\t<\/div>\n\t\t<\/div>\n\t\t\t\t<div class=\"elementor-column elementor-col-66 elementor-top-column elementor-element elementor-element-d42a0f4\" data-id=\"d42a0f4\" data-element_type=\"column\" data-e-type=\"column\">\n\t\t\t<div class=\"elementor-widget-wrap elementor-element-populated\">\n\t\t\t\t\t\t<div class=\"elementor-element elementor-element-0338f05 elementor-widget elementor-widget-text-editor\" data-id=\"0338f05\" data-element_type=\"widget\" data-e-type=\"widget\" data-widget_type=\"text-editor.default\">\n\t\t\t\t<div class=\"elementor-widget-container\">\n\t\t\t\t\t\t\t\t\t<p>En el mismo volumen que la <strong>Historia de Liu Chang Tzu<\/strong>, el pintor de la sonrisa celeste, va este ensayo que analiza por un lado el\u00a0 mundo artificial, globalizado, deshumanizado y virtual que entre todos hemos construido <strong>y su tremenda capacidad alienante<\/strong> (bas\u00e1ndonos en E. Fromm, H. Read, M. Ende y otros\u2026) y por otro la<strong> funci\u00f3n terap\u00e9utica del arte y de la creatividad comprometida con la transformaci\u00f3n de este mundo y de nuestras vidas.<\/strong><\/p><p>Lamentablemente el arte tambi\u00e9n ha sido manipulado y se ha prostituido de tal manera que lo que deb\u00eda de ser medicina y remedio se ha convertido en droga y masturbaci\u00f3n narcisista.<\/p><p>El ensayo acaba con esta invitaci\u00f3n:<\/p><p><strong><em>\u201c\u00bfTe atreves a consagrar tu vida a la b\u00fasqueda de caminos de libertad que rompan los canales del laberinto y los condicionamientos del propio \u201cmundo del arte\u201d, para poder descubrir el aut\u00e9ntico arte y su fuerza sanadora, liberadora, sagrada?\u201d<\/em><\/strong><\/p>\t\t\t\t\t\t\t\t<\/div>\n\t\t\t\t<\/div>\n\t\t\t\t\t<\/div>\n\t\t<\/div>\n\t\t\t\t\t<\/div>\n\t\t<\/section>\n\t\t\t\t<section class=\"elementor-section elementor-top-section elementor-element elementor-element-1f7cab3 elementor-section-boxed elementor-section-height-default elementor-section-height-default\" data-id=\"1f7cab3\" data-element_type=\"section\" data-e-type=\"section\">\n\t\t\t\t\t\t<div class=\"elementor-container elementor-column-gap-default\">\n\t\t\t\t\t<div class=\"elementor-column elementor-col-100 elementor-top-column elementor-element elementor-element-5ac6b05\" data-id=\"5ac6b05\" data-element_type=\"column\" data-e-type=\"column\">\n\t\t\t<div class=\"elementor-widget-wrap elementor-element-populated\">\n\t\t\t\t\t\t<div class=\"elementor-element elementor-element-7fbfda7 elementor-widget elementor-widget-heading\" data-id=\"7fbfda7\" data-element_type=\"widget\" data-e-type=\"widget\" data-widget_type=\"heading.default\">\n\t\t\t\t<div class=\"elementor-widget-container\">\n\t\t\t\t\t<h2 class=\"elementor-heading-title elementor-size-default\">\u00a1AHORA ME TOCA A M\u00cd!  Blog de Casimiro.<\/h2>\t\t\t\t<\/div>\n\t\t\t\t<\/div>\n\t\t\t\t\t<\/div>\n\t\t<\/div>\n\t\t\t\t\t<\/div>\n\t\t<\/section>\n\t\t\t\t<section class=\"elementor-section elementor-top-section elementor-element elementor-element-4e1104a elementor-section-boxed elementor-section-height-default elementor-section-height-default\" data-id=\"4e1104a\" data-element_type=\"section\" data-e-type=\"section\">\n\t\t\t\t\t\t<div class=\"elementor-container elementor-column-gap-default\">\n\t\t\t\t\t<div class=\"elementor-column elementor-col-33 elementor-top-column elementor-element elementor-element-871d7a6\" data-id=\"871d7a6\" data-element_type=\"column\" data-e-type=\"column\">\n\t\t\t<div class=\"elementor-widget-wrap elementor-element-populated\">\n\t\t\t\t\t\t<div class=\"elementor-element elementor-element-03744f9 elementor-widget elementor-widget-image\" data-id=\"03744f9\" data-element_type=\"widget\" data-e-type=\"widget\" data-widget_type=\"image.default\">\n\t\t\t\t<div class=\"elementor-widget-container\">\n\t\t\t\t\t\t\t\t\t\t\t\t\t\t\t<img loading=\"lazy\" decoding=\"async\" data-attachment-id=\"526\" data-permalink=\"https:\/\/sandalio.org\/sw\/mirando-con-conocimiento\/casimiro\/\" data-orig-file=\"https:\/\/i0.wp.com\/sandalio.org\/sw\/wp-content\/uploads\/2021\/02\/casimiro.png?fit=578%2C399&amp;ssl=1\" data-orig-size=\"578,399\" data-comments-opened=\"1\" data-image-meta=\"{&quot;aperture&quot;:&quot;0&quot;,&quot;credit&quot;:&quot;&quot;,&quot;camera&quot;:&quot;&quot;,&quot;caption&quot;:&quot;&quot;,&quot;created_timestamp&quot;:&quot;0&quot;,&quot;copyright&quot;:&quot;&quot;,&quot;focal_length&quot;:&quot;0&quot;,&quot;iso&quot;:&quot;0&quot;,&quot;shutter_speed&quot;:&quot;0&quot;,&quot;title&quot;:&quot;&quot;,&quot;orientation&quot;:&quot;0&quot;}\" data-image-title=\"casimiro\" data-image-description=\"\" data-image-caption=\"\" data-large-file=\"https:\/\/i0.wp.com\/sandalio.org\/sw\/wp-content\/uploads\/2021\/02\/casimiro.png?fit=578%2C399&amp;ssl=1\" width=\"578\" height=\"399\" src=\"https:\/\/i0.wp.com\/sandalio.org\/sw\/wp-content\/uploads\/2021\/02\/casimiro.png?fit=578%2C399&amp;ssl=1\" class=\"attachment-large size-large wp-image-526\" alt=\"\" srcset=\"https:\/\/i0.wp.com\/sandalio.org\/sw\/wp-content\/uploads\/2021\/02\/casimiro.png?w=578&amp;ssl=1 578w, https:\/\/i0.wp.com\/sandalio.org\/sw\/wp-content\/uploads\/2021\/02\/casimiro.png?resize=300%2C207&amp;ssl=1 300w\" sizes=\"(max-width: 578px) 100vw, 578px\" data-attachment-id=\"526\" data-permalink=\"https:\/\/sandalio.org\/sw\/mirando-con-conocimiento\/casimiro\/\" data-orig-file=\"https:\/\/i0.wp.com\/sandalio.org\/sw\/wp-content\/uploads\/2021\/02\/casimiro.png?fit=578%2C399&amp;ssl=1\" data-orig-size=\"578,399\" data-comments-opened=\"1\" data-image-meta=\"{&quot;aperture&quot;:&quot;0&quot;,&quot;credit&quot;:&quot;&quot;,&quot;camera&quot;:&quot;&quot;,&quot;caption&quot;:&quot;&quot;,&quot;created_timestamp&quot;:&quot;0&quot;,&quot;copyright&quot;:&quot;&quot;,&quot;focal_length&quot;:&quot;0&quot;,&quot;iso&quot;:&quot;0&quot;,&quot;shutter_speed&quot;:&quot;0&quot;,&quot;title&quot;:&quot;&quot;,&quot;orientation&quot;:&quot;0&quot;}\" data-image-title=\"casimiro\" data-image-description=\"\" data-image-caption=\"\" data-large-file=\"https:\/\/i0.wp.com\/sandalio.org\/sw\/wp-content\/uploads\/2021\/02\/casimiro.png?fit=578%2C399&amp;ssl=1\" \/>\t\t\t\t\t\t\t\t\t\t\t\t\t\t\t<\/div>\n\t\t\t\t<\/div>\n\t\t\t\t\t<\/div>\n\t\t<\/div>\n\t\t\t\t<div class=\"elementor-column elementor-col-66 elementor-top-column elementor-element elementor-element-bb29307\" data-id=\"bb29307\" data-element_type=\"column\" data-e-type=\"column\">\n\t\t\t<div class=\"elementor-widget-wrap elementor-element-populated\">\n\t\t\t\t\t\t<div class=\"elementor-element elementor-element-2a2dad2 elementor-widget elementor-widget-text-editor\" data-id=\"2a2dad2\" data-element_type=\"widget\" data-e-type=\"widget\" data-widget_type=\"text-editor.default\">\n\t\t\t\t<div class=\"elementor-widget-container\">\n\t\t\t\t\t\t\t\t\t<p>Casimiro, un periodista en crisis por la desastrosa deriva que est\u00e1 afectando a esa profesi\u00f3n abandona su trabajo y, al no encontrar comprensi\u00f3n en su pareja, decide viajar a las islas griegas para ver en vivo y en directo la realidad de la inmigraci\u00f3n que est\u00e1 llegando. Es el a\u00f1o 2016. Llega a la isla de Kios justo una semana despu\u00e9s del vergonzoso pacto entre la Uni\u00f3n Europea y Turqu\u00eda. Esto cambia completamente la situaci\u00f3n de tal manera que los centros de acogida se convierten en centros de detenci\u00f3n y las asociaciones de cooperantes, antes h\u00e9roes, ahora se convierten en estorbos que no saben ya qu\u00e9 papel desempe\u00f1ar en el nuevo mapa que han impuesto los pol\u00edticos.<\/p>\n<p>As\u00ed comienza este blog en el que van cobrando protagonismo muchos personajes que complementan la visi\u00f3n del protagonista.<\/p>\n<p>Y as\u00ed acaba el <strong>Blog de Casimiro<\/strong>, (por si alguno se siente identificado).<\/p>\n<p>\u201c\u2026Y recuerdo que cuando estudiaba en la universidad estaban de moda algunos pensadores que, despu\u00e9s de la tremenda experiencia traum\u00e1tica de la 2\u00aa guerra mundial, y la guerra fr\u00eda que empez\u00f3 despu\u00e9s, preconizaban <strong>la necesidad de sentar unas bases nuevas para poder seguir siendo humanos.<\/strong> Estoy hablando por ejemplo de Bertrand Russel que tiene un libro que titul\u00f3: <em>\u201c\u00bf<strong>Tiene el ser humano futuro<\/strong>?\u201d.<\/em> Estoy hablando de Herbert Read que profundiz\u00f3 en otra y muy diferente <strong>educaci\u00f3n universal desde muy ni\u00f1os y a trav\u00e9s del arte&#8230;<\/strong> Entonces, cuando yo estudiaba me parecieron ingenuos y ut\u00f3picos. Ahora, aunque el conocimiento de la realidad que nos rodea es mucho m\u00e1s complejo de lo que ellos intu\u00edan, me parecen muy necesarios.<\/p>\n<p>Todo esto, me tiene, como ya he dicho antes, atragantado y preocupado de hacer esa limpieza interior. Y es por eso que no puedo apenas escribir y no voy a continuar de momento el blog. Si ya desde el principio lo he sembrado, muy a mi pesar, de dudas e interrogantes, ahora <strong>necesito urgentemente elegir qu\u00e9 suelo quiero sentir debajo de m\u00ed para tener una perspectiva nueva y clara y empezar a tomar decisiones.<\/strong><\/p>\n<p>Lo que ya tengo muy claro es que el supuesto progreso hacia el que el Sistema avanza a gran velocidad <strong>trae consigo tanto sufrimiento y tanta miseria a millones y millones de personas, que s\u00f3lo puede conducir a una o varias distop\u00edas.<\/strong>&nbsp; Y <strong>yo no quiero ser ya c\u00f3mplice. <\/strong><\/p>\n<p>Tambi\u00e9n tengo claro que <strong>los pol\u00edticos profesionales que tienen en sus manos el rumbo de este mundo, ni son capaces, ni nos pueden representar; porque siguen los dictados de los que tienen detr\u00e1s y \u00e9stos s\u00ed que son monstruos o canallas de los que nos tenemos que guardar.<\/strong><\/p>\n<p>Y tambi\u00e9n voy teniendo cada vez m\u00e1s claro que <strong>no podemos quedarnos solos y aislados<\/strong> los que todav\u00eda queremos seguir creyendo que esto tiene remedio. Pero que esto nos tiene que llevar a <em>poner toda la carne en el asador<\/em> y por eso me est\u00e1 haciendo pensar en <strong>qu\u00e9 me puedo o nos podemos implicar nosotros<\/strong> (Irene y yo, o los que quer\u00e1is) y, como tantas veces me han dicho ya \u00faltimamente, <strong>\u201ca qui\u00e9n queremos de verdad servir\u201d<\/strong>.&nbsp;<\/p>\n<p>No s\u00e9, tal vez os parezca que me estoy radicalizando mucho para dar un punto final glorioso a este blog. Os aseguro que no. Lo llevo dentro y lo estoy pasando regular por no decir que mal. Tal vez eche en falta ahora <strong>el efecto terap\u00e9utico que ha tenido para m\u00ed el blog muchas veces;<\/strong> pero quiero dar un salto y pasar de pensar y escribir a <strong>decidir y hacer<\/strong>. Pero <strong>no en solitario<\/strong>, ya no,&nbsp; eso tambi\u00e9n lo tengo cada vez m\u00e1s claro. No s\u00e9 si me entend\u00e9is pero no puedo explicarme mejor.<\/p>\t\t\t\t\t\t\t\t<\/div>\n\t\t\t\t<\/div>\n\t\t\t\t<div class=\"elementor-element elementor-element-19faa26 elementor-widget elementor-widget-text-editor\" data-id=\"19faa26\" data-element_type=\"widget\" data-e-type=\"widget\" data-widget_type=\"text-editor.default\">\n\t\t\t\t<div class=\"elementor-widget-container\">\n\t\t\t\t\t\t\t\t\t<p><div class='w3eden'><!-- WPDM Link Template: Default Template -->\n\n<div class=\"link-template-default card mb-2\">\n    <div class=\"card-body\">\n        <div class=\"media\">\n            <div class=\"mr-3 img-48\"><img decoding=\"async\" class=\"wpdm_icon\" alt=\"Icono\" src=\"https:\/\/sandalio.org\/sw\/wp-content\/plugins\/download-manager\/assets\/file-type-icons\/pdf.svg\" \/><\/div>\n            <div class=\"media-body\">\n                <h3 class=\"package-title\"><a href='https:\/\/sandalio.org\/sw\/download\/el-blog-de-casimiro\/'>EL BLOG DE CASIMIRO<\/a><\/h3>\n                <div class=\"text-muted text-small\"><i class=\"fas fa-copy\"><\/i> 1 archivo(s) <i class=\"fas fa-hdd ml-3\"><\/i> 46.71 MB<\/div>\n            <\/div>\n            <div class=\"ml-3\">\n                <a class='wpdm-download-link download-on-click btn btn-primary ' rel='nofollow' href='#' data-downloadurl=\"https:\/\/sandalio.org\/sw\/download\/el-blog-de-casimiro\/?wpdmdl=934&#038;refresh=69f0c5bcee3571777386940\">Descargar<\/a>\n            <\/div>\n        <\/div>\n    <\/div>\n<\/div>\n\n<\/div><\/p>\t\t\t\t\t\t\t\t<\/div>\n\t\t\t\t<\/div>\n\t\t\t\t\t<\/div>\n\t\t<\/div>\n\t\t\t\t\t<\/div>\n\t\t<\/section>\n\t\t\t\t<section class=\"elementor-section elementor-top-section elementor-element elementor-element-d897085 elementor-section-boxed elementor-section-height-default elementor-section-height-default\" data-id=\"d897085\" data-element_type=\"section\" data-e-type=\"section\">\n\t\t\t\t\t\t<div class=\"elementor-container elementor-column-gap-default\">\n\t\t\t\t\t<div class=\"elementor-column elementor-col-100 elementor-top-column elementor-element elementor-element-ead4306\" data-id=\"ead4306\" data-element_type=\"column\" data-e-type=\"column\">\n\t\t\t<div class=\"elementor-widget-wrap elementor-element-populated\">\n\t\t\t\t\t\t<div class=\"elementor-element elementor-element-672edaa elementor-widget elementor-widget-heading\" data-id=\"672edaa\" data-element_type=\"widget\" data-e-type=\"widget\" data-widget_type=\"heading.default\">\n\t\t\t\t<div class=\"elementor-widget-container\">\n\t\t\t\t\t<h2 class=\"elementor-heading-title elementor-size-default\">MIRADA ESTUDIOSA Y REFLEXIVA<\/h2>\t\t\t\t<\/div>\n\t\t\t\t<\/div>\n\t\t\t\t<div class=\"elementor-element elementor-element-f963dee elementor-widget elementor-widget-text-editor\" data-id=\"f963dee\" data-element_type=\"widget\" data-e-type=\"widget\" data-widget_type=\"text-editor.default\">\n\t\t\t\t<div class=\"elementor-widget-container\">\n\t\t\t\t\t\t\t\t\t<p>Si ya es dif\u00edcil orientarse entre el laberinto de noticias verdaderas y falsas, tendenciosas y parciales, torticeras y testimoniales que se entrelazan en el <strong>tapiz de la informaci\u00f3n de actualidad<\/strong> haci\u00e9ndonos muchas veces dudar si lo estaremos viendo por el haz o por el env\u00e9s\u2026\u00a0 Igual de dif\u00edcil es entender la realidad en sus complej\u00edsimas facetas si no nos dejamos orientar por especialistas en los que podamos depositar nuestra confianza.<\/p><p>Lamentablemente esta visi\u00f3n de los especialistas no suele ser divulgada y ni puesta al alcance de tantas personas que no tienen la base para entender o la oportunidad de acceder a dichas investigaciones, con lo cual para una mayor\u00eda de personas de muy variada edad y condici\u00f3n social <strong>la realidad<\/strong>, en muchos de sus aspectos, <strong>est\u00e1 sellada<\/strong> y tienen que conformarse con tragar las ruedas de molino que los manipuladores de turno, con toda clase de m\u00fasicas, colorines y montajes espectaculares en los medios de incomunicaci\u00f3n de masas, tan arteramente compiten por servir.<\/p><p>Desde mi juventud observ\u00e9 esto en el \u00e1mbito de lo religioso, donde el abismo que separaba la investigaci\u00f3n exeg\u00e9tica y teol\u00f3gica de lo que se ense\u00f1aba a las masas era tan enorme que resultaban continentes separad\u00edsimos y con dif\u00edciles y escas\u00edsimos medios de comunicaci\u00f3n.<\/p><p>Si aplicamos el modelo a la econom\u00eda o a la pol\u00edtica nos damos cuenta de la misma situaci\u00f3n. La mayor\u00eda de la gente no puede entender lo que <strong>hay detr\u00e1s<\/strong> de los mensajes \u201cya masticados\u201d que les hacen tragar\u2026<\/p><p>Es por eso que nos dedicamos durante a\u00f1os a trabajar y dise\u00f1ar la EXPOCARCEL, para que la mayor\u00eda de la gente que no tiene acceso a una informaci\u00f3n de primera mano e inteligible pudiera hacerse una idea atinada de esta tremenda realidad: la c\u00e1rcel y el sistema penal. <\/p>\t\t\t\t\t\t\t\t<\/div>\n\t\t\t\t<\/div>\n\t\t\t\t<div class=\"elementor-element elementor-element-85adccc elementor-widget elementor-widget-image\" data-id=\"85adccc\" data-element_type=\"widget\" data-e-type=\"widget\" data-widget_type=\"image.default\">\n\t\t\t\t<div class=\"elementor-widget-container\">\n\t\t\t\t\t\t\t\t\t\t\t\t\t\t\t<img loading=\"lazy\" decoding=\"async\" data-attachment-id=\"533\" data-permalink=\"https:\/\/sandalio.org\/sw\/mirando-con-conocimiento\/expocarcel-2\/\" data-orig-file=\"https:\/\/i0.wp.com\/sandalio.org\/sw\/wp-content\/uploads\/2021\/02\/expocarcel.png?fit=675%2C506&amp;ssl=1\" data-orig-size=\"675,506\" data-comments-opened=\"1\" data-image-meta=\"{&quot;aperture&quot;:&quot;0&quot;,&quot;credit&quot;:&quot;&quot;,&quot;camera&quot;:&quot;&quot;,&quot;caption&quot;:&quot;&quot;,&quot;created_timestamp&quot;:&quot;0&quot;,&quot;copyright&quot;:&quot;&quot;,&quot;focal_length&quot;:&quot;0&quot;,&quot;iso&quot;:&quot;0&quot;,&quot;shutter_speed&quot;:&quot;0&quot;,&quot;title&quot;:&quot;&quot;,&quot;orientation&quot;:&quot;0&quot;}\" data-image-title=\"expocarcel\" data-image-description=\"\" data-image-caption=\"\" data-large-file=\"https:\/\/i0.wp.com\/sandalio.org\/sw\/wp-content\/uploads\/2021\/02\/expocarcel.png?fit=675%2C506&amp;ssl=1\" width=\"675\" height=\"506\" src=\"https:\/\/i0.wp.com\/sandalio.org\/sw\/wp-content\/uploads\/2021\/02\/expocarcel.png?fit=675%2C506&amp;ssl=1\" class=\"attachment-large size-large wp-image-533\" alt=\"\" srcset=\"https:\/\/i0.wp.com\/sandalio.org\/sw\/wp-content\/uploads\/2021\/02\/expocarcel.png?w=675&amp;ssl=1 675w, https:\/\/i0.wp.com\/sandalio.org\/sw\/wp-content\/uploads\/2021\/02\/expocarcel.png?resize=300%2C225&amp;ssl=1 300w\" sizes=\"(max-width: 675px) 100vw, 675px\" data-attachment-id=\"533\" data-permalink=\"https:\/\/sandalio.org\/sw\/mirando-con-conocimiento\/expocarcel-2\/\" data-orig-file=\"https:\/\/i0.wp.com\/sandalio.org\/sw\/wp-content\/uploads\/2021\/02\/expocarcel.png?fit=675%2C506&amp;ssl=1\" data-orig-size=\"675,506\" data-comments-opened=\"1\" data-image-meta=\"{&quot;aperture&quot;:&quot;0&quot;,&quot;credit&quot;:&quot;&quot;,&quot;camera&quot;:&quot;&quot;,&quot;caption&quot;:&quot;&quot;,&quot;created_timestamp&quot;:&quot;0&quot;,&quot;copyright&quot;:&quot;&quot;,&quot;focal_length&quot;:&quot;0&quot;,&quot;iso&quot;:&quot;0&quot;,&quot;shutter_speed&quot;:&quot;0&quot;,&quot;title&quot;:&quot;&quot;,&quot;orientation&quot;:&quot;0&quot;}\" data-image-title=\"expocarcel\" data-image-description=\"\" data-image-caption=\"\" data-large-file=\"https:\/\/i0.wp.com\/sandalio.org\/sw\/wp-content\/uploads\/2021\/02\/expocarcel.png?fit=675%2C506&amp;ssl=1\" \/>\t\t\t\t\t\t\t\t\t\t\t\t\t\t\t<\/div>\n\t\t\t\t<\/div>\n\t\t\t\t\t<\/div>\n\t\t<\/div>\n\t\t\t\t\t<\/div>\n\t\t<\/section>\n\t\t\t\t<section class=\"elementor-section elementor-top-section elementor-element elementor-element-9e4f157 elementor-section-boxed elementor-section-height-default elementor-section-height-default\" data-id=\"9e4f157\" data-element_type=\"section\" data-e-type=\"section\">\n\t\t\t\t\t\t<div class=\"elementor-container elementor-column-gap-default\">\n\t\t\t\t\t<div class=\"elementor-column elementor-col-33 elementor-top-column elementor-element elementor-element-bf47baf\" data-id=\"bf47baf\" data-element_type=\"column\" data-e-type=\"column\">\n\t\t\t<div class=\"elementor-widget-wrap elementor-element-populated\">\n\t\t\t\t\t\t<div class=\"elementor-element elementor-element-785ca11 elementor-widget elementor-widget-heading\" data-id=\"785ca11\" data-element_type=\"widget\" data-e-type=\"widget\" data-widget_type=\"heading.default\">\n\t\t\t\t<div class=\"elementor-widget-container\">\n\t\t\t\t\t<h2 class=\"elementor-heading-title elementor-size-default\">Expo-c\u00e1rcel  itinerante<\/h2>\t\t\t\t<\/div>\n\t\t\t\t<\/div>\n\t\t\t\t<div class=\"elementor-element elementor-element-cb73b40 elementor-widget elementor-widget-image\" data-id=\"cb73b40\" data-element_type=\"widget\" data-e-type=\"widget\" data-widget_type=\"image.default\">\n\t\t\t\t<div class=\"elementor-widget-container\">\n\t\t\t\t\t\t\t\t\t\t\t\t\t\t\t<img loading=\"lazy\" decoding=\"async\" data-attachment-id=\"562\" data-permalink=\"https:\/\/sandalio.org\/sw\/mirando-con-conocimiento\/expocarcel2\/\" data-orig-file=\"https:\/\/i0.wp.com\/sandalio.org\/sw\/wp-content\/uploads\/2021\/02\/expocarcel2.png?fit=595%2C452&amp;ssl=1\" data-orig-size=\"595,452\" data-comments-opened=\"1\" data-image-meta=\"{&quot;aperture&quot;:&quot;0&quot;,&quot;credit&quot;:&quot;&quot;,&quot;camera&quot;:&quot;&quot;,&quot;caption&quot;:&quot;&quot;,&quot;created_timestamp&quot;:&quot;0&quot;,&quot;copyright&quot;:&quot;&quot;,&quot;focal_length&quot;:&quot;0&quot;,&quot;iso&quot;:&quot;0&quot;,&quot;shutter_speed&quot;:&quot;0&quot;,&quot;title&quot;:&quot;&quot;,&quot;orientation&quot;:&quot;0&quot;}\" data-image-title=\"expocarcel2\" data-image-description=\"\" data-image-caption=\"\" data-large-file=\"https:\/\/i0.wp.com\/sandalio.org\/sw\/wp-content\/uploads\/2021\/02\/expocarcel2.png?fit=595%2C452&amp;ssl=1\" width=\"595\" height=\"452\" src=\"https:\/\/i0.wp.com\/sandalio.org\/sw\/wp-content\/uploads\/2021\/02\/expocarcel2.png?fit=595%2C452&amp;ssl=1\" class=\"attachment-large size-large wp-image-562\" alt=\"\" srcset=\"https:\/\/i0.wp.com\/sandalio.org\/sw\/wp-content\/uploads\/2021\/02\/expocarcel2.png?w=595&amp;ssl=1 595w, https:\/\/i0.wp.com\/sandalio.org\/sw\/wp-content\/uploads\/2021\/02\/expocarcel2.png?resize=300%2C228&amp;ssl=1 300w\" sizes=\"(max-width: 595px) 100vw, 595px\" data-attachment-id=\"562\" data-permalink=\"https:\/\/sandalio.org\/sw\/mirando-con-conocimiento\/expocarcel2\/\" data-orig-file=\"https:\/\/i0.wp.com\/sandalio.org\/sw\/wp-content\/uploads\/2021\/02\/expocarcel2.png?fit=595%2C452&amp;ssl=1\" data-orig-size=\"595,452\" data-comments-opened=\"1\" data-image-meta=\"{&quot;aperture&quot;:&quot;0&quot;,&quot;credit&quot;:&quot;&quot;,&quot;camera&quot;:&quot;&quot;,&quot;caption&quot;:&quot;&quot;,&quot;created_timestamp&quot;:&quot;0&quot;,&quot;copyright&quot;:&quot;&quot;,&quot;focal_length&quot;:&quot;0&quot;,&quot;iso&quot;:&quot;0&quot;,&quot;shutter_speed&quot;:&quot;0&quot;,&quot;title&quot;:&quot;&quot;,&quot;orientation&quot;:&quot;0&quot;}\" data-image-title=\"expocarcel2\" data-image-description=\"\" data-image-caption=\"\" data-large-file=\"https:\/\/i0.wp.com\/sandalio.org\/sw\/wp-content\/uploads\/2021\/02\/expocarcel2.png?fit=595%2C452&amp;ssl=1\" \/>\t\t\t\t\t\t\t\t\t\t\t\t\t\t\t<\/div>\n\t\t\t\t<\/div>\n\t\t\t\t\t<\/div>\n\t\t<\/div>\n\t\t\t\t<div class=\"elementor-column elementor-col-66 elementor-top-column elementor-element elementor-element-c1d2a9c\" data-id=\"c1d2a9c\" data-element_type=\"column\" data-e-type=\"column\">\n\t\t\t<div class=\"elementor-widget-wrap elementor-element-populated\">\n\t\t\t\t\t\t<div class=\"elementor-element elementor-element-486ecbd elementor-widget elementor-widget-video\" data-id=\"486ecbd\" data-element_type=\"widget\" data-e-type=\"widget\" data-settings=\"{&quot;youtube_url&quot;:&quot;https:\\\/\\\/www.youtube.com\\\/watch?v=XHOmBV4js_E&quot;,&quot;video_type&quot;:&quot;youtube&quot;,&quot;controls&quot;:&quot;yes&quot;}\" data-widget_type=\"video.default\">\n\t\t\t\t<div class=\"elementor-widget-container\">\n\t\t\t\t\t\t\t<div class=\"elementor-wrapper elementor-open-inline\">\n\t\t\t<div class=\"elementor-video\"><\/div>\t\t<\/div>\n\t\t\t\t\t\t<\/div>\n\t\t\t\t<\/div>\n\t\t\t\t\t<\/div>\n\t\t<\/div>\n\t\t\t\t\t<\/div>\n\t\t<\/section>\n\t\t\t\t<section class=\"elementor-section elementor-top-section elementor-element elementor-element-e1ae68f elementor-section-boxed elementor-section-height-default elementor-section-height-default\" data-id=\"e1ae68f\" data-element_type=\"section\" data-e-type=\"section\">\n\t\t\t\t\t\t<div class=\"elementor-container elementor-column-gap-default\">\n\t\t\t\t\t<div class=\"elementor-column elementor-col-100 elementor-top-column elementor-element elementor-element-2c74d6a\" data-id=\"2c74d6a\" data-element_type=\"column\" data-e-type=\"column\">\n\t\t\t<div class=\"elementor-widget-wrap elementor-element-populated\">\n\t\t\t\t\t\t<div class=\"elementor-element elementor-element-c6c1d33 elementor-align-center elementor-widget elementor-widget-button\" data-id=\"c6c1d33\" data-element_type=\"widget\" data-e-type=\"widget\" data-widget_type=\"button.default\">\n\t\t\t\t<div class=\"elementor-widget-container\">\n\t\t\t\t\t\t\t\t\t<div class=\"elementor-button-wrapper\">\n\t\t\t\t\t<a class=\"elementor-button elementor-button-link elementor-size-sm\" href=\"https:\/\/sandalio.org\/sw\/expocarcel\/\">\n\t\t\t\t\t\t<span class=\"elementor-button-content-wrapper\">\n\t\t\t\t\t\t\t\t\t<span class=\"elementor-button-text\">IR APARTADO DE LA EXPO-C\u00c1RCEL<\/span>\n\t\t\t\t\t<\/span>\n\t\t\t\t\t<\/a>\n\t\t\t\t<\/div>\n\t\t\t\t\t\t\t\t<\/div>\n\t\t\t\t<\/div>\n\t\t\t\t\t<\/div>\n\t\t<\/div>\n\t\t\t\t\t<\/div>\n\t\t<\/section>\n\t\t\t\t<section class=\"elementor-section elementor-top-section elementor-element elementor-element-a713d47 elementor-section-boxed elementor-section-height-default elementor-section-height-default\" data-id=\"a713d47\" data-element_type=\"section\" data-e-type=\"section\">\n\t\t\t\t\t\t<div class=\"elementor-container elementor-column-gap-default\">\n\t\t\t\t\t<div class=\"elementor-column elementor-col-100 elementor-top-column elementor-element elementor-element-c1682bb\" data-id=\"c1682bb\" data-element_type=\"column\" data-e-type=\"column\">\n\t\t\t<div class=\"elementor-widget-wrap elementor-element-populated\">\n\t\t\t\t\t\t<div class=\"elementor-element elementor-element-86f0450 elementor-widget elementor-widget-text-editor\" data-id=\"86f0450\" data-element_type=\"widget\" data-e-type=\"widget\" data-widget_type=\"text-editor.default\">\n\t\t\t\t<div class=\"elementor-widget-container\">\n\t\t\t\t\t\t\t\t\t<p>Tambi\u00e9n por el mismo motivo realizamos <strong>una&nbsp; serie de videos did\u00e1cticos<\/strong> para divulgar de forma comprensible y razonable las diversas perspectivas de la estafa de que fuimos v\u00edctimas en el a\u00f1o 2008 y siguientes, y que los medios de incomunicaci\u00f3n llamaron crisis.<\/p>\n<p>Como estos videos los hicimos en colaboraci\u00f3n con <b>Antonio Campuzano<\/b>, experto en educaci\u00f3n, imagen y medios de comunicaci\u00f3n, quien pueda estar interesado en verlos puede hacerlos en el siguiente enlace: A.Campuzano: educaci\u00f3n y medios\u2026<\/p>\t\t\t\t\t\t\t\t<\/div>\n\t\t\t\t<\/div>\n\t\t\t\t\t<\/div>\n\t\t<\/div>\n\t\t\t\t\t<\/div>\n\t\t<\/section>\n\t\t\t\t<section class=\"elementor-section elementor-top-section elementor-element elementor-element-63390ec elementor-section-boxed elementor-section-height-default elementor-section-height-default\" data-id=\"63390ec\" data-element_type=\"section\" data-e-type=\"section\">\n\t\t\t\t\t\t<div class=\"elementor-container elementor-column-gap-default\">\n\t\t\t\t\t<div class=\"elementor-column elementor-col-33 elementor-top-column elementor-element elementor-element-9758ce7\" data-id=\"9758ce7\" data-element_type=\"column\" data-e-type=\"column\">\n\t\t\t<div class=\"elementor-widget-wrap elementor-element-populated\">\n\t\t\t\t\t\t<div class=\"elementor-element elementor-element-02337f8 elementor-widget elementor-widget-heading\" data-id=\"02337f8\" data-element_type=\"widget\" data-e-type=\"widget\" data-widget_type=\"heading.default\">\n\t\t\t\t<div class=\"elementor-widget-container\">\n\t\t\t\t\t<h2 class=\"elementor-heading-title elementor-size-default\">NTM. 1. Cuando la legalidad produce \u2026 monstruos<\/h2>\t\t\t\t<\/div>\n\t\t\t\t<\/div>\n\t\t\t\t<div class=\"elementor-element elementor-element-169929c elementor-widget elementor-widget-text-editor\" data-id=\"169929c\" data-element_type=\"widget\" data-e-type=\"widget\" data-widget_type=\"text-editor.default\">\n\t\t\t\t<div class=\"elementor-widget-container\">\n\t\t\t\t\t\t\t\t\t<p>TIEMPO: 14:08 min<\/p>\t\t\t\t\t\t\t\t<\/div>\n\t\t\t\t<\/div>\n\t\t\t\t<div class=\"elementor-element elementor-element-654d4c6 elementor-widget elementor-widget-text-editor\" data-id=\"654d4c6\" data-element_type=\"widget\" data-e-type=\"widget\" data-widget_type=\"text-editor.default\">\n\t\t\t\t<div class=\"elementor-widget-container\">\n\t\t\t\t\t\t\t\t\t<p><b>NO TENEMOS MIEDO<\/b> es una serie de v\u00eddeos dedicados a analizar esta estafa que llaman crisis y a proponer soluciones alternativas a las que est\u00e1 dando el gobierno.<\/p>\n<p>\u00abCuando la legalidad produce \u2026. monstruos\u00bb es el primer cap\u00edtulo. En \u00e9l se explica la diferencia entre Justicia y Legalidad.<\/p>\t\t\t\t\t\t\t\t<\/div>\n\t\t\t\t<\/div>\n\t\t\t\t\t<\/div>\n\t\t<\/div>\n\t\t\t\t<div class=\"elementor-column elementor-col-66 elementor-top-column elementor-element elementor-element-55c3134\" data-id=\"55c3134\" data-element_type=\"column\" data-e-type=\"column\">\n\t\t\t<div class=\"elementor-widget-wrap elementor-element-populated\">\n\t\t\t\t\t\t<div class=\"elementor-element elementor-element-948031e elementor-widget elementor-widget-video\" data-id=\"948031e\" data-element_type=\"widget\" data-e-type=\"widget\" data-settings=\"{&quot;youtube_url&quot;:&quot;http:\\\/\\\/youtu.be\\\/KFy1BUpBivw&quot;,&quot;video_type&quot;:&quot;youtube&quot;,&quot;controls&quot;:&quot;yes&quot;}\" data-widget_type=\"video.default\">\n\t\t\t\t<div class=\"elementor-widget-container\">\n\t\t\t\t\t\t\t<div class=\"elementor-wrapper elementor-open-inline\">\n\t\t\t<div class=\"elementor-video\"><\/div>\t\t<\/div>\n\t\t\t\t\t\t<\/div>\n\t\t\t\t<\/div>\n\t\t\t\t\t<\/div>\n\t\t<\/div>\n\t\t\t\t\t<\/div>\n\t\t<\/section>\n\t\t\t\t<section class=\"elementor-section elementor-top-section elementor-element elementor-element-d8de49c elementor-section-boxed elementor-section-height-default elementor-section-height-default\" data-id=\"d8de49c\" data-element_type=\"section\" data-e-type=\"section\">\n\t\t\t\t\t\t<div class=\"elementor-container elementor-column-gap-default\">\n\t\t\t\t\t<div class=\"elementor-column elementor-col-33 elementor-top-column elementor-element elementor-element-f86bf23\" data-id=\"f86bf23\" data-element_type=\"column\" data-e-type=\"column\">\n\t\t\t<div class=\"elementor-widget-wrap elementor-element-populated\">\n\t\t\t\t\t\t<div class=\"elementor-element elementor-element-fc33bfb elementor-widget elementor-widget-heading\" data-id=\"fc33bfb\" data-element_type=\"widget\" data-e-type=\"widget\" data-widget_type=\"heading.default\">\n\t\t\t\t<div class=\"elementor-widget-container\">\n\t\t\t\t\t<h2 class=\"elementor-heading-title elementor-size-default\">NTM 2. No es una crisis \u2026 es una estafa<\/h2>\t\t\t\t<\/div>\n\t\t\t\t<\/div>\n\t\t\t\t<div class=\"elementor-element elementor-element-8700890 elementor-widget elementor-widget-text-editor\" data-id=\"8700890\" data-element_type=\"widget\" data-e-type=\"widget\" data-widget_type=\"text-editor.default\">\n\t\t\t\t<div class=\"elementor-widget-container\">\n\t\t\t\t\t\t\t\t\t<p>TIEMPO: 14:43 min<\/p>\t\t\t\t\t\t\t\t<\/div>\n\t\t\t\t<\/div>\n\t\t\t\t<div class=\"elementor-element elementor-element-cf15496 elementor-widget elementor-widget-text-editor\" data-id=\"cf15496\" data-element_type=\"widget\" data-e-type=\"widget\" data-widget_type=\"text-editor.default\">\n\t\t\t\t<div class=\"elementor-widget-container\">\n\t\t\t\t\t\t\t\t\t<p><strong>Segundo cap\u00edtulo de la serie \u00abNo Tenemos Miedo\u00bb<\/strong>. Con el t\u00edtulo \u00abNo es una crisis \u2026 es una estafa\u00bb, se explica el protagonismo de la banca y las instituciones financieras en la generaci\u00f3n de la crisis y su influencia sobre el resto de las instituciones del Estado, que ha resultado letal para la Democracia.<\/p>\t\t\t\t\t\t\t\t<\/div>\n\t\t\t\t<\/div>\n\t\t\t\t\t<\/div>\n\t\t<\/div>\n\t\t\t\t<div class=\"elementor-column elementor-col-66 elementor-top-column elementor-element elementor-element-73819c7\" data-id=\"73819c7\" data-element_type=\"column\" data-e-type=\"column\">\n\t\t\t<div class=\"elementor-widget-wrap elementor-element-populated\">\n\t\t\t\t\t\t<div class=\"elementor-element elementor-element-c09b10f elementor-widget elementor-widget-video\" data-id=\"c09b10f\" data-element_type=\"widget\" data-e-type=\"widget\" data-settings=\"{&quot;youtube_url&quot;:&quot;http:\\\/\\\/youtu.be\\\/XPrE8Yl8hNk&quot;,&quot;video_type&quot;:&quot;youtube&quot;,&quot;controls&quot;:&quot;yes&quot;}\" data-widget_type=\"video.default\">\n\t\t\t\t<div class=\"elementor-widget-container\">\n\t\t\t\t\t\t\t<div class=\"elementor-wrapper elementor-open-inline\">\n\t\t\t<div class=\"elementor-video\"><\/div>\t\t<\/div>\n\t\t\t\t\t\t<\/div>\n\t\t\t\t<\/div>\n\t\t\t\t\t<\/div>\n\t\t<\/div>\n\t\t\t\t\t<\/div>\n\t\t<\/section>\n\t\t\t\t<section class=\"elementor-section elementor-top-section elementor-element elementor-element-33307aa elementor-section-boxed elementor-section-height-default elementor-section-height-default\" data-id=\"33307aa\" data-element_type=\"section\" data-e-type=\"section\">\n\t\t\t\t\t\t<div class=\"elementor-container elementor-column-gap-default\">\n\t\t\t\t\t<div class=\"elementor-column elementor-col-33 elementor-top-column elementor-element elementor-element-388c675\" data-id=\"388c675\" data-element_type=\"column\" data-e-type=\"column\">\n\t\t\t<div class=\"elementor-widget-wrap elementor-element-populated\">\n\t\t\t\t\t\t<div class=\"elementor-element elementor-element-43b3129 elementor-widget elementor-widget-heading\" data-id=\"43b3129\" data-element_type=\"widget\" data-e-type=\"widget\" data-widget_type=\"heading.default\">\n\t\t\t\t<div class=\"elementor-widget-container\">\n\t\t\t\t\t<h2 class=\"elementor-heading-title elementor-size-default\">NTM 3. No hay pan para tanto chorizo <\/h2>\t\t\t\t<\/div>\n\t\t\t\t<\/div>\n\t\t\t\t<div class=\"elementor-element elementor-element-0a8afee elementor-widget elementor-widget-text-editor\" data-id=\"0a8afee\" data-element_type=\"widget\" data-e-type=\"widget\" data-widget_type=\"text-editor.default\">\n\t\t\t\t<div class=\"elementor-widget-container\">\n\t\t\t\t\t\t\t\t\t<p>TIEMPO: 15:36 min<\/p>\t\t\t\t\t\t\t\t<\/div>\n\t\t\t\t<\/div>\n\t\t\t\t<div class=\"elementor-element elementor-element-7806106 elementor-widget elementor-widget-text-editor\" data-id=\"7806106\" data-element_type=\"widget\" data-e-type=\"widget\" data-widget_type=\"text-editor.default\">\n\t\t\t\t<div class=\"elementor-widget-container\">\n\t\t\t\t\t\t\t\t\t<p><strong>Tercer cap\u00edtulo de la serie \u00abNo Tenemos Miedo\u00bb.<\/strong> Trata de c\u00f3mo la corrupci\u00f3n convierte a los partidos y los pol\u00edticos con opciones de gobierno, en colaboradores necesarios de las mafias financieras para perpretar esta estafa que algunos llaman crisis.<\/p>\t\t\t\t\t\t\t\t<\/div>\n\t\t\t\t<\/div>\n\t\t\t\t\t<\/div>\n\t\t<\/div>\n\t\t\t\t<div class=\"elementor-column elementor-col-66 elementor-top-column elementor-element elementor-element-0069bd7\" data-id=\"0069bd7\" data-element_type=\"column\" data-e-type=\"column\">\n\t\t\t<div class=\"elementor-widget-wrap elementor-element-populated\">\n\t\t\t\t\t\t<div class=\"elementor-element elementor-element-a6f8cb6 elementor-widget elementor-widget-video\" data-id=\"a6f8cb6\" data-element_type=\"widget\" data-e-type=\"widget\" data-settings=\"{&quot;youtube_url&quot;:&quot;https:\\\/\\\/youtu.be\\\/xelSXjZBwbs&quot;,&quot;video_type&quot;:&quot;youtube&quot;,&quot;controls&quot;:&quot;yes&quot;}\" data-widget_type=\"video.default\">\n\t\t\t\t<div class=\"elementor-widget-container\">\n\t\t\t\t\t\t\t<div class=\"elementor-wrapper elementor-open-inline\">\n\t\t\t<div class=\"elementor-video\"><\/div>\t\t<\/div>\n\t\t\t\t\t\t<\/div>\n\t\t\t\t<\/div>\n\t\t\t\t\t<\/div>\n\t\t<\/div>\n\t\t\t\t\t<\/div>\n\t\t<\/section>\n\t\t\t\t<section class=\"elementor-section elementor-top-section elementor-element elementor-element-5270e97 elementor-section-boxed elementor-section-height-default elementor-section-height-default\" data-id=\"5270e97\" data-element_type=\"section\" data-e-type=\"section\">\n\t\t\t\t\t\t<div class=\"elementor-container elementor-column-gap-default\">\n\t\t\t\t\t<div class=\"elementor-column elementor-col-33 elementor-top-column elementor-element elementor-element-af3ca66\" data-id=\"af3ca66\" data-element_type=\"column\" data-e-type=\"column\">\n\t\t\t<div class=\"elementor-widget-wrap elementor-element-populated\">\n\t\t\t\t\t\t<div class=\"elementor-element elementor-element-958334d elementor-widget elementor-widget-heading\" data-id=\"958334d\" data-element_type=\"widget\" data-e-type=\"widget\" data-widget_type=\"heading.default\">\n\t\t\t\t<div class=\"elementor-widget-container\">\n\t\t\t\t\t<h2 class=\"elementor-heading-title elementor-size-default\">NTM 4. Las armas del terrorismo financiero <\/h2>\t\t\t\t<\/div>\n\t\t\t\t<\/div>\n\t\t\t\t<div class=\"elementor-element elementor-element-631f14b elementor-widget elementor-widget-text-editor\" data-id=\"631f14b\" data-element_type=\"widget\" data-e-type=\"widget\" data-widget_type=\"text-editor.default\">\n\t\t\t\t<div class=\"elementor-widget-container\">\n\t\t\t\t\t\t\t\t\t<p>TIEMPO: 17:41 min<\/p>\t\t\t\t\t\t\t\t<\/div>\n\t\t\t\t<\/div>\n\t\t\t\t<div class=\"elementor-element elementor-element-be54ea9 elementor-widget elementor-widget-text-editor\" data-id=\"be54ea9\" data-element_type=\"widget\" data-e-type=\"widget\" data-widget_type=\"text-editor.default\">\n\t\t\t\t<div class=\"elementor-widget-container\">\n\t\t\t\t\t\t\t\t\t<p><strong>Cuarto cap\u00edtulo de la serie \u00abNo Tenemos Miedo\u00bb.\u00a0<\/strong>En \u00e9l se habla de las instituciones internacionales p\u00fablicas y privadas que, sinti\u00e9ndose due\u00f1as del mundo, imponen a Espa\u00f1a pol\u00edticas que empobrecen a la mayor parte del pa\u00eds para beneficiar a unos pocos, al tiempo que nos privan de nuestros derechos b\u00e1sicos: salud, vivienda, educaci\u00f3n, etc.<\/p>\t\t\t\t\t\t\t\t<\/div>\n\t\t\t\t<\/div>\n\t\t\t\t\t<\/div>\n\t\t<\/div>\n\t\t\t\t<div class=\"elementor-column elementor-col-66 elementor-top-column elementor-element elementor-element-5cd20d0\" data-id=\"5cd20d0\" data-element_type=\"column\" data-e-type=\"column\">\n\t\t\t<div class=\"elementor-widget-wrap elementor-element-populated\">\n\t\t\t\t\t\t<div class=\"elementor-element elementor-element-8d614ad elementor-widget elementor-widget-video\" data-id=\"8d614ad\" data-element_type=\"widget\" data-e-type=\"widget\" data-settings=\"{&quot;youtube_url&quot;:&quot;http:\\\/\\\/youtu.be\\\/AmFTMgqs18g&quot;,&quot;video_type&quot;:&quot;youtube&quot;,&quot;controls&quot;:&quot;yes&quot;}\" data-widget_type=\"video.default\">\n\t\t\t\t<div class=\"elementor-widget-container\">\n\t\t\t\t\t\t\t<div class=\"elementor-wrapper elementor-open-inline\">\n\t\t\t<div class=\"elementor-video\"><\/div>\t\t<\/div>\n\t\t\t\t\t\t<\/div>\n\t\t\t\t<\/div>\n\t\t\t\t\t<\/div>\n\t\t<\/div>\n\t\t\t\t\t<\/div>\n\t\t<\/section>\n\t\t\t\t<section class=\"elementor-section elementor-top-section elementor-element elementor-element-5b8b7f4 elementor-section-boxed elementor-section-height-default elementor-section-height-default\" data-id=\"5b8b7f4\" data-element_type=\"section\" data-e-type=\"section\">\n\t\t\t\t\t\t<div class=\"elementor-container elementor-column-gap-default\">\n\t\t\t\t\t<div class=\"elementor-column elementor-col-33 elementor-top-column elementor-element elementor-element-59d3b2a\" data-id=\"59d3b2a\" data-element_type=\"column\" data-e-type=\"column\">\n\t\t\t<div class=\"elementor-widget-wrap elementor-element-populated\">\n\t\t\t\t\t\t<div class=\"elementor-element elementor-element-14d5482 elementor-widget elementor-widget-heading\" data-id=\"14d5482\" data-element_type=\"widget\" data-e-type=\"widget\" data-widget_type=\"heading.default\">\n\t\t\t\t<div class=\"elementor-widget-container\">\n\t\t\t\t\t<h2 class=\"elementor-heading-title elementor-size-default\">NTM 5. No falta dinero \u2026 sobran ladrones<\/h2>\t\t\t\t<\/div>\n\t\t\t\t<\/div>\n\t\t\t\t<div class=\"elementor-element elementor-element-5a9ed62 elementor-widget elementor-widget-text-editor\" data-id=\"5a9ed62\" data-element_type=\"widget\" data-e-type=\"widget\" data-widget_type=\"text-editor.default\">\n\t\t\t\t<div class=\"elementor-widget-container\">\n\t\t\t\t\t\t\t\t\t<p>TIEMPO: 19:11 min<\/p>\t\t\t\t\t\t\t\t<\/div>\n\t\t\t\t<\/div>\n\t\t\t\t<div class=\"elementor-element elementor-element-f0b5a17 elementor-widget elementor-widget-text-editor\" data-id=\"f0b5a17\" data-element_type=\"widget\" data-e-type=\"widget\" data-widget_type=\"text-editor.default\">\n\t\t\t\t<div class=\"elementor-widget-container\">\n\t\t\t\t\t\t\t\t\t<p><strong>Quinto cap\u00edtulo de la serie \u00abNo Tenemos Miedo\u00bb. <\/strong>En el cap\u00edtulo 5\u00ba de la serie No Tenemos Miedo, podemos ver que los gastos de este pa\u00eds cargan, en un 80% sobre los impuestos de las clases medias y bajas. Sobre todo, de los de n\u00f3mina. Grandes empresas y grandes fortunas o tributan poco o esconden sus beneficios en para\u00edsos fiscales. Mientras tanto, el gobierno sigue recortando salarios y prestaciones sociales y castigando el consumo, con lo que la econom\u00eda espa\u00f1ola se va hundiendo sin remisi\u00f3n.<\/p><p>Para que este pa\u00eds funcione hay que cambiar las instituciones obsoletas y corruptas y las pol\u00edticas econ\u00f3micas y sociales.<\/p>\t\t\t\t\t\t\t\t<\/div>\n\t\t\t\t<\/div>\n\t\t\t\t\t<\/div>\n\t\t<\/div>\n\t\t\t\t<div class=\"elementor-column elementor-col-66 elementor-top-column elementor-element elementor-element-da2b5ae\" data-id=\"da2b5ae\" data-element_type=\"column\" data-e-type=\"column\">\n\t\t\t<div class=\"elementor-widget-wrap elementor-element-populated\">\n\t\t\t\t\t\t<div class=\"elementor-element elementor-element-1d5c9c6 elementor-widget elementor-widget-video\" data-id=\"1d5c9c6\" data-element_type=\"widget\" data-e-type=\"widget\" data-settings=\"{&quot;youtube_url&quot;:&quot;http:\\\/\\\/youtu.be\\\/e9Unw9eD7FI&quot;,&quot;video_type&quot;:&quot;youtube&quot;,&quot;controls&quot;:&quot;yes&quot;}\" data-widget_type=\"video.default\">\n\t\t\t\t<div class=\"elementor-widget-container\">\n\t\t\t\t\t\t\t<div class=\"elementor-wrapper elementor-open-inline\">\n\t\t\t<div class=\"elementor-video\"><\/div>\t\t<\/div>\n\t\t\t\t\t\t<\/div>\n\t\t\t\t<\/div>\n\t\t\t\t\t<\/div>\n\t\t<\/div>\n\t\t\t\t\t<\/div>\n\t\t<\/section>\n\t\t\t\t<section class=\"elementor-section elementor-top-section elementor-element elementor-element-6276209 elementor-section-boxed elementor-section-height-default elementor-section-height-default\" data-id=\"6276209\" data-element_type=\"section\" data-e-type=\"section\">\n\t\t\t\t\t\t<div class=\"elementor-container elementor-column-gap-default\">\n\t\t\t\t\t<div class=\"elementor-column elementor-col-33 elementor-top-column elementor-element elementor-element-46963ae\" data-id=\"46963ae\" data-element_type=\"column\" data-e-type=\"column\">\n\t\t\t<div class=\"elementor-widget-wrap elementor-element-populated\">\n\t\t\t\t\t\t<div class=\"elementor-element elementor-element-e60f1b8 elementor-widget elementor-widget-heading\" data-id=\"e60f1b8\" data-element_type=\"widget\" data-e-type=\"widget\" data-widget_type=\"heading.default\">\n\t\t\t\t<div class=\"elementor-widget-container\">\n\t\t\t\t\t<h2 class=\"elementor-heading-title elementor-size-default\">NTM 6. La Gran Estafa <\/h2>\t\t\t\t<\/div>\n\t\t\t\t<\/div>\n\t\t\t\t<div class=\"elementor-element elementor-element-1f79a37 elementor-widget elementor-widget-text-editor\" data-id=\"1f79a37\" data-element_type=\"widget\" data-e-type=\"widget\" data-widget_type=\"text-editor.default\">\n\t\t\t\t<div class=\"elementor-widget-container\">\n\t\t\t\t\t\t\t\t\t<p>TIEMPO: 13:29 min<\/p>\t\t\t\t\t\t\t\t<\/div>\n\t\t\t\t<\/div>\n\t\t\t\t<div class=\"elementor-element elementor-element-c018607 elementor-widget elementor-widget-text-editor\" data-id=\"c018607\" data-element_type=\"widget\" data-e-type=\"widget\" data-widget_type=\"text-editor.default\">\n\t\t\t\t<div class=\"elementor-widget-container\">\n\t\t\t\t\t\t\t\t\t<p><strong>Sexto cap\u00edtulo de la serie \u00abNo Tenemos Miedo\u00bb. <\/strong>Las pol\u00edticas de \u00abausteridad\u00bb que imponen las mafias financieras, por medio de sus testaferros (FMI, UE, BCE, etc.) no permiten salir de la crisis y s\u00f3lo causan pobreza, sufrimiento y muerte. Son injustas y odiosas. Por eso tenemos que luchar contra ellas.<\/p>\t\t\t\t\t\t\t\t<\/div>\n\t\t\t\t<\/div>\n\t\t\t\t\t<\/div>\n\t\t<\/div>\n\t\t\t\t<div class=\"elementor-column elementor-col-66 elementor-top-column elementor-element elementor-element-0a3cb5a\" data-id=\"0a3cb5a\" data-element_type=\"column\" data-e-type=\"column\">\n\t\t\t<div class=\"elementor-widget-wrap elementor-element-populated\">\n\t\t\t\t\t\t<div class=\"elementor-element elementor-element-6b55694 elementor-widget elementor-widget-video\" data-id=\"6b55694\" data-element_type=\"widget\" data-e-type=\"widget\" data-settings=\"{&quot;youtube_url&quot;:&quot;http:\\\/\\\/youtu.be\\\/WhfvQx_0IzA&quot;,&quot;video_type&quot;:&quot;youtube&quot;,&quot;controls&quot;:&quot;yes&quot;}\" data-widget_type=\"video.default\">\n\t\t\t\t<div class=\"elementor-widget-container\">\n\t\t\t\t\t\t\t<div class=\"elementor-wrapper elementor-open-inline\">\n\t\t\t<div class=\"elementor-video\"><\/div>\t\t<\/div>\n\t\t\t\t\t\t<\/div>\n\t\t\t\t<\/div>\n\t\t\t\t\t<\/div>\n\t\t<\/div>\n\t\t\t\t\t<\/div>\n\t\t<\/section>\n\t\t\t\t<section class=\"elementor-section elementor-top-section elementor-element elementor-element-e7f6f38 elementor-section-boxed elementor-section-height-default elementor-section-height-default\" data-id=\"e7f6f38\" data-element_type=\"section\" data-e-type=\"section\">\n\t\t\t\t\t\t<div class=\"elementor-container elementor-column-gap-default\">\n\t\t\t\t\t<div class=\"elementor-column elementor-col-33 elementor-top-column elementor-element elementor-element-571cfdf\" data-id=\"571cfdf\" data-element_type=\"column\" data-e-type=\"column\">\n\t\t\t<div class=\"elementor-widget-wrap elementor-element-populated\">\n\t\t\t\t\t\t<div class=\"elementor-element elementor-element-0f1f5d7 elementor-widget elementor-widget-heading\" data-id=\"0f1f5d7\" data-element_type=\"widget\" data-e-type=\"widget\" data-widget_type=\"heading.default\">\n\t\t\t\t<div class=\"elementor-widget-container\">\n\t\t\t\t\t<h2 class=\"elementor-heading-title elementor-size-default\">NTM 7. Democracia real \u00a1Ya! <\/h2>\t\t\t\t<\/div>\n\t\t\t\t<\/div>\n\t\t\t\t<div class=\"elementor-element elementor-element-09b9c6a elementor-widget elementor-widget-text-editor\" data-id=\"09b9c6a\" data-element_type=\"widget\" data-e-type=\"widget\" data-widget_type=\"text-editor.default\">\n\t\t\t\t<div class=\"elementor-widget-container\">\n\t\t\t\t\t\t\t\t\t<p>TIEMPO: 15:23 min<\/p>\t\t\t\t\t\t\t\t<\/div>\n\t\t\t\t<\/div>\n\t\t\t\t<div class=\"elementor-element elementor-element-3e01027 elementor-widget elementor-widget-text-editor\" data-id=\"3e01027\" data-element_type=\"widget\" data-e-type=\"widget\" data-widget_type=\"text-editor.default\">\n\t\t\t\t<div class=\"elementor-widget-container\">\n\t\t\t\t\t\t\t\t\t<p><strong>S\u00e9ptimo cap\u00edtulo de la serie \u00abNo Tenemos Miedo\u00bb.\u00a0<\/strong>Este cap\u00edtulo de la serie No Tenemos Miedo trata de los cambios que hay que hacer en las instituciones pol\u00edticas para conseguir una democracia laica, participativa y transparente en beneficio de todos los ciudadanos, no un bipartidismo que gobierna para las \u00e9lites econ\u00f3micas en un sistema pol\u00edtico nacional e internacional corrupto.<\/p>\t\t\t\t\t\t\t\t<\/div>\n\t\t\t\t<\/div>\n\t\t\t\t\t<\/div>\n\t\t<\/div>\n\t\t\t\t<div class=\"elementor-column elementor-col-66 elementor-top-column elementor-element elementor-element-c4a12fe\" data-id=\"c4a12fe\" data-element_type=\"column\" data-e-type=\"column\">\n\t\t\t<div class=\"elementor-widget-wrap elementor-element-populated\">\n\t\t\t\t\t\t<div class=\"elementor-element elementor-element-bdeba28 elementor-widget elementor-widget-video\" data-id=\"bdeba28\" data-element_type=\"widget\" data-e-type=\"widget\" data-settings=\"{&quot;youtube_url&quot;:&quot;http:\\\/\\\/youtu.be\\\/vGi_NLVaf4Q&quot;,&quot;video_type&quot;:&quot;youtube&quot;,&quot;controls&quot;:&quot;yes&quot;}\" data-widget_type=\"video.default\">\n\t\t\t\t<div class=\"elementor-widget-container\">\n\t\t\t\t\t\t\t<div class=\"elementor-wrapper elementor-open-inline\">\n\t\t\t<div class=\"elementor-video\"><\/div>\t\t<\/div>\n\t\t\t\t\t\t<\/div>\n\t\t\t\t<\/div>\n\t\t\t\t\t<\/div>\n\t\t<\/div>\n\t\t\t\t\t<\/div>\n\t\t<\/section>\n\t\t\t\t<section class=\"elementor-section elementor-top-section elementor-element elementor-element-894bc51 elementor-section-boxed elementor-section-height-default elementor-section-height-default\" data-id=\"894bc51\" data-element_type=\"section\" data-e-type=\"section\">\n\t\t\t\t\t\t<div class=\"elementor-container elementor-column-gap-default\">\n\t\t\t\t\t<div class=\"elementor-column elementor-col-33 elementor-top-column elementor-element elementor-element-e75cbda\" data-id=\"e75cbda\" data-element_type=\"column\" data-e-type=\"column\">\n\t\t\t<div class=\"elementor-widget-wrap elementor-element-populated\">\n\t\t\t\t\t\t<div class=\"elementor-element elementor-element-2c49bc8 elementor-widget elementor-widget-heading\" data-id=\"2c49bc8\" data-element_type=\"widget\" data-e-type=\"widget\" data-widget_type=\"heading.default\">\n\t\t\t\t<div class=\"elementor-widget-container\">\n\t\t\t\t\t<h2 class=\"elementor-heading-title elementor-size-default\">NTM 8. Una econom\u00eda para todos <\/h2>\t\t\t\t<\/div>\n\t\t\t\t<\/div>\n\t\t\t\t<div class=\"elementor-element elementor-element-285655c elementor-widget elementor-widget-text-editor\" data-id=\"285655c\" data-element_type=\"widget\" data-e-type=\"widget\" data-widget_type=\"text-editor.default\">\n\t\t\t\t<div class=\"elementor-widget-container\">\n\t\t\t\t\t\t\t\t\t<p>TIEMPO: 15:00 min<\/p>\t\t\t\t\t\t\t\t<\/div>\n\t\t\t\t<\/div>\n\t\t\t\t<div class=\"elementor-element elementor-element-3142326 elementor-widget elementor-widget-text-editor\" data-id=\"3142326\" data-element_type=\"widget\" data-e-type=\"widget\" data-widget_type=\"text-editor.default\">\n\t\t\t\t<div class=\"elementor-widget-container\">\n\t\t\t\t\t\t\t\t\t<p><strong>Octavo cap\u00edtulo de la serie \u00abNo Tenemos Miedo\u00bb.\u00a0<\/strong>La corrupci\u00f3n que domina la econom\u00eda y la pol\u00edtica espa\u00f1ola se debe a la falta de democracia y transparencia. Las pol\u00edticas econ\u00f3micas actuales benefician a unos pocos y perjudican a la mayor\u00eda (\u201cGobernar para las \u00e9lites\u201d). Las privatizaciones est\u00e1n malvendiendo las propiedades p\u00fablicas a intereses privados, el sistema fiscal es radicalmente injusto y, en consecuencia, los ricos cada vez son m\u00e1s ricos y cada vez hay m\u00e1s pobres. Nos roban a la mayor\u00eda para d\u00e1rselo a los ricos. \u00a1Esto tiene que cambiar!<\/p>\t\t\t\t\t\t\t\t<\/div>\n\t\t\t\t<\/div>\n\t\t\t\t\t<\/div>\n\t\t<\/div>\n\t\t\t\t<div class=\"elementor-column elementor-col-66 elementor-top-column elementor-element elementor-element-c7450fb\" data-id=\"c7450fb\" data-element_type=\"column\" data-e-type=\"column\">\n\t\t\t<div class=\"elementor-widget-wrap elementor-element-populated\">\n\t\t\t\t\t\t<div class=\"elementor-element elementor-element-2f5ca3b elementor-widget elementor-widget-video\" data-id=\"2f5ca3b\" data-element_type=\"widget\" data-e-type=\"widget\" data-settings=\"{&quot;youtube_url&quot;:&quot;http:\\\/\\\/youtu.be\\\/YPYWtx-OkUU&quot;,&quot;video_type&quot;:&quot;youtube&quot;,&quot;controls&quot;:&quot;yes&quot;}\" data-widget_type=\"video.default\">\n\t\t\t\t<div class=\"elementor-widget-container\">\n\t\t\t\t\t\t\t<div class=\"elementor-wrapper elementor-open-inline\">\n\t\t\t<div class=\"elementor-video\"><\/div>\t\t<\/div>\n\t\t\t\t\t\t<\/div>\n\t\t\t\t<\/div>\n\t\t\t\t\t<\/div>\n\t\t<\/div>\n\t\t\t\t\t<\/div>\n\t\t<\/section>\n\t\t\t\t<section class=\"elementor-section elementor-top-section elementor-element elementor-element-756c32e elementor-section-boxed elementor-section-height-default elementor-section-height-default\" data-id=\"756c32e\" data-element_type=\"section\" data-e-type=\"section\">\n\t\t\t\t\t\t<div class=\"elementor-container elementor-column-gap-default\">\n\t\t\t\t\t<div class=\"elementor-column elementor-col-33 elementor-top-column elementor-element elementor-element-30e78b6\" data-id=\"30e78b6\" data-element_type=\"column\" data-e-type=\"column\">\n\t\t\t<div class=\"elementor-widget-wrap elementor-element-populated\">\n\t\t\t\t\t\t<div class=\"elementor-element elementor-element-49670c1 elementor-widget elementor-widget-heading\" data-id=\"49670c1\" data-element_type=\"widget\" data-e-type=\"widget\" data-widget_type=\"heading.default\">\n\t\t\t\t<div class=\"elementor-widget-container\">\n\t\t\t\t\t<h2 class=\"elementor-heading-title elementor-size-default\">NTM 9. Una econom\u00eda gestionada por todos <\/h2>\t\t\t\t<\/div>\n\t\t\t\t<\/div>\n\t\t\t\t<div class=\"elementor-element elementor-element-8e6f01e elementor-widget elementor-widget-text-editor\" data-id=\"8e6f01e\" data-element_type=\"widget\" data-e-type=\"widget\" data-widget_type=\"text-editor.default\">\n\t\t\t\t<div class=\"elementor-widget-container\">\n\t\t\t\t\t\t\t\t\t<p>TIEMPO: 15:12 min<\/p>\t\t\t\t\t\t\t\t<\/div>\n\t\t\t\t<\/div>\n\t\t\t\t<div class=\"elementor-element elementor-element-4f95b71 elementor-widget elementor-widget-text-editor\" data-id=\"4f95b71\" data-element_type=\"widget\" data-e-type=\"widget\" data-widget_type=\"text-editor.default\">\n\t\t\t\t<div class=\"elementor-widget-container\">\n\t\t\t\t\t\t\t\t\t<p><strong>Noveno cap\u00edtulo de la serie \u00abNo Tenemos Miedo\u00bb.\u00a0<\/strong>La econom\u00eda no puede estar en manos de unos pocos que utilicen a los gobernantes para que se lo administren como hac\u00eda la monarqu\u00eda absolutista. Los ciudadanos, desde la pol\u00edtica, deben gestionar la econom\u00eda con una democracia participativa. La econom\u00eda y la pol\u00edtica tienen que beneficiar a la mayor\u00eda y tienen que ser controladas por los ciudadanos. Nadie puede quedar fuera del sistema.<\/p>\t\t\t\t\t\t\t\t<\/div>\n\t\t\t\t<\/div>\n\t\t\t\t\t<\/div>\n\t\t<\/div>\n\t\t\t\t<div class=\"elementor-column elementor-col-66 elementor-top-column elementor-element elementor-element-373987e\" data-id=\"373987e\" data-element_type=\"column\" data-e-type=\"column\">\n\t\t\t<div class=\"elementor-widget-wrap elementor-element-populated\">\n\t\t\t\t\t\t<div class=\"elementor-element elementor-element-e5d41d3 elementor-widget elementor-widget-video\" data-id=\"e5d41d3\" data-element_type=\"widget\" data-e-type=\"widget\" data-settings=\"{&quot;youtube_url&quot;:&quot;https:\\\/\\\/youtu.be\\\/DaIZLtrsOwA&quot;,&quot;video_type&quot;:&quot;youtube&quot;,&quot;controls&quot;:&quot;yes&quot;}\" data-widget_type=\"video.default\">\n\t\t\t\t<div class=\"elementor-widget-container\">\n\t\t\t\t\t\t\t<div class=\"elementor-wrapper elementor-open-inline\">\n\t\t\t<div class=\"elementor-video\"><\/div>\t\t<\/div>\n\t\t\t\t\t\t<\/div>\n\t\t\t\t<\/div>\n\t\t\t\t\t<\/div>\n\t\t<\/div>\n\t\t\t\t\t<\/div>\n\t\t<\/section>\n\t\t\t\t<section class=\"elementor-section elementor-top-section elementor-element elementor-element-0000367 elementor-section-boxed elementor-section-height-default elementor-section-height-default\" data-id=\"0000367\" data-element_type=\"section\" data-e-type=\"section\">\n\t\t\t\t\t\t<div class=\"elementor-container elementor-column-gap-default\">\n\t\t\t\t\t<div class=\"elementor-column elementor-col-100 elementor-top-column elementor-element elementor-element-f0f9292\" data-id=\"f0f9292\" data-element_type=\"column\" data-e-type=\"column\">\n\t\t\t<div class=\"elementor-widget-wrap\">\n\t\t\t\t\t\t\t<\/div>\n\t\t<\/div>\n\t\t\t\t\t<\/div>\n\t\t<\/section>\n\t\t\t\t<\/div>\n\t\t","protected":false},"excerpt":{"rendered":"<p>COMPROMISO Nuestro estar en el mundo no s\u00f3lo implica tener una tarea para estar ocupados y forjar una serie de relaciones humanas que nos ayuden a estar engarzados y escapar as\u00ed de la fragilidad individual y del individualismo ego\u00edsta y enfermizo. Nuestro estar en el mundo implica un compromiso: mejorarlo. Es muy vieja ya la [&hellip;]<\/p>\n","protected":false},"author":1,"featured_media":341,"parent":0,"menu_order":0,"comment_status":"closed","ping_status":"closed","template":"","meta":{"jetpack_post_was_ever_published":false,"footnotes":""},"class_list":["post-499","page","type-page","status-publish","has-post-thumbnail","hentry"],"yoast_head":"<!-- This site is optimized with the Yoast SEO plugin v27.4 - https:\/\/yoast.com\/product\/yoast-seo-wordpress\/ -->\n<title>MIRANDO CON CONOCIMIENTO - SANDALIO WEBSITE<\/title>\n<meta name=\"robots\" content=\"index, follow, max-snippet:-1, max-image-preview:large, max-video-preview:-1\" \/>\n<link rel=\"canonical\" href=\"https:\/\/sandalio.org\/sw\/mirando-con-conocimiento\/\" \/>\n<meta property=\"og:locale\" content=\"es_ES\" \/>\n<meta property=\"og:type\" content=\"article\" \/>\n<meta property=\"og:title\" content=\"MIRANDO CON CONOCIMIENTO - SANDALIO WEBSITE\" \/>\n<meta property=\"og:description\" content=\"COMPROMISO Nuestro estar en el mundo no s\u00f3lo implica tener una tarea para estar ocupados y forjar una serie de relaciones humanas que nos ayuden a estar engarzados y escapar as\u00ed de la fragilidad individual y del individualismo ego\u00edsta y enfermizo. Nuestro estar en el mundo implica un compromiso: mejorarlo. Es muy vieja ya la [&hellip;]\" \/>\n<meta property=\"og:url\" content=\"https:\/\/sandalio.org\/sw\/mirando-con-conocimiento\/\" \/>\n<meta property=\"og:site_name\" content=\"SANDALIO WEBSITE\" \/>\n<meta property=\"article:modified_time\" content=\"2022-08-31T17:18:07+00:00\" \/>\n<meta property=\"og:image\" content=\"https:\/\/i0.wp.com\/sandalio.org\/sw\/wp-content\/uploads\/2020\/11\/100_0248-scaled.jpg?fit=2560%2C1920&ssl=1\" \/>\n\t<meta property=\"og:image:width\" content=\"2560\" \/>\n\t<meta property=\"og:image:height\" content=\"1920\" \/>\n\t<meta property=\"og:image:type\" content=\"image\/jpeg\" \/>\n<meta name=\"twitter:card\" content=\"summary_large_image\" \/>\n<meta name=\"twitter:label1\" content=\"Tiempo de lectura\" \/>\n\t<meta name=\"twitter:data1\" content=\"18 minutos\" \/>\n<script type=\"application\/ld+json\" class=\"yoast-schema-graph\">{\"@context\":\"https:\\\/\\\/schema.org\",\"@graph\":[{\"@type\":\"WebPage\",\"@id\":\"https:\\\/\\\/sandalio.org\\\/sw\\\/mirando-con-conocimiento\\\/\",\"url\":\"https:\\\/\\\/sandalio.org\\\/sw\\\/mirando-con-conocimiento\\\/\",\"name\":\"MIRANDO CON CONOCIMIENTO - SANDALIO WEBSITE\",\"isPartOf\":{\"@id\":\"https:\\\/\\\/sandalio.org\\\/sw\\\/#website\"},\"primaryImageOfPage\":{\"@id\":\"https:\\\/\\\/sandalio.org\\\/sw\\\/mirando-con-conocimiento\\\/#primaryimage\"},\"image\":{\"@id\":\"https:\\\/\\\/sandalio.org\\\/sw\\\/mirando-con-conocimiento\\\/#primaryimage\"},\"thumbnailUrl\":\"https:\\\/\\\/i0.wp.com\\\/sandalio.org\\\/sw\\\/wp-content\\\/uploads\\\/2020\\\/11\\\/100_0248-scaled.jpg?fit=2560%2C1920&ssl=1\",\"datePublished\":\"2021-02-18T18:29:23+00:00\",\"dateModified\":\"2022-08-31T17:18:07+00:00\",\"breadcrumb\":{\"@id\":\"https:\\\/\\\/sandalio.org\\\/sw\\\/mirando-con-conocimiento\\\/#breadcrumb\"},\"inLanguage\":\"es\",\"potentialAction\":[{\"@type\":\"ReadAction\",\"target\":[\"https:\\\/\\\/sandalio.org\\\/sw\\\/mirando-con-conocimiento\\\/\"]}]},{\"@type\":\"ImageObject\",\"inLanguage\":\"es\",\"@id\":\"https:\\\/\\\/sandalio.org\\\/sw\\\/mirando-con-conocimiento\\\/#primaryimage\",\"url\":\"https:\\\/\\\/i0.wp.com\\\/sandalio.org\\\/sw\\\/wp-content\\\/uploads\\\/2020\\\/11\\\/100_0248-scaled.jpg?fit=2560%2C1920&ssl=1\",\"contentUrl\":\"https:\\\/\\\/i0.wp.com\\\/sandalio.org\\\/sw\\\/wp-content\\\/uploads\\\/2020\\\/11\\\/100_0248-scaled.jpg?fit=2560%2C1920&ssl=1\",\"width\":2560,\"height\":1920},{\"@type\":\"BreadcrumbList\",\"@id\":\"https:\\\/\\\/sandalio.org\\\/sw\\\/mirando-con-conocimiento\\\/#breadcrumb\",\"itemListElement\":[{\"@type\":\"ListItem\",\"position\":1,\"name\":\"Portada\",\"item\":\"https:\\\/\\\/sandalio.org\\\/sw\\\/\"},{\"@type\":\"ListItem\",\"position\":2,\"name\":\"MIRANDO CON CONOCIMIENTO\"}]},{\"@type\":\"WebSite\",\"@id\":\"https:\\\/\\\/sandalio.org\\\/sw\\\/#website\",\"url\":\"https:\\\/\\\/sandalio.org\\\/sw\\\/\",\"name\":\"SANDALIO WEBSITE\",\"description\":\"SANDALIO - LU\u00cdS CAMPUZANO\",\"publisher\":{\"@id\":\"https:\\\/\\\/sandalio.org\\\/sw\\\/#organization\"},\"potentialAction\":[{\"@type\":\"SearchAction\",\"target\":{\"@type\":\"EntryPoint\",\"urlTemplate\":\"https:\\\/\\\/sandalio.org\\\/sw\\\/?s={search_term_string}\"},\"query-input\":{\"@type\":\"PropertyValueSpecification\",\"valueRequired\":true,\"valueName\":\"search_term_string\"}}],\"inLanguage\":\"es\"},{\"@type\":\"Organization\",\"@id\":\"https:\\\/\\\/sandalio.org\\\/sw\\\/#organization\",\"name\":\"SANDALIO WEBSITE\",\"url\":\"https:\\\/\\\/sandalio.org\\\/sw\\\/\",\"logo\":{\"@type\":\"ImageObject\",\"inLanguage\":\"es\",\"@id\":\"https:\\\/\\\/sandalio.org\\\/sw\\\/#\\\/schema\\\/logo\\\/image\\\/\",\"url\":\"https:\\\/\\\/i0.wp.com\\\/sandalio.org\\\/sw\\\/wp-content\\\/uploads\\\/2019\\\/01\\\/logoasociacion_cdfye_web.png?fit=600%2C597&ssl=1\",\"contentUrl\":\"https:\\\/\\\/i0.wp.com\\\/sandalio.org\\\/sw\\\/wp-content\\\/uploads\\\/2019\\\/01\\\/logoasociacion_cdfye_web.png?fit=600%2C597&ssl=1\",\"width\":600,\"height\":597,\"caption\":\"SANDALIO WEBSITE\"},\"image\":{\"@id\":\"https:\\\/\\\/sandalio.org\\\/sw\\\/#\\\/schema\\\/logo\\\/image\\\/\"}}]}<\/script>\n<!-- \/ Yoast SEO plugin. -->","yoast_head_json":{"title":"MIRANDO CON CONOCIMIENTO - SANDALIO WEBSITE","robots":{"index":"index","follow":"follow","max-snippet":"max-snippet:-1","max-image-preview":"max-image-preview:large","max-video-preview":"max-video-preview:-1"},"canonical":"https:\/\/sandalio.org\/sw\/mirando-con-conocimiento\/","og_locale":"es_ES","og_type":"article","og_title":"MIRANDO CON CONOCIMIENTO - SANDALIO WEBSITE","og_description":"COMPROMISO Nuestro estar en el mundo no s\u00f3lo implica tener una tarea para estar ocupados y forjar una serie de relaciones humanas que nos ayuden a estar engarzados y escapar as\u00ed de la fragilidad individual y del individualismo ego\u00edsta y enfermizo. Nuestro estar en el mundo implica un compromiso: mejorarlo. Es muy vieja ya la [&hellip;]","og_url":"https:\/\/sandalio.org\/sw\/mirando-con-conocimiento\/","og_site_name":"SANDALIO WEBSITE","article_modified_time":"2022-08-31T17:18:07+00:00","og_image":[{"width":2560,"height":1920,"url":"https:\/\/i0.wp.com\/sandalio.org\/sw\/wp-content\/uploads\/2020\/11\/100_0248-scaled.jpg?fit=2560%2C1920&ssl=1","type":"image\/jpeg"}],"twitter_card":"summary_large_image","twitter_misc":{"Tiempo de lectura":"18 minutos"},"schema":{"@context":"https:\/\/schema.org","@graph":[{"@type":"WebPage","@id":"https:\/\/sandalio.org\/sw\/mirando-con-conocimiento\/","url":"https:\/\/sandalio.org\/sw\/mirando-con-conocimiento\/","name":"MIRANDO CON CONOCIMIENTO - SANDALIO WEBSITE","isPartOf":{"@id":"https:\/\/sandalio.org\/sw\/#website"},"primaryImageOfPage":{"@id":"https:\/\/sandalio.org\/sw\/mirando-con-conocimiento\/#primaryimage"},"image":{"@id":"https:\/\/sandalio.org\/sw\/mirando-con-conocimiento\/#primaryimage"},"thumbnailUrl":"https:\/\/i0.wp.com\/sandalio.org\/sw\/wp-content\/uploads\/2020\/11\/100_0248-scaled.jpg?fit=2560%2C1920&ssl=1","datePublished":"2021-02-18T18:29:23+00:00","dateModified":"2022-08-31T17:18:07+00:00","breadcrumb":{"@id":"https:\/\/sandalio.org\/sw\/mirando-con-conocimiento\/#breadcrumb"},"inLanguage":"es","potentialAction":[{"@type":"ReadAction","target":["https:\/\/sandalio.org\/sw\/mirando-con-conocimiento\/"]}]},{"@type":"ImageObject","inLanguage":"es","@id":"https:\/\/sandalio.org\/sw\/mirando-con-conocimiento\/#primaryimage","url":"https:\/\/i0.wp.com\/sandalio.org\/sw\/wp-content\/uploads\/2020\/11\/100_0248-scaled.jpg?fit=2560%2C1920&ssl=1","contentUrl":"https:\/\/i0.wp.com\/sandalio.org\/sw\/wp-content\/uploads\/2020\/11\/100_0248-scaled.jpg?fit=2560%2C1920&ssl=1","width":2560,"height":1920},{"@type":"BreadcrumbList","@id":"https:\/\/sandalio.org\/sw\/mirando-con-conocimiento\/#breadcrumb","itemListElement":[{"@type":"ListItem","position":1,"name":"Portada","item":"https:\/\/sandalio.org\/sw\/"},{"@type":"ListItem","position":2,"name":"MIRANDO CON CONOCIMIENTO"}]},{"@type":"WebSite","@id":"https:\/\/sandalio.org\/sw\/#website","url":"https:\/\/sandalio.org\/sw\/","name":"SANDALIO WEBSITE","description":"SANDALIO - LU\u00cdS CAMPUZANO","publisher":{"@id":"https:\/\/sandalio.org\/sw\/#organization"},"potentialAction":[{"@type":"SearchAction","target":{"@type":"EntryPoint","urlTemplate":"https:\/\/sandalio.org\/sw\/?s={search_term_string}"},"query-input":{"@type":"PropertyValueSpecification","valueRequired":true,"valueName":"search_term_string"}}],"inLanguage":"es"},{"@type":"Organization","@id":"https:\/\/sandalio.org\/sw\/#organization","name":"SANDALIO WEBSITE","url":"https:\/\/sandalio.org\/sw\/","logo":{"@type":"ImageObject","inLanguage":"es","@id":"https:\/\/sandalio.org\/sw\/#\/schema\/logo\/image\/","url":"https:\/\/i0.wp.com\/sandalio.org\/sw\/wp-content\/uploads\/2019\/01\/logoasociacion_cdfye_web.png?fit=600%2C597&ssl=1","contentUrl":"https:\/\/i0.wp.com\/sandalio.org\/sw\/wp-content\/uploads\/2019\/01\/logoasociacion_cdfye_web.png?fit=600%2C597&ssl=1","width":600,"height":597,"caption":"SANDALIO WEBSITE"},"image":{"@id":"https:\/\/sandalio.org\/sw\/#\/schema\/logo\/image\/"}}]}},"jetpack_sharing_enabled":true,"jetpack_shortlink":"https:\/\/wp.me\/PabpdT-83","jetpack-related-posts":[{"id":615,"url":"https:\/\/sandalio.org\/sw\/una-escuela-para-grupos\/","url_meta":{"origin":499,"position":0},"title":"UNA ESCUELA PARA  GRUPOS","author":"kalonso","date":"18 marzo, 2021","format":false,"excerpt":"\"NO IMPORTA LA EDAD NI LAS CAPACIDADESSINO LA OPOTUNIDADY TODO LO QUE INESPERADAMENTE NOS TRAE\" Cuando son grupos homog\u00e9neos (peque\u00f1os o grandes) los que est\u00e1n interesados en profundizar en esta materia, es importante ponerse de acuerdo en las expectativas de los que dirigen tales grupos para que nuestra colaboraci\u00f3n sea\u2026","rel":"","context":"Entrada similar","block_context":{"text":"Entrada similar","link":""},"img":{"alt_text":"","src":"https:\/\/i0.wp.com\/sandalio.org\/sw\/wp-content\/uploads\/2021\/03\/grupos-1.jpeg?fit=1200%2C800&ssl=1&resize=350%2C200","width":350,"height":200,"srcset":"https:\/\/i0.wp.com\/sandalio.org\/sw\/wp-content\/uploads\/2021\/03\/grupos-1.jpeg?fit=1200%2C800&ssl=1&resize=350%2C200 1x, https:\/\/i0.wp.com\/sandalio.org\/sw\/wp-content\/uploads\/2021\/03\/grupos-1.jpeg?fit=1200%2C800&ssl=1&resize=525%2C300 1.5x, https:\/\/i0.wp.com\/sandalio.org\/sw\/wp-content\/uploads\/2021\/03\/grupos-1.jpeg?fit=1200%2C800&ssl=1&resize=700%2C400 2x, https:\/\/i0.wp.com\/sandalio.org\/sw\/wp-content\/uploads\/2021\/03\/grupos-1.jpeg?fit=1200%2C800&ssl=1&resize=1050%2C600 3x"},"classes":[]},{"id":368,"url":"https:\/\/sandalio.org\/sw\/sintesis\/","url_meta":{"origin":499,"position":1},"title":"S\u00cdNTESIS","author":"kalonso","date":"10 diciembre, 2020","format":false,"excerpt":"Si tuviera que sintetizar la funci\u00f3n de esta Escuela podr\u00eda decir que es la ense\u00f1anza de una espiritualidad aut\u00e9nticamente universal y para el tiempo presente, que no se encuentre condicionada por determinada cultura, religi\u00f3n, tradiciones o tendencias. S\u00edntesis: limpieza previa, aprendizaje experiencial, aut\u00e9ntica identidad, compa\u00f1eros y tarea. Que s\u00f3lo pueden\u2026","rel":"","context":"Entrada similar","block_context":{"text":"Entrada similar","link":""},"img":{"alt_text":"","src":"https:\/\/i0.wp.com\/sandalio.org\/sw\/wp-content\/uploads\/2021\/03\/Le-Petit-Prince-Trailer-Sreenshot-10.jpeg?fit=1200%2C258&ssl=1&resize=350%2C200","width":350,"height":200,"srcset":"https:\/\/i0.wp.com\/sandalio.org\/sw\/wp-content\/uploads\/2021\/03\/Le-Petit-Prince-Trailer-Sreenshot-10.jpeg?fit=1200%2C258&ssl=1&resize=350%2C200 1x, https:\/\/i0.wp.com\/sandalio.org\/sw\/wp-content\/uploads\/2021\/03\/Le-Petit-Prince-Trailer-Sreenshot-10.jpeg?fit=1200%2C258&ssl=1&resize=525%2C300 1.5x, https:\/\/i0.wp.com\/sandalio.org\/sw\/wp-content\/uploads\/2021\/03\/Le-Petit-Prince-Trailer-Sreenshot-10.jpeg?fit=1200%2C258&ssl=1&resize=700%2C400 2x, https:\/\/i0.wp.com\/sandalio.org\/sw\/wp-content\/uploads\/2021\/03\/Le-Petit-Prince-Trailer-Sreenshot-10.jpeg?fit=1200%2C258&ssl=1&resize=1050%2C600 3x"},"classes":[]},{"id":614,"url":"https:\/\/sandalio.org\/sw\/para-aprendices-y-buscadores-compartir-experiencias\/","url_meta":{"origin":499,"position":2},"title":"Para APRENDICES Y BUSCADORES: compartir experiencias\u200b","author":"kalonso","date":"18 marzo, 2021","format":false,"excerpt":"\"LO QUE NO VALE PARA TODOS... REALMENTE VALE MUY POCO\" La experiencia nos dice que la sociedad actual, por lo menos en esta cultura occidental que nos ha tocado vivir, ha desplegado todos sus recursos para vaciar a los seres humanos de su propia\u00a0IDENTIDAD, donde radica su\u00a0autenticidad\u00a0y su\u00a0fuerza,\u00a0y convertirlos en\u2026","rel":"","context":"Entrada similar","block_context":{"text":"Entrada similar","link":""},"img":{"alt_text":"","src":"https:\/\/i0.wp.com\/sandalio.org\/sw\/wp-content\/uploads\/2021\/03\/buscador-scaled.jpg?fit=1200%2C800&ssl=1&resize=350%2C200","width":350,"height":200,"srcset":"https:\/\/i0.wp.com\/sandalio.org\/sw\/wp-content\/uploads\/2021\/03\/buscador-scaled.jpg?fit=1200%2C800&ssl=1&resize=350%2C200 1x, https:\/\/i0.wp.com\/sandalio.org\/sw\/wp-content\/uploads\/2021\/03\/buscador-scaled.jpg?fit=1200%2C800&ssl=1&resize=525%2C300 1.5x, https:\/\/i0.wp.com\/sandalio.org\/sw\/wp-content\/uploads\/2021\/03\/buscador-scaled.jpg?fit=1200%2C800&ssl=1&resize=700%2C400 2x, https:\/\/i0.wp.com\/sandalio.org\/sw\/wp-content\/uploads\/2021\/03\/buscador-scaled.jpg?fit=1200%2C800&ssl=1&resize=1050%2C600 3x"},"classes":[]},{"id":572,"url":"https:\/\/sandalio.org\/sw\/ley-y-carcel\/","url_meta":{"origin":499,"position":3},"title":"LEY Y C\u00c1RCEL","author":"kalonso","date":"18 febrero, 2021","format":false,"excerpt":"Vamos a comenzar este apartado sobre lo muy diferente que se ve la\u00a0realidad, ya sea del Sistema penal (la LEY) o del Sistema Penitenciario (la\u00a0CARCEL) seg\u00fan sea la perspectiva desde donde cada uno las mire.Por eso vamos a comenzar con tres art\u00edculos aparecidos en la revista CR\u00cdTICA (n\u00ba 973, mayo\u2026","rel":"","context":"Entrada similar","block_context":{"text":"Entrada similar","link":""},"img":{"alt_text":"","src":"https:\/\/i0.wp.com\/sandalio.org\/sw\/wp-content\/uploads\/2021\/03\/leycarcel-portada-e1616089173710.png?fit=941%2C477&ssl=1&resize=350%2C200","width":350,"height":200,"srcset":"https:\/\/i0.wp.com\/sandalio.org\/sw\/wp-content\/uploads\/2021\/03\/leycarcel-portada-e1616089173710.png?fit=941%2C477&ssl=1&resize=350%2C200 1x, https:\/\/i0.wp.com\/sandalio.org\/sw\/wp-content\/uploads\/2021\/03\/leycarcel-portada-e1616089173710.png?fit=941%2C477&ssl=1&resize=525%2C300 1.5x, https:\/\/i0.wp.com\/sandalio.org\/sw\/wp-content\/uploads\/2021\/03\/leycarcel-portada-e1616089173710.png?fit=941%2C477&ssl=1&resize=700%2C400 2x"},"classes":[]},{"id":28,"url":"https:\/\/sandalio.org\/sw\/aire-puro\/","url_meta":{"origin":499,"position":4},"title":"AIRE PURO","author":"kalonso","date":"4 enero, 2019","format":false,"excerpt":"En nuestro mundo occidental hay -en muchas personas- una gran necesidad de recuperar el esp\u00edritu y elevarse hacia las cumbres de la vida, para mirar desde otra perspectiva los acontecimientos que ocurren a nuestro alrededor y en nuestra propia realidad. Esta necesidad se hace m\u00e1s dif\u00edcil de satisfacer cuanto m\u00e1s\u2026","rel":"","context":"Entrada similar","block_context":{"text":"Entrada similar","link":""},"img":{"alt_text":"","src":"https:\/\/i0.wp.com\/sandalio.org\/sw\/wp-content\/uploads\/2020\/08\/airepuro.jpg?fit=1200%2C764&ssl=1&resize=350%2C200","width":350,"height":200,"srcset":"https:\/\/i0.wp.com\/sandalio.org\/sw\/wp-content\/uploads\/2020\/08\/airepuro.jpg?fit=1200%2C764&ssl=1&resize=350%2C200 1x, https:\/\/i0.wp.com\/sandalio.org\/sw\/wp-content\/uploads\/2020\/08\/airepuro.jpg?fit=1200%2C764&ssl=1&resize=525%2C300 1.5x, https:\/\/i0.wp.com\/sandalio.org\/sw\/wp-content\/uploads\/2020\/08\/airepuro.jpg?fit=1200%2C764&ssl=1&resize=700%2C400 2x, https:\/\/i0.wp.com\/sandalio.org\/sw\/wp-content\/uploads\/2020\/08\/airepuro.jpg?fit=1200%2C764&ssl=1&resize=1050%2C600 3x"},"classes":[]},{"id":616,"url":"https:\/\/sandalio.org\/sw\/recursos-de-la-escuela-de-espiritualidad\/","url_meta":{"origin":499,"position":5},"title":"RECURSOS DE LA ESCUELA DE ESPIRITUALIDAD","author":"kalonso","date":"18 marzo, 2021","format":false,"excerpt":"Se ir\u00e1n a\u00f1adiendo m\u00e1s poco a poco... AUDIO-LIBROS:Serie de 4 cintas dialogadas con canciones y m\u00fasica intercaladas para despertar y alimentar la inquietud espiritual, ofrecer pautas para el camino de b\u00fasqueda de autenticidad y caminar hacia la comunidad. 1.- \u201cAmigo...\u00bfA d\u00f3nde vas?\u201dPrimera de la serie, dirigida a pararse y pensar\u2026","rel":"","context":"Entrada similar","block_context":{"text":"Entrada similar","link":""},"img":{"alt_text":"","src":"https:\/\/i0.wp.com\/sandalio.org\/sw\/wp-content\/uploads\/2021\/03\/LAPICES-scaled.jpg?fit=1200%2C577&ssl=1&resize=350%2C200","width":350,"height":200,"srcset":"https:\/\/i0.wp.com\/sandalio.org\/sw\/wp-content\/uploads\/2021\/03\/LAPICES-scaled.jpg?fit=1200%2C577&ssl=1&resize=350%2C200 1x, https:\/\/i0.wp.com\/sandalio.org\/sw\/wp-content\/uploads\/2021\/03\/LAPICES-scaled.jpg?fit=1200%2C577&ssl=1&resize=525%2C300 1.5x, https:\/\/i0.wp.com\/sandalio.org\/sw\/wp-content\/uploads\/2021\/03\/LAPICES-scaled.jpg?fit=1200%2C577&ssl=1&resize=700%2C400 2x, https:\/\/i0.wp.com\/sandalio.org\/sw\/wp-content\/uploads\/2021\/03\/LAPICES-scaled.jpg?fit=1200%2C577&ssl=1&resize=1050%2C600 3x"},"classes":[]}],"_links":{"self":[{"href":"https:\/\/sandalio.org\/sw\/wp-json\/wp\/v2\/pages\/499","targetHints":{"allow":["GET"]}}],"collection":[{"href":"https:\/\/sandalio.org\/sw\/wp-json\/wp\/v2\/pages"}],"about":[{"href":"https:\/\/sandalio.org\/sw\/wp-json\/wp\/v2\/types\/page"}],"author":[{"embeddable":true,"href":"https:\/\/sandalio.org\/sw\/wp-json\/wp\/v2\/users\/1"}],"replies":[{"embeddable":true,"href":"https:\/\/sandalio.org\/sw\/wp-json\/wp\/v2\/comments?post=499"}],"version-history":[{"count":61,"href":"https:\/\/sandalio.org\/sw\/wp-json\/wp\/v2\/pages\/499\/revisions"}],"predecessor-version":[{"id":941,"href":"https:\/\/sandalio.org\/sw\/wp-json\/wp\/v2\/pages\/499\/revisions\/941"}],"wp:featuredmedia":[{"embeddable":true,"href":"https:\/\/sandalio.org\/sw\/wp-json\/wp\/v2\/media\/341"}],"wp:attachment":[{"href":"https:\/\/sandalio.org\/sw\/wp-json\/wp\/v2\/media?parent=499"}],"curies":[{"name":"wp","href":"https:\/\/api.w.org\/{rel}","templated":true}]}}